{"id":134,"date":"2010-09-15T14:46:27","date_gmt":"2010-09-15T12:46:27","guid":{"rendered":"http:\/\/www.gesw.de\/?page_id=134"},"modified":"2025-11-27T15:02:00","modified_gmt":"2025-11-27T13:02:00","slug":"mitarbeit","status":"publish","type":"page","link":"https:\/\/www.gesw.de\/index.php\/unser-team\/mitarbeit\/","title":{"rendered":"Mitarbeiter*innen"},"content":{"rendered":"<table>\n<tbody>\n<tr>\n<td colspan=\"2\">\n<h3 style=\"text-align: center;\">Wissenschaftlich-P\u00e4dagogische Mitarbeitende<\/h3>\n<\/td>\n<\/tr>\n<tr>\n<td style=\"text-align: center;\"><a href=\"http:\/\/www.gesw.de\/index.php\/unser-team\/mitarbeit\/schuesselbauer\/\"><strong>Dr. Gerhard Sch\u00fcsselbauer<\/strong><\/a><br \/>\nLeiter, Dozent<\/td>\n<td><a href=\"https:\/\/www.gesw.de\/uploads\/schuesselbauer_hg_012-1.jpg\" data-rel=\"lightbox-image-0\" data-imagelightbox=\"0\" data-rl_title=\"\" data-rl_caption=\"\" title=\"\"><img loading=\"lazy\" decoding=\"async\" class=\"aligncenter wp-image-2225\" src=\"http:\/\/www.gesw.de\/uploads\/schuesselbauer_hg_012-1-300x300.jpg\" alt=\"\" width=\"200\" height=\"200\"><\/a><\/td>\n<\/tr>\n<tr>\n<td style=\"text-align: center;\"><a href=\"http:\/\/www.gesw.de\/index.php\/unser-team\/mitarbeit\/engelage\/\"><strong>Navina Engelage<\/strong><\/a><br \/>\nStellv. Leiterin, Dozentin<\/td>\n<td><a href=\"https:\/\/www.gesw.de\/uploads\/engelage_hg_003-1.jpg\" data-rel=\"lightbox-image-1\" data-imagelightbox=\"1\" data-rl_title=\"\" data-rl_caption=\"\" title=\"\"><img loading=\"lazy\" decoding=\"async\" class=\"aligncenter wp-image-2216\" src=\"http:\/\/www.gesw.de\/uploads\/engelage_hg_003-1-300x300.jpg\" alt=\"\" width=\"202\" height=\"202\" srcset=\"https:\/\/www.gesw.de\/uploads\/engelage_hg_003-1-300x300.jpg 300w, https:\/\/www.gesw.de\/uploads\/engelage_hg_003-1-150x150.jpg 150w, https:\/\/www.gesw.de\/uploads\/engelage_hg_003-1-768x768.jpg 768w, https:\/\/www.gesw.de\/uploads\/engelage_hg_003-1.jpg 800w\" sizes=\"auto, (max-width: 202px) 100vw, 202px\" \/><\/a><\/td>\n<\/tr>\n<tr>\n<td style=\"text-align: center;\"><a href=\"https:\/\/www.gesw.de\/index.php\/unser-team\/mitarbeit\/laureen-hannig-m-a\/\"><strong>Laureen Hannig<\/strong><\/a><br \/>\nDozentin<\/td>\n<td style=\"text-align: center;\"><img loading=\"lazy\" decoding=\"async\" class=\"aligncenter  wp-image-5160\" src=\"https:\/\/www.gesw.de\/uploads\/Laureen-e1764248193295-300x293.png\" alt=\"\" width=\"200\" height=\"196\" srcset=\"https:\/\/www.gesw.de\/uploads\/Laureen-e1764248193295-300x293.png 300w, https:\/\/www.gesw.de\/uploads\/Laureen-e1764248193295.png 461w\" sizes=\"auto, (max-width: 200px) 100vw, 200px\" \/><\/td>\n<\/tr>\n<\/tbody>\n<\/table>\n<table>\n<tbody>\n<tr>\n<td colspan=\"2\">\n<h3 style=\"text-align: center;\">Verwaltung<\/h3>\n<\/td>\n<\/tr>\n<tr>\n<td style=\"text-align: center;\"><strong><a href=\"mailto:martina.karner@gesw.de\">Martina Karner<\/a><\/strong><br \/>\nSeminarb\u00fcro und Heimleitung<\/td>\n<td><a href=\"https:\/\/www.gesw.de\/uploads\/karner_hg_006-1.jpg\" data-rel=\"lightbox-image-2\" data-imagelightbox=\"2\" data-rl_title=\"\" data-rl_caption=\"\" title=\"\"><img loading=\"lazy\" decoding=\"async\" class=\"aligncenter wp-image-2219\" src=\"http:\/\/www.gesw.de\/uploads\/karner_hg_006-1-300x300.jpg\" alt=\"\" width=\"200\" height=\"200\" srcset=\"https:\/\/www.gesw.de\/uploads\/karner_hg_006-1-300x300.jpg 300w, https:\/\/www.gesw.de\/uploads\/karner_hg_006-1-150x150.jpg 150w, https:\/\/www.gesw.de\/uploads\/karner_hg_006-1-768x768.jpg 768w, https:\/\/www.gesw.de\/uploads\/karner_hg_006-1.jpg 800w\" sizes=\"auto, (max-width: 200px) 100vw, 200px\" \/><\/a><\/td>\n<\/tr>\n<tr>\n<td style=\"text-align: center;\"><a href=\"mailto:david.tilgner@gesw.de\"><strong>David Tilgner<\/strong><\/a><br \/>\nVerwaltungsleitung und Finanzverwaltung<\/td>\n<td><img loading=\"lazy\" decoding=\"async\" class=\"aligncenter wp-image-4912\" src=\"https:\/\/www.gesw.de\/uploads\/David-Tilgner-1-300x300.png\" alt=\"\" width=\"200\" height=\"200\" srcset=\"https:\/\/www.gesw.de\/uploads\/David-Tilgner-1-300x300.png 300w, https:\/\/www.gesw.de\/uploads\/David-Tilgner-1-1024x1024.png 1024w, https:\/\/www.gesw.de\/uploads\/David-Tilgner-1-150x150.png 150w, https:\/\/www.gesw.de\/uploads\/David-Tilgner-1-768x768.png 768w, https:\/\/www.gesw.de\/uploads\/David-Tilgner-1-1536x1536.png 1536w, https:\/\/www.gesw.de\/uploads\/David-Tilgner-1-2048x2048.png 2048w\" sizes=\"auto, (max-width: 200px) 100vw, 200px\" \/><\/td>\n<\/tr>\n<tr>\n<td style=\"text-align: center;\">&nbsp;<\/td>\n<td>&nbsp;<\/td>\n<\/tr>\n<\/tbody>\n<\/table>\n<table>\n<tbody>\n<tr>\n<td colspan=\"2\" width=\"607\">\n<h3 style=\"text-align: center;\"><strong>Hauswirtschaft<\/strong><\/h3>\n<\/td>\n<\/tr>\n<tr>\n<td style=\"text-align: center;\" width=\"266\"><strong><a href=\"mailto:petra.klug@gesw.de\">Petra Klug<\/a><\/strong><br \/>\nHauswirtschaftsleitung<\/td>\n<td width=\"338\"><a href=\"https:\/\/www.gesw.de\/uploads\/klug_hg_007-1.jpg\" data-rel=\"lightbox-image-3\" data-imagelightbox=\"3\" data-rl_title=\"\" data-rl_caption=\"\" title=\"\"><img loading=\"lazy\" decoding=\"async\" class=\"aligncenter wp-image-2220\" src=\"http:\/\/www.gesw.de\/uploads\/klug_hg_007-1-300x300.jpg\" alt=\"\" width=\"200\" height=\"200\" srcset=\"https:\/\/www.gesw.de\/uploads\/klug_hg_007-1-300x300.jpg 300w, https:\/\/www.gesw.de\/uploads\/klug_hg_007-1-150x150.jpg 150w, https:\/\/www.gesw.de\/uploads\/klug_hg_007-1-768x768.jpg 768w, https:\/\/www.gesw.de\/uploads\/klug_hg_007-1.jpg 800w\" sizes=\"auto, (max-width: 200px) 100vw, 200px\" \/><\/a><\/td>\n<\/tr>\n<tr>\n<td style=\"text-align: center;\" width=\"266\">&nbsp;<\/td>\n<td width=\"338\">&nbsp;<\/td>\n<\/tr>\n<tr>\n<td style=\"text-align: center;\" width=\"266\"><strong>Dorota Peltner<\/strong><br \/>\nK\u00fcche<\/td>\n<td width=\"338\"><a href=\"https:\/\/www.gesw.de\/uploads\/peltner_hg_009-1.jpg\" data-rel=\"lightbox-image-4\" data-imagelightbox=\"4\" data-rl_title=\"\" data-rl_caption=\"\" title=\"\"><img loading=\"lazy\" decoding=\"async\" class=\"aligncenter wp-image-2222\" src=\"http:\/\/www.gesw.de\/uploads\/peltner_hg_009-1-300x300.jpg\" alt=\"\" width=\"200\" height=\"200\" srcset=\"https:\/\/www.gesw.de\/uploads\/peltner_hg_009-1-300x300.jpg 300w, https:\/\/www.gesw.de\/uploads\/peltner_hg_009-1-150x150.jpg 150w, https:\/\/www.gesw.de\/uploads\/peltner_hg_009-1-768x768.jpg 768w, https:\/\/www.gesw.de\/uploads\/peltner_hg_009-1.jpg 800w\" sizes=\"auto, (max-width: 200px) 100vw, 200px\" \/><\/a><\/td>\n<\/tr>\n<tr>\n<td style=\"text-align: center;\" width=\"266\"><strong>Susanne Sch\u00fcrmann-Kr\u00f6ger<br \/>\n<\/strong>Raumpflege<\/td>\n<td width=\"338\"><a href=\"https:\/\/www.gesw.de\/uploads\/Schuermann-Kroeger_hg_011-1.jpg\" data-rel=\"lightbox-image-5\" data-imagelightbox=\"5\" data-rl_title=\"\" data-rl_caption=\"\" title=\"\"><img loading=\"lazy\" decoding=\"async\" class=\"aligncenter wp-image-2224\" src=\"http:\/\/www.gesw.de\/uploads\/Schuermann-Kroeger_hg_011-1-300x300.jpg\" alt=\"\" width=\"200\" height=\"200\" srcset=\"https:\/\/www.gesw.de\/uploads\/Schuermann-Kroeger_hg_011-1-300x300.jpg 300w, https:\/\/www.gesw.de\/uploads\/Schuermann-Kroeger_hg_011-1-150x150.jpg 150w, https:\/\/www.gesw.de\/uploads\/Schuermann-Kroeger_hg_011-1-768x768.jpg 768w, https:\/\/www.gesw.de\/uploads\/Schuermann-Kroeger_hg_011-1.jpg 800w\" sizes=\"auto, (max-width: 200px) 100vw, 200px\" \/><\/a><\/td>\n<\/tr>\n<tr>\n<td style=\"text-align: center;\" width=\"266\"><strong>Irina Mass<\/strong><br \/>\nRaumpflege<\/td>\n<td width=\"338\"><img loading=\"lazy\" decoding=\"async\" class=\"aligncenter wp-image-1553 \" src=\"https:\/\/www.gesw.de\/uploads\/fotofolgt1-300x300.png\" alt=\"\" width=\"200\" height=\"194\"><\/td>\n<\/tr>\n<tr>\n<td style=\"text-align: center;\" width=\"266\"><strong>Robbert van Elfern<\/strong><br \/>\nHausmeister<\/td>\n<td width=\"338\"><img loading=\"lazy\" decoding=\"async\" class=\"aligncenter wp-image-1554\" src=\"http:\/\/www.gesw.de\/uploads\/fotofolgt2-300x300.png\" alt=\"\" width=\"200\" height=\"200\" srcset=\"https:\/\/www.gesw.de\/uploads\/fotofolgt2-300x300.png 300w, https:\/\/www.gesw.de\/uploads\/fotofolgt2-150x150.png 150w, https:\/\/www.gesw.de\/uploads\/fotofolgt2.png 600w\" sizes=\"auto, (max-width: 200px) 100vw, 200px\" \/><\/td>\n<\/tr>\n<tr>\n<td style=\"text-align: center;\" width=\"266\"><strong>Georg Mittmann<\/strong><br \/>\nG\u00e4rtner<\/td>\n<td width=\"338\"><img loading=\"lazy\" decoding=\"async\" class=\"aligncenter wp-image-1554\" src=\"http:\/\/www.gesw.de\/uploads\/fotofolgt2-300x300.png\" alt=\"\" width=\"200\" height=\"200\" srcset=\"https:\/\/www.gesw.de\/uploads\/fotofolgt2-300x300.png 300w, https:\/\/www.gesw.de\/uploads\/fotofolgt2-150x150.png 150w, https:\/\/www.gesw.de\/uploads\/fotofolgt2.png 600w\" sizes=\"auto, (max-width: 200px) 100vw, 200px\" \/><\/td>\n<\/tr>\n<\/tbody>\n<\/table>\n","protected":false},"excerpt":{"rendered":"<p>Wissenschaftlich-P\u00e4dagogische Mitarbeitende Dr. Gerhard Sch\u00fcsselbauer Leiter, Dozent Navina Engelage Stellv. Leiterin, Dozentin Laureen Hannig Dozentin Verwaltung Martina Karner Seminarb\u00fcro und Heimleitung David Tilgner Verwaltungsleitung und Finanzverwaltung &nbsp; &nbsp; Hauswirtschaft Petra Klug Hauswirtschaftsleitung &nbsp; &nbsp; Dorota Peltner K\u00fcche Susanne Sch\u00fcrmann-Kr\u00f6ger Raumpflege Irina Mass Raumpflege Robbert van Elfern Hausmeister Georg Mittmann G\u00e4rtner<\/p>\n","protected":false},"author":1,"featured_media":0,"parent":1718,"menu_order":1,"comment_status":"closed","ping_status":"open","template":"","meta":{"ngg_post_thumbnail":0,"generate_page_header":"","footnotes":""},"class_list":["post-134","page","type-page","status-publish"],"_links":{"self":[{"href":"https:\/\/www.gesw.de\/index.php\/wp-json\/wp\/v2\/pages\/134","targetHints":{"allow":["GET"]}}],"collection":[{"href":"https:\/\/www.gesw.de\/index.php\/wp-json\/wp\/v2\/pages"}],"about":[{"href":"https:\/\/www.gesw.de\/index.php\/wp-json\/wp\/v2\/types\/page"}],"author":[{"embeddable":true,"href":"https:\/\/www.gesw.de\/index.php\/wp-json\/wp\/v2\/users\/1"}],"replies":[{"embeddable":true,"href":"https:\/\/www.gesw.de\/index.php\/wp-json\/wp\/v2\/comments?post=134"}],"version-history":[{"count":124,"href":"https:\/\/www.gesw.de\/index.php\/wp-json\/wp\/v2\/pages\/134\/revisions"}],"predecessor-version":[{"id":5163,"href":"https:\/\/www.gesw.de\/index.php\/wp-json\/wp\/v2\/pages\/134\/revisions\/5163"}],"up":[{"embeddable":true,"href":"https:\/\/www.gesw.de\/index.php\/wp-json\/wp\/v2\/pages\/1718"}],"wp:attachment":[{"href":"https:\/\/www.gesw.de\/index.php\/wp-json\/wp\/v2\/media?parent=134"}],"curies":[{"name":"wp","href":"https:\/\/api.w.org\/{rel}","templated":true}]}}