{"id":2,"date":"2010-09-06T14:44:52","date_gmt":"2010-09-06T12:44:52","guid":{"rendered":"http:\/\/www.gesw.de\/?page_id=2"},"modified":"2025-02-03T23:21:07","modified_gmt":"2025-02-03T21:21:07","slug":"unser-haus","status":"publish","type":"page","link":"https:\/\/www.gesw.de\/index.php\/unser-haus\/","title":{"rendered":"Unser Haus"},"content":{"rendered":"\n<h3 class=\"wp-block-heading\"><strong>Das GESW &#8211; Verein, Bildungsst\u00e4tte und Tagungshaus<\/strong><\/h3>\n\n\n<div class=\"wp-block-image\">\n<figure class=\"alignright\"><a href=\"https:\/\/www.gesw.de\/uploads\/IMG_5830-korr-1.jpg\" data-rel=\"lightbox-image-0\" data-imagelightbox=\"0\" data-rl_title=\"\" data-rl_caption=\"\" title=\"\"><img loading=\"lazy\" decoding=\"async\" width=\"300\" height=\"198\" src=\"https:\/\/www.gesw.de\/uploads\/IMG_5830-korr-1-300x198.jpg\" alt=\"\" class=\"wp-image-2973\" srcset=\"https:\/\/www.gesw.de\/uploads\/IMG_5830-korr-1-300x198.jpg 300w, https:\/\/www.gesw.de\/uploads\/IMG_5830-korr-1-768x506.jpg 768w, https:\/\/www.gesw.de\/uploads\/IMG_5830-korr-1-1024x674.jpg 1024w\" sizes=\"auto, (max-width: 300px) 100vw, 300px\" \/><\/a><\/figure>\n<\/div>\n\n\n<p>Fu\u00dfl\u00e4ufig von Bahnhof und Weserhafen entfernt finden unsere 4 H\u00e4user, in denen wir Sie gerne willkommen hei\u00dfen. Das Studienwerk verf\u00fcgt \u00fcber ein modernes <a href=\"http:\/\/www.gesw.de\/index.php\/unser-haus\/seminarraeume\/\"><u>Seminargeb\u00e4ude<\/u><\/a>, in dem wir alle Anspr\u00fcchen an eine gelungene Tagung erf\u00fcllen k\u00f6nnen. Unsere 31 <a href=\"http:\/\/www.gesw.de\/index.php\/unser-haus\/uebernachtung\/\"><u>G\u00e4stezimmer <\/u><\/a>k\u00f6nnen au\u00dferdem bis zu 64 Personen beherbergen. Wir legen Wert auf eine gute, gesunde <a href=\"http:\/\/www.gesw.de\/index.php\/unser-haus\/verpflegung\/\"><u>Verpflegung <\/u><\/a>unserer G\u00e4ste. Haus und Umgebung bieten schlie\u00dflich eine F\u00fclle von <a href=\"http:\/\/www.gesw.de\/index.php\/unser-haus\/freizeitmoeglichkeiten\/\"><u>Freizeitm\u00f6glichkeiten<\/u><\/a>. In Erg\u00e4nzung zu unseren eigenen <a href=\"https:\/\/www.gesw.de\/index.php\/unsere-seminare\/\">Seminaren<\/a> stellen wir unsere <a href=\"https:\/\/www.gesw.de\/index.php\/unser-haus\/seminarraeume\/\">R\u00e4umlichkeiten <\/a>auch gerne Gastgruppen zur Verf\u00fcgung. <\/p>\n\n\n\n<p>Wir sind \u00f6ffentlich anerkannt als Tr\u00e4ger der freien Jugendhilfe nach dem Kinder- und Jugendhilfegesetz (KJHG) sowie als Einrichtung der Weiterbildung in anderer Tr\u00e4gerschaft nach dem Weiterbildungsgesetz des Landes Nordrhein-Westfalen (WbG).<\/p>\n\n\n\n<p>F\u00fcr unsere Arbeit erhalten wir <strong>F\u00f6rderung <\/strong>unter anderem von folgenden Stellen:<\/p>\n\n\n\n<ul class=\"wp-block-list\">\n<li>Kinder- und Jugendplan des Bundes <a href=\"https:\/\/www.bmfsfj.de\/bmfsfj\/aktuelles\/alle-meldungen\/richtlinien-des-kinder--und-jugendplans-des-bundes--kjp-richtlinien-\/86762?view=DEFAULT\">(KJP)<\/a><\/li>\n\n\n\n<li>Bundeszentrale f\u00fcr politische Bildung <a href=\"http:\/\/www.bpb.de\/\">(bpb)<\/a><\/li>\n\n\n\n<li>Ministerium f\u00fcr Kinder, Jugend, Familie, Gleichstellung, Flucht und Integration des Landes Nordrhein-Westfalen (MKJFGFI)<\/li>\n\n\n\n<li>Ministerium f\u00fcr Schule und Bildung des Landes Nordrhein-Westfalen <a href=\"https:\/\/www.schulministerium.nrw.de\/#rahmen\">(Schulministerium)<\/a><\/li>\n\n\n\n<li>Landschaftsverband\u00a0 Westfalen-Lippe <a href=\"http:\/\/www.lwl.org\/LWL\/Der_LWL\/\">(LWL)<\/a><\/li>\n<\/ul>\n\n\n\n<p>Das GESW e.V. ist auf Bundesebene in zwei <strong>Netzwerke<\/strong> eingebunden: <br>Es ist Mitglied im Arbeitskreis deutscher Bildungsst\u00e4tten e.V. <a href=\"http:\/\/www.adb.de\/\"><u>(AdB)<\/u><\/a> sowie Mitglied und Zentralstelle der Arbeitsgemeinschaft der Ost-West-Institute e.V. <a href=\"http:\/\/www.ost-west-institute.de\/\"><u>(OWI)<\/u><\/a>. Wichtige Grundlage der Zusammenarbeit innerhalb der AG OWI ist die Konzeption \u201eJugend f\u00fcr Gesamteuropa\u201c, die als bundeszentrale Ma\u00dfnahme im Rahmen der KJP-F\u00f6rderung anerkannt ist.<\/p>\n\n\n\n<p>Wir f\u00fchren dar\u00fcber hinaus <strong>Kooperationen<\/strong> mit zahlreichen Partnerinnen und Partnern aus Schulen, Hochschulen, Verb\u00e4nden, Betrieben und Stiftungen, kirchlichen und gewerkschaftlichen Einrichtungen sowie mit anderen Europa-H\u00e4usern im In- und Ausland.<\/p>\n\n\n\n<p>Unsere Bildungsma\u00dfnahmen und den Internatsbetrieb unseres Hauses evaluieren wir systematisch und regelm\u00e4\u00dfig, um unseren hohen Qualit\u00e4tsstandards gerecht zu werden. Unser Haus ist zertifiziert nach dem <strong>Qualit\u00e4tsmanagement<\/strong>-System des <a href=\"https:\/\/guetesiegelverbund.de\/\"><u>G\u00fctesiegelverbundes Weiterbildung e.V.<\/u><\/a>&nbsp;<\/p>\n","protected":false},"excerpt":{"rendered":"<p>Das GESW &#8211; Verein, Bildungsst\u00e4tte und Tagungshaus Fu\u00dfl\u00e4ufig von Bahnhof und Weserhafen entfernt finden unsere 4 H\u00e4user, in denen wir Sie gerne willkommen hei\u00dfen. Das Studienwerk verf\u00fcgt \u00fcber ein modernes Seminargeb\u00e4ude, in dem wir alle Anspr\u00fcchen an eine gelungene Tagung erf\u00fcllen k\u00f6nnen. Unsere 31 G\u00e4stezimmer k\u00f6nnen au\u00dferdem bis zu 64 Personen beherbergen. Wir legen Wert &#8230; <a title=\"Unser Haus\" class=\"read-more\" href=\"https:\/\/www.gesw.de\/index.php\/unser-haus\/\" aria-label=\"Mehr Informationen \u00fcber Unser Haus\">Weiterlesen<\/a><\/p>\n","protected":false},"author":1,"featured_media":0,"parent":0,"menu_order":1,"comment_status":"closed","ping_status":"open","template":"","meta":{"ngg_post_thumbnail":0,"generate_page_header":"","footnotes":""},"class_list":["post-2","page","type-page","status-publish"],"_links":{"self":[{"href":"https:\/\/www.gesw.de\/index.php\/wp-json\/wp\/v2\/pages\/2","targetHints":{"allow":["GET"]}}],"collection":[{"href":"https:\/\/www.gesw.de\/index.php\/wp-json\/wp\/v2\/pages"}],"about":[{"href":"https:\/\/www.gesw.de\/index.php\/wp-json\/wp\/v2\/types\/page"}],"author":[{"embeddable":true,"href":"https:\/\/www.gesw.de\/index.php\/wp-json\/wp\/v2\/users\/1"}],"replies":[{"embeddable":true,"href":"https:\/\/www.gesw.de\/index.php\/wp-json\/wp\/v2\/comments?post=2"}],"version-history":[{"count":45,"href":"https:\/\/www.gesw.de\/index.php\/wp-json\/wp\/v2\/pages\/2\/revisions"}],"predecessor-version":[{"id":4863,"href":"https:\/\/www.gesw.de\/index.php\/wp-json\/wp\/v2\/pages\/2\/revisions\/4863"}],"wp:attachment":[{"href":"https:\/\/www.gesw.de\/index.php\/wp-json\/wp\/v2\/media?parent=2"}],"curies":[{"name":"wp","href":"https:\/\/api.w.org\/{rel}","templated":true}]}}