{"id":4505,"date":"2023-12-11T15:45:01","date_gmt":"2023-12-11T13:45:01","guid":{"rendered":"https:\/\/www.gesw.de\/?page_id=4505"},"modified":"2024-08-22T15:15:08","modified_gmt":"2024-08-22T13:15:08","slug":"seminarplan-2024","status":"publish","type":"page","link":"https:\/\/www.gesw.de\/index.php\/unsere-seminare\/seminarplaene\/seminarplan-2024\/","title":{"rendered":"Seminarplan 2024"},"content":{"rendered":"\n<p>Sie haben Interesse an einer Seminarveranstaltung? Dann melden Sie sich bitte in unserem B\u00fcro unter Tel.: 05733 91380 oder <a href=\"mailto:info@gesw.de\">info@gesw.de<\/a> .<\/p>\n\n\n\n<p>Dezember 2024<br><div id=\"accordions-4503\" class=\"accordions-4503 accordions\" data-accordions={&quot;lazyLoad&quot;:true,&quot;id&quot;:&quot;4503&quot;,&quot;event&quot;:&quot;click&quot;,&quot;collapsible&quot;:&quot;true&quot;,&quot;heightStyle&quot;:&quot;content&quot;,&quot;animateStyle&quot;:&quot;swing&quot;,&quot;animateDelay&quot;:1000,&quot;navigation&quot;:true,&quot;active&quot;:999,&quot;expandedOther&quot;:&quot;no&quot;}>\r\n                <div id=\"accordions-lazy-4503\" class=\"accordions-lazy\" accordionsId=\"4503\">\r\n                    <\/div>\r\n\r\n    <div class=\"items\"  style=\"display:none\" >\r\n    \r\n            <div post_id=\"4503\" itemcount=\"0\"  header_id=\"header-17356534500\" id=\"header-17356534500\" style=\"\" class=\"accordions-head head17356534500 border-none\" toggle-text=\"\" main-text=\"05.12. - 07.12.2024 - 75 Jahre Grundgesetz - wie wehrhaft ist unsere Demokratie\">\r\n                                    <span id=\"accordion-icons-17356534500\" class=\"accordion-icons\">\r\n                        <span class=\"accordion-icon-active accordion-plus\"><i class=\"fas fa-chevron-up\"><\/i><\/span>\r\n                        <span class=\"accordion-icon-inactive accordion-minus\"><i class=\"fas fa-chevron-right\"><\/i><\/span>\r\n                    <\/span>\r\n                    <span id=\"header-text-17356534500\" class=\"accordions-head-title\">05.12. - 07.12.2024 - 75 Jahre Grundgesetz - wie wehrhaft ist unsere Demokratie<\/span>\r\n                            <\/div>\r\n            <div class=\"accordion-content content17356534500 \">\r\n                <p>75 JAHRE GRUNDGESETZ \u2013 WIE WEHRHAFT IST UNSERE DEMOKRATIE?<\/p>\n<p>Das Gesamteurop\u00e4ische Studienwerk e.V. in Vlotho\/Weser, ein Bildungsinstitut der au\u00dferschulischen Bildungsarbeit, l\u00e4dt Menschen, die mit Jugendlichen arbeiten - beispielsweise Lehrer*innen - sowie alle interessierten B\u00fcrger*innen zu einem Seminar der politischen Bildung ein. Unterschiedlichste Demokratiefeinde aus dem In- und Ausland versuchen, uns und unsere Kinder gezielt f\u00fcr ihre Ideologien zu gewinnen. Durch Fake-News und menschenfeindliche Propaganda bekommen extremistische Positionen, Organisationen und Parteien immer mehr Zustimmung. Womit wird die Bev\u00f6lkerung konfrontiert? Was bewirkt dieses bei Jugendlichen? Gemeinsam mit Expert*innen erarbeiten wir Antworten auf diverse Formen der Abwertung von Gruppen, Fake-News und Demokratiefeindlichkeit in unserem Alltag. Wir freuen uns u.a. auf den Landrat des Kreises Minden-L\u00fcbbecke und einen Vertreter des Instituts f\u00fcr interdisziplin\u00e4re Konflikt und Gewaltforschung an der Universit\u00e4t Bielefeld.<\/p>\n<p><strong>Dozent*in:<\/strong> Jannik Struckmeyer<\/p>\n<p><a href=\"https:\/\/www.gesw.de\/uploads\/Programm-75-Jahre-GG-Wie-wehrhaft-ist-unsere-Demokratie-2.pdf\">Link zum Programm als PDF<\/a><\/p>\n            <\/div>\r\n    \r\n            <div post_id=\"4503\" itemcount=\"1\"  header_id=\"header-17356534501\" id=\"header-17356534501\" style=\"\" class=\"accordions-head head17356534501 border-none\" toggle-text=\"\" main-text=\"07.12. - 08.12.2024 \u2013 EU-Konvent sowie EU und Weltwirtschaft\">\r\n                                    <span id=\"accordion-icons-17356534501\" class=\"accordion-icons\">\r\n                        <span class=\"accordion-icon-active accordion-plus\"><i class=\"fas fa-chevron-up\"><\/i><\/span>\r\n                        <span class=\"accordion-icon-inactive accordion-minus\"><i class=\"fas fa-chevron-right\"><\/i><\/span>\r\n                    <\/span>\r\n                    <span id=\"header-text-17356534501\" class=\"accordions-head-title\">07.12. - 08.12.2024 \u2013 EU-Konvent sowie EU und Weltwirtschaft<\/span>\r\n                            <\/div>\r\n            <div class=\"accordion-content content17356534501 \">\r\n                <p align=\"left\"><span style=\"font-family: Verdana, serif;\"><span style=\"font-size: medium;\">Das Fachseminar verfolgt mehrere Ziele: Einerseits m\u00f6chten wir in einem Seminarteil aktuelle Entwicklungen im Rahmen der gro\u00dfen weltwirtschaftlichen Herausforderungen, nicht zuletzt durch die BRICS-Staaten, diskutieren. Andererseits erarbeiten die Teilnehmenden im Rahmen eines EU-Konvents verschiedene Positionen zu aktuellen Fragen und Aspekten der EU-Politik. Das Seminar, das sich an alle interessierten Studierenden richtet, setzt sich zum Ziel, aktuelle Fragen der Diskussion \u00fcber die politischen und \u00f6konomischen Entwicklungen in der EU in den Mittelpunkt zu r\u00fccken.<\/span><\/span><\/p>\n<p align=\"left\"><span style=\"font-family: Verdana, serif;\"><span style=\"font-size: medium;\"><b>Dozent<\/b><\/span><\/span><span style=\"font-family: Verdana, serif;\"><span style=\"font-size: medium;\">: Dr. Gerhard Sch\u00fcsselbauer<\/span><\/span><\/p>\n<p align=\"left\"><span style=\"color: #0000ff;\"><a style=\"color: #0000ff;\" href=\"https:\/\/www.gesw.de\/uploads\/Programm-49.2-EU-vor-globalen-Herausforderungen.pdf\" target=\"_blank\" rel=\"noopener\">Programm als PDF<\/a><\/span><\/p>\n            <\/div>\r\n    \r\n            <div post_id=\"4503\" itemcount=\"2\"  header_id=\"header-17356534502\" id=\"header-17356534502\" style=\"\" class=\"accordions-head head17356534502 border-none\" toggle-text=\"\" main-text=\"12.12. - 14.12.2024 \u2013 Europa auf dem Weg zur Einheit?\">\r\n                                    <span id=\"accordion-icons-17356534502\" class=\"accordion-icons\">\r\n                        <span class=\"accordion-icon-active accordion-plus\"><i class=\"fas fa-chevron-up\"><\/i><\/span>\r\n                        <span class=\"accordion-icon-inactive accordion-minus\"><i class=\"fas fa-chevron-right\"><\/i><\/span>\r\n                    <\/span>\r\n                    <span id=\"header-text-17356534502\" class=\"accordions-head-title\">12.12. - 14.12.2024 \u2013 Europa auf dem Weg zur Einheit?<\/span>\r\n                            <\/div>\r\n            <div class=\"accordion-content content17356534502 \">\r\n                <p align=\"justify\"><span style=\"font-family: Verdana, serif;\"><span style=\"font-size: medium;\">Mit der Bek\u00e4mpfung der massiven Auswirkungen durch den russischen Angriffskrieg gegen die Ukraine und der Covid-19-Pandemie sowie nach den historischen Erweiterungen sieht sich die \u201eEurop\u00e4ische Union mit enormen Herausforderungen konfrontiert. Es bedarf der Diskussion \u00fcber Verfasstheit, Werte und Zielrichtung der europ\u00e4ischen Einigung mehr als je zuvor. Welche Politiken lassen die B\u00fcrger*innen wieder Vertrauen fassen in das europ\u00e4ische Gro\u00dfprojekt? <\/span><\/span><\/p>\n<p align=\"justify\"><span style=\"font-family: Verdana, serif;\"><span style=\"font-size: medium;\">Das Seminar dient sowohl zum Kennenlernen der europ\u00e4ischen Integrationsgeschichte und der Funktionsweise der EU als auch der Besch\u00e4ftigung mit zentralen politischen, wirtschaftlichen aber auch kulturellen Herausforderungen der heutigen sowie der k\u00fcnftigen EU und seiner B\u00fcrger*innen. Neben Kurzvortr\u00e4gen und spielerischen Einf\u00fchrungen steht die Simulation eines Europ\u00e4ischen Konvents zur Zukunft der EU im Zentrum.<\/span><\/span><\/p>\n<p align=\"left\"><span style=\"font-family: Verdana, serif;\"><span style=\"font-size: medium;\"><b>Dozent*in: <\/b><\/span><\/span><span style=\"font-family: Verdana, serif;\"><span style=\"font-size: medium;\">Navina Engelage, Dr. Gerhard Sch\u00fcsselbauer<\/span><\/span><\/p>\n            <\/div>\r\n    <\/div>\r\n\r\n\r\n\r\n            <\/div><\/p>\n\n\n\n<p>November 2024<br><div id=\"accordions-4501\" class=\"accordions-4501 accordions\" data-accordions={&quot;lazyLoad&quot;:true,&quot;id&quot;:&quot;4501&quot;,&quot;event&quot;:&quot;click&quot;,&quot;collapsible&quot;:&quot;true&quot;,&quot;heightStyle&quot;:&quot;content&quot;,&quot;animateStyle&quot;:&quot;swing&quot;,&quot;animateDelay&quot;:1000,&quot;navigation&quot;:true,&quot;active&quot;:999,&quot;expandedOther&quot;:&quot;no&quot;}>\r\n                <div id=\"accordions-lazy-4501\" class=\"accordions-lazy\" accordionsId=\"4501\">\r\n                    <\/div>\r\n\r\n    <div class=\"items\"  style=\"display:none\" >\r\n    \r\n            <div post_id=\"4501\" itemcount=\"0\"  header_id=\"header-1718888978690\" id=\"header-1718888978690\" style=\"\" class=\"accordions-head head1718888978690 border-none\" toggle-text=\"\" main-text=\"04.11. - 06.11.2024 \u2013 Mitwirkung in der Schule, SV bewegt\">\r\n                                    <span id=\"accordion-icons-1718888978690\" class=\"accordion-icons\">\r\n                        <span class=\"accordion-icon-active accordion-plus\"><i class=\"fas fa-chevron-up\"><\/i><\/span>\r\n                        <span class=\"accordion-icon-inactive accordion-minus\"><i class=\"fas fa-chevron-right\"><\/i><\/span>\r\n                    <\/span>\r\n                    <span id=\"header-text-1718888978690\" class=\"accordions-head-title\">04.11. - 06.11.2024 \u2013 Mitwirkung in der Schule, SV bewegt<\/span>\r\n                            <\/div>\r\n            <div class=\"accordion-content content1718888978690 \">\r\n                <p align=\"left\"><span style=\"font-family: Verdana, serif;\"><span style=\"font-size: medium;\">Einf\u00fchrung der jeweiligen Sch\u00fclersprecher\/-innen in die SV-Arbeit (Multiplikatoren in der Schule)<\/span><\/span><\/p>\n<p align=\"left\"><span style=\"font-family: Verdana, serif;\"><span style=\"font-size: medium;\">Erarbeitung praktischer Hilfen f\u00fcr die SV-Arbeit (z.B. Aktivierung\/ Konfliktumgang\/Seminare)<\/span><\/span><\/p>\n<p align=\"left\"><span style=\"font-family: Verdana, serif;\"><span style=\"font-size: medium;\">Strategien zur SV- Zielumsetzung (Gremienkenntnisse und Antrag an die Schulkonferenz)<\/span><\/span><\/p>\n<p align=\"left\"><span style=\"font-family: Verdana, serif;\"><span style=\"font-size: medium;\">Ideenaustausch\/ Vernetzung der Sch\u00fclersprecher\/-innen (SV- Kooperationen bis zur BSV)<\/span><\/span><\/p>\n<p align=\"left\"><span style=\"font-family: Verdana, serif;\"><span style=\"font-size: medium;\">Kenntnis der Ebenen\/Rechtsgrundlagen der SV-Mitwirkung (z.B. Schulgesetz NRW\/<\/span><\/span><\/p>\n<p align=\"left\"><span style=\"font-family: Verdana, serif;\"><span style=\"font-size: medium;\"><b>Dozent*in: <\/b><\/span><\/span><span style=\"font-family: Verdana, serif;\"><span style=\"font-size: medium;\">N.N. St\u00e4tte der Begegnung<\/span><\/span><\/p>\n            <\/div>\r\n    \r\n            <div post_id=\"4501\" itemcount=\"1\"  header_id=\"header-1718889010298\" id=\"header-1718889010298\" style=\"\" class=\"accordions-head head1718889010298 border-none\" toggle-text=\"\" main-text=\"07.11. - 09.11.2024 \u2013 Welt(un)Ordnung\">\r\n                                    <span id=\"accordion-icons-1718889010298\" class=\"accordion-icons\">\r\n                        <span class=\"accordion-icon-active accordion-plus\"><i class=\"fas fa-chevron-up\"><\/i><\/span>\r\n                        <span class=\"accordion-icon-inactive accordion-minus\"><i class=\"fas fa-chevron-right\"><\/i><\/span>\r\n                    <\/span>\r\n                    <span id=\"header-text-1718889010298\" class=\"accordions-head-title\">07.11. - 09.11.2024 \u2013 Welt(un)Ordnung<\/span>\r\n                            <\/div>\r\n            <div class=\"accordion-content content1718889010298 \">\r\n                <h5 class=\"western\" align=\"left\"><span style=\"color: #000000;\"><span style=\"font-family: Verdana, serif;\"><span style=\"font-size: medium;\">Seminar f\u00fcr Multiplikator*innen und Interessierte<\/span><\/span><\/span><\/h5>\n<h5 class=\"western\" align=\"left\"><span style=\"color: #000000;\"><span style=\"font-family: Verdana, serif;\"><span style=\"font-size: medium;\">Zeitenwende in Deutschland - Entwicklungen der Sozialen Marktwirtschaft in Deutschland<\/span><\/span><\/span><span style=\"color: #000000;\"><span style=\"font-family: Verdana, serif;\"><span style=\"font-size: medium;\"><br \/>\n<\/span><\/span><\/span><span style=\"color: #000000;\"><span style=\"font-family: Verdana, serif;\"><span style=\"font-size: medium;\">Historische und aktuelle politische Dimensionen des russischen Angriffskrieges gegen die Ukraine<\/span><\/span><\/span><\/h5>\n<p align=\"left\"><span style=\"font-family: Verdana, serif;\"><span style=\"font-size: medium;\">Krieg in Osteuropa \u2013 Auswirkungen auf Konjunktur und Fiskalpolitik in D und in der EU<\/span><\/span><\/p>\n<p align=\"left\"><span style=\"font-family: Verdana, serif;\"><span style=\"font-size: medium;\">Zukunft der Weltwirtschaft \u2013 Russland, China, Indien<\/span><\/span><\/p>\n<p align=\"left\"><span style=\"font-family: Times New Roman, serif;\"><span style=\"font-size: medium;\"><span style=\"font-family: Verdana, serif;\"><b>Dozent:<\/b><\/span><span style=\"font-family: Verdana, serif;\"> Dr. Gerhard Sch\u00fcsselbauer<\/span><\/span><\/span><\/p>\n<p align=\"left\"><a href=\"https:\/\/www.gesw.de\/uploads\/Programm-Welt-in-Un-Ordnung.pdf\">Link zum Programm als PDF<\/a><\/p>\n            <\/div>\r\n    \r\n            <div post_id=\"4501\" itemcount=\"2\"  header_id=\"header-1718889039414\" id=\"header-1718889039414\" style=\"\" class=\"accordions-head head1718889039414 border-none\" toggle-text=\"\" main-text=\"21.11. - 22.11.2024 \u2013 Mitwirkung in der Schule, SV bewegt\">\r\n                                    <span id=\"accordion-icons-1718889039414\" class=\"accordion-icons\">\r\n                        <span class=\"accordion-icon-active accordion-plus\"><i class=\"fas fa-chevron-up\"><\/i><\/span>\r\n                        <span class=\"accordion-icon-inactive accordion-minus\"><i class=\"fas fa-chevron-right\"><\/i><\/span>\r\n                    <\/span>\r\n                    <span id=\"header-text-1718889039414\" class=\"accordions-head-title\">21.11. - 22.11.2024 \u2013 Mitwirkung in der Schule, SV bewegt<\/span>\r\n                            <\/div>\r\n            <div class=\"accordion-content content1718889039414 \">\r\n                <p align=\"left\"><span style=\"font-family: Verdana, serif;\"><span style=\"font-size: medium;\">Einf\u00fchrung der jeweiligen Sch\u00fclersprecher\/-innen in die SV-Arbeit (Multiplikatoren in der Schule)<\/span><\/span><\/p>\n<p align=\"left\"><span style=\"font-family: Verdana, serif;\"><span style=\"font-size: medium;\">Erarbeitung praktischer Hilfen f\u00fcr die SV-Arbeit (z.B. Aktivierung\/ Konfliktumgang\/Seminare)<\/span><\/span><\/p>\n<p align=\"left\"><span style=\"font-family: Verdana, serif;\"><span style=\"font-size: medium;\">Strategien zur SV- Zielumsetzung (Gremienkenntnisse und Antrag an die Schulkonferenz)<\/span><\/span><\/p>\n<p align=\"left\"><span style=\"font-family: Verdana, serif;\"><span style=\"font-size: medium;\">Ideenaustausch\/ Vernetzung der Sch\u00fclersprecher\/-innen (SV- Kooperationen bis zur BSV)<\/span><\/span><\/p>\n<p align=\"left\"><span style=\"font-family: Verdana, serif;\"><span style=\"font-size: medium;\">Kenntnis der Ebenen\/Rechtsgrundlagen der SV-Mitwirkung (z.B. Schulgesetz NRW\/<\/span><\/span><\/p>\n<p align=\"left\"><span style=\"font-family: Verdana, serif;\"><span style=\"font-size: medium;\"><b>Dozentin: <\/b><\/span><\/span><span style=\"font-family: Verdana, serif;\"><span style=\"font-size: medium;\">Navina Engelage<\/span><\/span><\/p>\n            <\/div>\r\n    \r\n            <div post_id=\"4501\" itemcount=\"3\"  header_id=\"header-1718889058487\" id=\"header-1718889058487\" style=\"\" class=\"accordions-head head1718889058487 border-none\" toggle-text=\"\" main-text=\"23.11. - 24.11. \u2013 EU, Erweiterung, Wirtschaft und Zukunft Europas\">\r\n                                    <span id=\"accordion-icons-1718889058487\" class=\"accordion-icons\">\r\n                        <span class=\"accordion-icon-active accordion-plus\"><i class=\"fas fa-chevron-up\"><\/i><\/span>\r\n                        <span class=\"accordion-icon-inactive accordion-minus\"><i class=\"fas fa-chevron-right\"><\/i><\/span>\r\n                    <\/span>\r\n                    <span id=\"header-text-1718889058487\" class=\"accordions-head-title\">23.11. - 24.11. \u2013 EU, Erweiterung, Wirtschaft und Zukunft Europas<\/span>\r\n                            <\/div>\r\n            <div class=\"accordion-content content1718889058487 \">\r\n                <table width=\"906\" cellspacing=\"0\" cellpadding=\"11\">\n<tbody>\n<tr>\n<td valign=\"top\" width=\"882\">\n<p align=\"left\"><span style=\"font-family: Verdana, serif;\"><span style=\"font-size: medium;\">Das Fachseminar, das sich an Studierende unterschiedlicher Fachrichtungen richtet, verfolgt zwei Ziele: Einerseits m\u00f6chten wir in einem Seminarteil aktuelle politische und \u00f6konomische sowie soziale Entwicklungen aufgreifen und vertiefen sowie in Workshops \u201eSzenarien f\u00fcr die Zukunft in EU-ropa\u201c entwerfen, die ihrerseits einer kritischen Diskussion unterzogen werden. Andererseits ist nach dem Beitritt neuer Staaten zur Architektur der EU (28-1) die Entwicklung unseres Kontinents keineswegs abgeschlossen. Das Seminar, das sich an alle interessierten Studierenden richtet, setzt sich zum Ziel, angesichts gewaltiger Herausforderungen aktuelle Fragen der Diskussion \u00fcber die politischen und \u00f6konomischen Entwicklungen in der EU in den Mittelpunkt zu r\u00fccken.<\/span><\/span><\/p>\n<p align=\"left\"><span style=\"font-family: Verdana, serif;\"><span style=\"font-size: medium;\"><b>Dozent<\/b><\/span><\/span><span style=\"font-family: Verdana, serif;\"><span style=\"font-size: medium;\">: Dr. Gerhard Sch\u00fcsselbauer<\/span><\/span><\/p>\n<p align=\"left\"><span style=\"color: #0000ff;\"><a style=\"color: #0000ff;\" href=\"https:\/\/www.gesw.de\/uploads\/Programm-47.2-EU-und-Erweiterung-der-EU.pdf\" target=\"_blank\" rel=\"noopener\">Programm als PDF<\/a><\/span><\/p>\n<\/td>\n<\/tr>\n<\/tbody>\n<\/table>\n            <\/div>\r\n    \r\n            <div post_id=\"4501\" itemcount=\"4\"  header_id=\"header-1718889092744\" id=\"header-1718889092744\" style=\"\" class=\"accordions-head head1718889092744 border-none\" toggle-text=\"\" main-text=\"27.11. - 29.11.2024 \u2013 EUropa auf dem Weg zur Einheit\">\r\n                                    <span id=\"accordion-icons-1718889092744\" class=\"accordion-icons\">\r\n                        <span class=\"accordion-icon-active accordion-plus\"><i class=\"fas fa-chevron-up\"><\/i><\/span>\r\n                        <span class=\"accordion-icon-inactive accordion-minus\"><i class=\"fas fa-chevron-right\"><\/i><\/span>\r\n                    <\/span>\r\n                    <span id=\"header-text-1718889092744\" class=\"accordions-head-title\">27.11. - 29.11.2024 \u2013 EUropa auf dem Weg zur Einheit<\/span>\r\n                            <\/div>\r\n            <div class=\"accordion-content content1718889092744 \">\r\n                <p align=\"left\"><span style=\"font-family: Times New Roman, serif;\"><span style=\"font-size: medium;\"><span style=\"font-family: Verdana, serif;\">In epochalen Zeiten des Krieges gegen die Ukraine und weltweiter Konflikte sieht sich die Europ\u00e4ische Union (27) mit enormen Herausforderungen konfrontiert. Sowohl politische als auch \u00f6konomische Entwicklungen sollen w\u00e4hrend dieses Seminars in den Mittelpunkt ger\u00fcckt werden. Das Seminar bietet die Gelegenheit, viele aktuelle Entwicklungen und Fragen sowie die historischen Grundlagen, die Funktionsweise und die Politiken der EU kennenzulernen und zugleich aus verschiedenen Perspektiven zu hinterfragen. So k\u00f6nnen junge Menschen die aktuellen Aspekte und zuk\u00fcnftige Herausforderungen des europ\u00e4ischen Integrationsprozesses durch eine aktive Teilnahme besser verstehen. Vor allem die Workshoparbeit zu vielf\u00e4ltigen Themen steht w\u00e4hrend des Seminars im Vordergrund.<\/span><\/span><\/span><\/p>\n<p align=\"left\"><span style=\"font-family: Times New Roman, serif;\"><span style=\"font-size: medium;\"><span style=\"font-family: Verdana, serif;\"><b>Dozent*in:<\/b><\/span><span style=\"font-family: Verdana, serif;\"> Navina Engelage, Dr. Gerhard Sch\u00fcsselbauer<\/span><\/span><\/span><\/p>\n            <\/div>\r\n    \r\n            <div post_id=\"4501\" itemcount=\"5\"  header_id=\"header-1727871950403\" id=\"header-1727871950403\" style=\"\" class=\"accordions-head head1727871950403 border-none\" toggle-text=\"\" main-text=\"28.11. - 30.11.2024 - Movig People - Migration in Vergangenheit, Gegenwart und Zukunft\">\r\n                                    <span id=\"accordion-icons-1727871950403\" class=\"accordion-icons\">\r\n                        <span class=\"accordion-icon-active accordion-plus\"><i class=\"fas fa-chevron-up\"><\/i><\/span>\r\n                        <span class=\"accordion-icon-inactive accordion-minus\"><i class=\"fas fa-chevron-right\"><\/i><\/span>\r\n                    <\/span>\r\n                    <span id=\"header-text-1727871950403\" class=\"accordions-head-title\">28.11. - 30.11.2024 - Movig People - Migration in Vergangenheit, Gegenwart und Zukunft<\/span>\r\n                            <\/div>\r\n            <div class=\"accordion-content content1727871950403 \">\r\n                <p>Migration ist keine Besonderheit der Moderne. Migration pr\u00e4gt seit jeher unsere Gesellschaften. Sie findet schon immer und st\u00e4ndig statt, ist also Normalit\u00e4t. Gleichwohl wird Migration h\u00e4ufig erst bei Problemen sichtbar oder wird angesichts von Konflikten thematisiert und diskutiert. Das Seminar m\u00f6chte ein Bewusstsein f\u00fcr das Thema Wanderungsbewegungen in Vergangenheit, Gegenwart und Zukunft schaffen und zu einer positiveren Betrachtungsweise auf Migration beitragen. Zentrale Fragestellungen im Seminar sollen sein: Warum sind Menschen von einem Land in ein anderes gezogen? Welche Tr\u00e4ume, Hoffnungen und Sorgen hatten sie? Wie wurden sie in der neuen Heimat empfangen? Wie gelingt Integration heute? Zudem m\u00f6chten wir methodische Anregungen f\u00fcr die thematische Bearbeitung mit Jugendlichen vorstellen und in den kollegialen Austausch kommen.<\/p>\n<p><strong>Leitung:<\/strong> Navina Engelage (ist in ihrer Funktion als Tagungsleiterin in s\u00e4mtlichen Seminareinheiten anwesend)<br \/>\n<strong>Referent*innen:<\/strong> Birgit Sippel (MdEP), Marie Jo\u0451lle Chaput und Tanja Sch\u00fcrmann (Kreis Herford); Serge Palasie (Eine Welt Netz NRW)<\/p>\n<p><a href=\"https:\/\/www.gesw.de\/uploads\/Programm-Multiplikatorenseminar-MIGRATION.pdf\">Link zum Programm als PDF<\/a><\/p>\n            <\/div>\r\n    <\/div>\r\n\r\n\r\n\r\n            <\/div><\/p>\n\n\n\n<p>Oktober 2024<br><div id=\"accordions-4499\" class=\"accordions-4499 accordions\" data-accordions={&quot;lazyLoad&quot;:true,&quot;id&quot;:&quot;4499&quot;,&quot;event&quot;:&quot;click&quot;,&quot;collapsible&quot;:&quot;true&quot;,&quot;heightStyle&quot;:&quot;content&quot;,&quot;animateStyle&quot;:&quot;swing&quot;,&quot;animateDelay&quot;:1000,&quot;navigation&quot;:true,&quot;active&quot;:999,&quot;expandedOther&quot;:&quot;no&quot;}>\r\n                <div id=\"accordions-lazy-4499\" class=\"accordions-lazy\" accordionsId=\"4499\">\r\n                    <\/div>\r\n\r\n    <div class=\"items\"  style=\"display:none\" >\r\n    \r\n            <div post_id=\"4499\" itemcount=\"0\"  header_id=\"header-1718888860147\" id=\"header-1718888860147\" style=\"\" class=\"accordions-head head1718888860147 border-none\" toggle-text=\"\" main-text=\"04.10. - 10.10.2024 \u2013 Gedenkst\u00e4ttenseminar mit Fahrt nach Auschwitz-Birkenau, deutsch-polnische Geschichte und Gegenwart\">\r\n                                    <span id=\"accordion-icons-1718888860147\" class=\"accordion-icons\">\r\n                        <span class=\"accordion-icon-active accordion-plus\"><i class=\"fas fa-chevron-up\"><\/i><\/span>\r\n                        <span class=\"accordion-icon-inactive accordion-minus\"><i class=\"fas fa-chevron-right\"><\/i><\/span>\r\n                    <\/span>\r\n                    <span id=\"header-text-1718888860147\" class=\"accordions-head-title\">04.10. - 10.10.2024 \u2013 Gedenkst\u00e4ttenseminar mit Fahrt nach Auschwitz-Birkenau, deutsch-polnische Geschichte und Gegenwart<\/span>\r\n                            <\/div>\r\n            <div class=\"accordion-content content1718888860147 \">\r\n                <p align=\"left\"><span style=\"font-family: Verdana, serif;\"><span style=\"font-size: medium;\">Die Gedenkst\u00e4tten- und Studienfahrt nach Polen soll den Teilnehmenden eine Vielzahl von vertieften Informationen und Hintergr\u00fcnden zu den historischen und aktuellen Entwicklungen in Deutschland und Polen bieten. Besonderes Augenmerk soll auf den ausf\u00fchrlichen Besuch der Gedenkst\u00e4tte Auschwitz-Birkenau gelegt werden und als Schwerpunkt das Thema \u201eHolocaust und Drittes Reich\u201c und \u201eGeschichte und Schicksal des Judentums in Europa\u201c vertieft werden. Vor Ort tragen ausgew\u00e4hlte Informations- und Besuchstermine dazu bei, das Thema \u201eVergangenheit, Gegenwart, Zukunft\u201c besser zu verstehen. Dar\u00fcber hinaus stehen insbesondere der historische, politische, wirtschaftliche und soziale Umgestaltungsprozess im \u00f6stlichen Mitteleuropa im Vordergrund. Historische und die j\u00fcngere Zeitgeschichte betreffende Entwicklungen und Fragen der schwierigen historischen deutsch-polnischen Beziehungen werden ebenfalls thematisiert wie wichtige Aspekte der Vergangenheit und Gegenwart unseres Lebens in Europa. Abseits der touristischen Fassaden der Stadt Krakau soll so den Teilnehmenden ein kritisches Bild der gesellschaftlichen Verh\u00e4ltnisse vermittelt werden. <\/span><\/span><\/p>\n<p align=\"justify\"><span style=\"font-family: Verdana, serif;\"><span style=\"font-size: medium;\"><b>Dozent<\/b><\/span><\/span><span style=\"font-family: Verdana, serif;\"><span style=\"font-size: medium;\">: Dr. Gerhard Sch\u00fcsselbauer<\/span><\/span><\/p>\n            <\/div>\r\n    \r\n            <div post_id=\"4499\" itemcount=\"1\"  header_id=\"header-1718888885903\" id=\"header-1718888885903\" style=\"\" class=\"accordions-head head1718888885903 border-none\" toggle-text=\"\" main-text=\"09.10. - 11.10.2024 \u2013 Moving People \u2013 Migration in Vergangenheit, Gegenwart und Zukunft\">\r\n                                    <span id=\"accordion-icons-1718888885903\" class=\"accordion-icons\">\r\n                        <span class=\"accordion-icon-active accordion-plus\"><i class=\"fas fa-chevron-up\"><\/i><\/span>\r\n                        <span class=\"accordion-icon-inactive accordion-minus\"><i class=\"fas fa-chevron-right\"><\/i><\/span>\r\n                    <\/span>\r\n                    <span id=\"header-text-1718888885903\" class=\"accordions-head-title\">09.10. - 11.10.2024 \u2013 Moving People \u2013 Migration in Vergangenheit, Gegenwart und Zukunft<\/span>\r\n                            <\/div>\r\n            <div class=\"accordion-content content1718888885903 \">\r\n                <p align=\"justify\"><span style=\"font-family: Verdana, serif;\"><span style=\"font-size: medium;\">Das Gesamteurop\u00e4ische Studienwerk e.V. in Vlotho\/Weser, ein Bildungsinstitut der au\u00dferschulischen Bildungsarbeit, l\u00e4dt interessierte <\/span><\/span><span style=\"font-family: Verdana, serif;\"><span style=\"font-size: medium;\">Lehrer*innen, politische Bildner*innen, Sozialarbeiter*innen und <\/span><\/span><span style=\"font-family: Verdana, serif;\"><span style=\"font-size: medium;\">Multiplikator*innen zu einem Seminar der politischen Bildung ein.<\/span><\/span><\/p>\n<p align=\"justify\"><span style=\"font-family: Verdana, serif;\"><span style=\"font-size: medium;\">Migration ist keine Besonderheit der Moderne. Migration pr\u00e4gt seit jeher unsere Gesellschaften. Sie findet schon immer und st\u00e4ndig statt, ist also Normalit\u00e4t. Gleichwohl wird Migration h\u00e4ufig erst bei Problemen sichtbar oder wird angesichts von Konflikten thematisiert und diskutiert. Das Seminar m\u00f6chte ein Bewusstsein f\u00fcr das Thema Wanderungsbewegungen in Vergangenheit, Gegenwart und Zukunft schaffen und zu einer positiveren Betrachtungsweise auf Migration beitragen. Zentrale Fragestellungen im Seminar sollen sein: Warum sind Menschen von einem Land in ein anderes gezogen? Welche Tr\u00e4ume, Hoffnungen und Sorgen hatten sie? Wie wurden sie in der neuen Heimat empfangen? Wie gelingt Integration heute? Zudem m\u00f6chten wir <\/span><\/span><span style=\"font-family: Verdana, serif;\"><span style=\"font-size: medium;\">methodische Anregungen f\u00fcr die thematische Bearbeitung mit Jugendlichen vorstellen und in den kollegialen Austausch kommen.<\/span><\/span><\/p>\n<p align=\"left\"><span style=\"font-family: Verdana, serif;\"><span style=\"font-size: medium;\"><b>Dozentin: <\/b><\/span><\/span><span style=\"font-family: Verdana, serif;\"><span style=\"font-size: medium;\">Navina Engelage<\/span><\/span><\/p>\n            <\/div>\r\n    \r\n            <div post_id=\"4499\" itemcount=\"2\"  header_id=\"header-1718888920116\" id=\"header-1718888920116\" style=\"\" class=\"accordions-head head1718888920116 border-none\" toggle-text=\"\" main-text=\"30.10. - 31.10.2024 \u2013 Mitwirkung in der Schule, SV bewegt\">\r\n                                    <span id=\"accordion-icons-1718888920116\" class=\"accordion-icons\">\r\n                        <span class=\"accordion-icon-active accordion-plus\"><i class=\"fas fa-chevron-up\"><\/i><\/span>\r\n                        <span class=\"accordion-icon-inactive accordion-minus\"><i class=\"fas fa-chevron-right\"><\/i><\/span>\r\n                    <\/span>\r\n                    <span id=\"header-text-1718888920116\" class=\"accordions-head-title\">30.10. - 31.10.2024 \u2013 Mitwirkung in der Schule, SV bewegt<\/span>\r\n                            <\/div>\r\n            <div class=\"accordion-content content1718888920116 \">\r\n                <p align=\"left\"><span style=\"font-family: Verdana, serif;\"><span style=\"font-size: medium;\">Einf\u00fchrung der jeweiligen Sch\u00fclersprecher\/-innen in die SV-Arbeit (Multiplikatoren in der Schule)<\/span><\/span><\/p>\n<p align=\"left\"><span style=\"font-family: Verdana, serif;\"><span style=\"font-size: medium;\">Erarbeitung praktischer Hilfen f\u00fcr die SV-Arbeit (z.B. Aktivierung\/ Konfliktumgang\/Seminare)<\/span><\/span><\/p>\n<p align=\"left\"><span style=\"font-family: Verdana, serif;\"><span style=\"font-size: medium;\">Strategien zur SV- Zielumsetzung (Gremienkenntnisse und Antrag an die Schulkonferenz)<\/span><\/span><\/p>\n<p align=\"left\"><span style=\"font-family: Verdana, serif;\"><span style=\"font-size: medium;\">Ideenaustausch\/ Vernetzung der Sch\u00fclersprecher\/-innen (SV- Kooperationen bis zur BSV)<\/span><\/span><\/p>\n<p align=\"left\"><span style=\"font-family: Verdana, serif;\"><span style=\"font-size: medium;\">Kenntnis der Ebenen\/Rechtsgrundlagen der SV-Mitwirkung (z.B. Schulgesetz NRW\/<\/span><\/span><\/p>\n<p align=\"left\"><span style=\"font-family: Verdana, serif;\"><span style=\"font-size: medium;\"><b>Dozentin: <\/b><\/span><\/span><span style=\"font-family: Verdana, serif;\"><span style=\"font-size: medium;\">Navina Engelage<\/span><\/span><\/p>\n            <\/div>\r\n    <\/div>\r\n\r\n\r\n\r\n            <\/div><\/p>\n\n\n\n<p>September 2024<br><div id=\"accordions-4497\" class=\"accordions-4497 accordions\" data-accordions={&quot;lazyLoad&quot;:true,&quot;id&quot;:&quot;4497&quot;,&quot;event&quot;:&quot;click&quot;,&quot;collapsible&quot;:&quot;true&quot;,&quot;heightStyle&quot;:&quot;content&quot;,&quot;animateStyle&quot;:&quot;swing&quot;,&quot;animateDelay&quot;:1000,&quot;navigation&quot;:true,&quot;active&quot;:999,&quot;expandedOther&quot;:&quot;no&quot;}>\r\n                <div id=\"accordions-lazy-4497\" class=\"accordions-lazy\" accordionsId=\"4497\">\r\n                    <\/div>\r\n\r\n    <div class=\"items\"  style=\"display:none\" >\r\n    \r\n            <div post_id=\"4497\" itemcount=\"0\"  header_id=\"header-1718888596222\" id=\"header-1718888596222\" style=\"\" class=\"accordions-head head1718888596222 border-none\" toggle-text=\"\" main-text=\"02.09. - 04.09.2024 \u2013 Leben und Arbeiten im 21. Jahrhundert\">\r\n                                    <span id=\"accordion-icons-1718888596222\" class=\"accordion-icons\">\r\n                        <span class=\"accordion-icon-active accordion-plus\"><i class=\"fas fa-chevron-up\"><\/i><\/span>\r\n                        <span class=\"accordion-icon-inactive accordion-minus\"><i class=\"fas fa-chevron-right\"><\/i><\/span>\r\n                    <\/span>\r\n                    <span id=\"header-text-1718888596222\" class=\"accordions-head-title\">02.09. - 04.09.2024 \u2013 Leben und Arbeiten im 21. Jahrhundert<\/span>\r\n                            <\/div>\r\n            <div class=\"accordion-content content1718888596222 \">\r\n                <p align=\"left\"><span style=\"font-family: Verdana, serif;\"><span style=\"font-size: medium;\">In diesem Seminar setzen sich die Teilnehmenden abseits vom Schulalltag intensiv mit ihrer Rolle in der Gesellschaft, der Zukunft der Arbeit und der sozialen Systeme in Europa auseinander. Durch unterschiedliche Methoden werden sie bef\u00e4higt, eigene Zukunftsvorstellungen zu entwickeln, sich ihren Interessen und Zielen klarer bewusst zu werden und im wertsch\u00e4tzenden Miteinander ihre St\u00e4rken und Schw\u00e4chen kennen zu lernen. Politische, gesellschaftliche und pers\u00f6nliche Konflikte werden dabei von ihnen erkannt, beurteilt und diskutiert.<\/span><\/span><\/p>\n<p align=\"left\"><span style=\"font-family: Courier New, serif;\"><span style=\"font-size: small;\"><span style=\"font-family: Verdana, serif;\"><span style=\"font-size: medium;\">In gezielten Kommunikations\u00fcbungen und Rollenspielen in Kleingruppen lernen die Jugendlichen, sich zu artikulieren, zu argumentieren, zu diskutieren und einander zuzuh\u00f6ren. Dar\u00fcber hinaus erfahren sie, worauf es in einem guten Bewerbungsgespr\u00e4ch ankommt und k\u00f6nnen in lockerer Atmosph\u00e4re ihre Selbst- und Fremdeinsch\u00e4tzung sowie ihre Selbstpr\u00e4sentation verbessern.<\/span><\/span><\/span><\/span><\/p>\n<p align=\"left\"><span style=\"font-family: Times New Roman, serif;\"><span style=\"font-size: medium;\"><span style=\"font-family: Verdana, serif;\"><b>Dozent<\/b><\/span><span style=\"font-family: Verdana, serif;\">: Dr. Gerhard Sch\u00fcsselbauer<\/span><\/span><\/span><\/p>\n            <\/div>\r\n    \r\n            <div post_id=\"4497\" itemcount=\"1\"  header_id=\"header-1718888621123\" id=\"header-1718888621123\" style=\"\" class=\"accordions-head head1718888621123 border-none\" toggle-text=\"\" main-text=\"04.09. - 06.09.2024 \u2013 Leben und Arbeiten im 21. Jahrhundert\">\r\n                                    <span id=\"accordion-icons-1718888621123\" class=\"accordion-icons\">\r\n                        <span class=\"accordion-icon-active accordion-plus\"><i class=\"fas fa-chevron-up\"><\/i><\/span>\r\n                        <span class=\"accordion-icon-inactive accordion-minus\"><i class=\"fas fa-chevron-right\"><\/i><\/span>\r\n                    <\/span>\r\n                    <span id=\"header-text-1718888621123\" class=\"accordions-head-title\">04.09. - 06.09.2024 \u2013 Leben und Arbeiten im 21. Jahrhundert<\/span>\r\n                            <\/div>\r\n            <div class=\"accordion-content content1718888621123 \">\r\n                <p align=\"left\"><span style=\"font-family: Verdana, serif;\"><span style=\"font-size: medium;\">In diesem Seminar setzen sich die Teilnehmenden abseits vom Schulalltag intensiv mit ihrer Rolle in der Gesellschaft, der Zukunft der Arbeit und der sozialen Systeme in Europa auseinander. Durch unterschiedliche Methoden werden sie bef\u00e4higt, eigene Zukunftsvorstellungen zu entwickeln, sich ihren Interessen und Zielen klarer bewusst zu werden und im wertsch\u00e4tzenden Miteinander ihre St\u00e4rken und Schw\u00e4chen kennen zu lernen. Politische, gesellschaftliche und pers\u00f6nliche Konflikte werden dabei von ihnen erkannt, beurteilt und diskutiert.<\/span><\/span><\/p>\n<p align=\"left\"><span style=\"font-family: Courier New, serif;\"><span style=\"font-size: small;\"><span style=\"font-family: Verdana, serif;\"><span style=\"font-size: medium;\">In gezielten Kommunikations\u00fcbungen und Rollenspielen in Kleingruppen lernen die Jugendlichen, sich zu artikulieren, zu argumentieren, zu diskutieren und einander zuzuh\u00f6ren. Dar\u00fcber hinaus erfahren sie, worauf es in einem guten Bewerbungsgespr\u00e4ch ankommt und k\u00f6nnen in lockerer Atmosph\u00e4re ihre Selbst- und Fremdeinsch\u00e4tzung sowie ihre Selbstpr\u00e4sentation verbessern.<\/span><\/span><\/span><\/span><\/p>\n<p align=\"left\"><span style=\"font-family: Times New Roman, serif;\"><span style=\"font-size: medium;\"><span style=\"font-family: Verdana, serif;\"><b>Dozent<\/b><\/span><span style=\"font-family: Verdana, serif;\">: Dr. Gerhard Sch\u00fcsselbauer<\/span><\/span><\/span><\/p>\n            <\/div>\r\n    \r\n            <div post_id=\"4497\" itemcount=\"2\"  header_id=\"header-1718888654325\" id=\"header-1718888654325\" style=\"\" class=\"accordions-head head1718888654325 border-none\" toggle-text=\"\" main-text=\"09.09.-13.09.2024 \u2013 Innere und \u00e4u\u00dfere Sicherheit in D und in der EU\">\r\n                                    <span id=\"accordion-icons-1718888654325\" class=\"accordion-icons\">\r\n                        <span class=\"accordion-icon-active accordion-plus\"><i class=\"fas fa-chevron-up\"><\/i><\/span>\r\n                        <span class=\"accordion-icon-inactive accordion-minus\"><i class=\"fas fa-chevron-right\"><\/i><\/span>\r\n                    <\/span>\r\n                    <span id=\"header-text-1718888654325\" class=\"accordions-head-title\">09.09.-13.09.2024 \u2013 Innere und \u00e4u\u00dfere Sicherheit in D und in der EU<\/span>\r\n                            <\/div>\r\n            <div class=\"accordion-content content1718888654325 \">\r\n                <p align=\"left\"><span style=\"font-family: Verdana, serif;\"><span style=\"font-size: medium;\">W\u00e4hrend des Fachseminars werden verschiedene Themen, die alle B\u00fcrger*innen in Deutschland und in der EU unmittelbar betreffen, intensiv behandelt. Die organisierte Kriminalit\u00e4t ist ein sicherheitspolitisch zentrales Thema sowohl in der EU als auch in Deutschland. Gerade vor dem Hintergrund einer sich versch\u00e4rfenden Sicherheitsdiskussion steht hier ein sehr sensibles Thema zur Diskussion. Dazu z\u00e4hlen auch die damit verbundene Krisenkommunikation und Medienarbeit in Deutschland und in der EU. Dar\u00fcber hinaus werden im Rahmen des Fachseminars die Umwelt- und Abfallkriminalit\u00e4t, der Artenschutz, das Thema Schwerlastverkehr und die Kunstkriminalit\u00e4t sowie die Auswirkungen eingehend beleuchtet. Auch der Bek\u00e4mpfung der Korruption im Medizinbereich auf EU-Ebene wird breiter Raum einger\u00e4umt. Dar\u00fcber hinaus wird der Blick in wirtschaftspolitische Herausforderungen in Deutschland und in der Welt gerichtet. Im Fachseminar werden den Teilnehmenden fundierte Inputs und Vortr\u00e4ge, interessante Workshops und Fallbeispiele pr\u00e4sentiert, die zu einer intensiven Diskussion \u00fcber sicherheitspolitische und \u00f6konomische Zusammenh\u00e4nge und Herausforderungen in Deutschland und in der EU anregen.<\/span><\/span><\/p>\n<p align=\"left\"><span style=\"font-family: Times New Roman, serif;\"><span style=\"font-size: medium;\"><span style=\"font-family: Verdana, serif;\"><b>Dozenten<\/b><\/span><span style=\"font-family: Verdana, serif;\">: Dr. Gerhard Sch\u00fcsselbauer, J\u00f6rg Lauenroth<\/span><\/span><\/span><\/p>\n<p align=\"left\"><a href=\"https:\/\/www.gesw.de\/uploads\/Sem.-37-Innere-und-aeussere-Sicherheit.pdf\" target=\"_blank\" rel=\"noopener\">Programm als PDF<\/a><\/p>\n            <\/div>\r\n    \r\n            <div post_id=\"4497\" itemcount=\"3\"  header_id=\"header-1718888679562\" id=\"header-1718888679562\" style=\"\" class=\"accordions-head head1718888679562 border-none\" toggle-text=\"\" main-text=\"15.09. - 20.09.2024 \u2013 EU-ropa in Zeiten des Krieges gegen die Ukraine,  Gegenwart und Zukunft der EU\">\r\n                                    <span id=\"accordion-icons-1718888679562\" class=\"accordion-icons\">\r\n                        <span class=\"accordion-icon-active accordion-plus\"><i class=\"fas fa-chevron-up\"><\/i><\/span>\r\n                        <span class=\"accordion-icon-inactive accordion-minus\"><i class=\"fas fa-chevron-right\"><\/i><\/span>\r\n                    <\/span>\r\n                    <span id=\"header-text-1718888679562\" class=\"accordions-head-title\">15.09. - 20.09.2024 \u2013 EU-ropa in Zeiten des Krieges gegen die Ukraine,  Gegenwart und Zukunft der EU<\/span>\r\n                            <\/div>\r\n            <div class=\"accordion-content content1718888679562 \">\r\n                <p align=\"left\"><span style=\"font-family: Times New Roman, serif;\"><span style=\"font-size: medium;\"><span style=\"font-family: Verdana, serif;\">In epochalen Zeiten des Krieges gegen die Ukraine und weltweiter Konflikte sieht sich die Europ\u00e4ische Union (28-1) mit enormen Herausforderungen konfrontiert. Sowohl politische als auch \u00f6konomische Entwicklungen sollen w\u00e4hrend dieses Seminars mit Studienfahrt nach Br\u00fcssel in den Mittelpunkt ger\u00fcckt werden. Das Seminar bietet die Gelegenheit, viele aktuelle Entwicklungen und Fragen sowie die historischen Grundlagen, die Funktionsweise und die Politiken der EU kennenzulernen und zugleich aus verschiedenen Perspektiven zu hinterfragen. So k\u00f6nnen junge Menschen die aktuellen Aspekte und zuk\u00fcnftige Herausforderungen des europ\u00e4ischen Integrationsprozesses durch eine aktive Teilnahme besser verstehen.<\/span><\/span><\/span><\/p>\n<p align=\"left\"><span style=\"font-family: Times New Roman, serif;\"><span style=\"font-size: medium;\"><span style=\"font-family: Verdana, serif;\"><b>Dozent<\/b><\/span><span style=\"font-family: Verdana, serif;\">: Dr. Gerhard Sch\u00fcsselbauer<\/span><\/span><\/span><\/p>\n            <\/div>\r\n    \r\n            <div post_id=\"4497\" itemcount=\"4\"  header_id=\"header-1718888715859\" id=\"header-1718888715859\" style=\"\" class=\"accordions-head head1718888715859 border-none\" toggle-text=\"\" main-text=\"16.09 - 20.09.2024 \u2013 Gestern Mauer, heute schlauer?\">\r\n                                    <span id=\"accordion-icons-1718888715859\" class=\"accordion-icons\">\r\n                        <span class=\"accordion-icon-active accordion-plus\"><i class=\"fas fa-chevron-up\"><\/i><\/span>\r\n                        <span class=\"accordion-icon-inactive accordion-minus\"><i class=\"fas fa-chevron-right\"><\/i><\/span>\r\n                    <\/span>\r\n                    <span id=\"header-text-1718888715859\" class=\"accordions-head-title\">16.09 - 20.09.2024 \u2013 Gestern Mauer, heute schlauer?<\/span>\r\n                            <\/div>\r\n            <div class=\"accordion-content content1718888715859 \">\r\n                <table width=\"906\" cellspacing=\"0\" cellpadding=\"11\">\n<tbody>\n<tr>\n<td valign=\"top\" width=\"882\">\n<p align=\"left\"><span style=\"font-family: Verdana, serif;\"><span style=\"font-size: medium;\">Dieses Seminar mit Studienfahrt bietet euch die M\u00f6glichkeit, Deutschland besser zu verstehen! <\/span><\/span><span style=\"font-family: Verdana, serif;\"><span style=\"font-size: medium;\">Nirgendwo sonst in Deutschland k\u00f6nnt ihr das besser als in Berlin. <\/span><\/span><span style=\"font-family: Verdana, serif;\"><span style=\"font-size: medium;\">Erfahrt mehr \u00fcber die deutsche Geschichte, Politik und Gesellschaft. Wir besuchen <\/span><\/span><span style=\"font-family: Verdana, serif;\"><span style=\"font-size: medium;\">den Deutschen Bundestag, die Erinnerungsorte Berliner Mauer und Tr\u00e4nenpalast sowie die Gedenkst\u00e4tte Hohensch\u00f6nhausen. Bevor wir nach Berlin fahren, treffen wir uns zur Vorbereitung im Gesamteurop\u00e4ischen Studienwerk in Vlotho. <\/span><\/span><span style=\"font-family: Verdana, serif;\"><span style=\"font-size: medium;\">In Workshops und \u00dcbungen bekommt ihr Einblicke in <\/span><\/span><span style=\"font-family: Verdana, serif;\"><span style=\"font-size: medium;\">die deutsche und europ\u00e4ische Geschichte des 20. Jahrhunderts<\/span><\/span><span style=\"font-family: Verdana, serif;\"><span style=\"font-size: medium;\">. Wir werden Antworten zu spannenden Fragen suchen, zum Beispiel wie gehen wir mit unserer Vergangenheit um? Aber nicht nur Geschichte soll Thema sein, auch aktuelle gesellschaftliche Herausforderungen werden zusammen diskutiert.<\/span><\/span><\/p>\n<p align=\"justify\"><span style=\"font-family: Verdana, serif;\"><span style=\"font-size: medium;\"><b>Dozent*in<\/b><\/span><\/span><span style=\"font-family: Verdana, serif;\"><span style=\"font-size: medium;\">: Navina Engelage, Jannik Struckmeyer<\/span><\/span><\/p>\n<\/td>\n<\/tr>\n<\/tbody>\n<\/table>\n            <\/div>\r\n    \r\n            <div post_id=\"4497\" itemcount=\"5\"  header_id=\"header-1718888747365\" id=\"header-1718888747365\" style=\"\" class=\"accordions-head head1718888747365 border-none\" toggle-text=\"\" main-text=\"23.09. -27.09.2024 \u2013 Gestern Mauer, heute schlauer?\">\r\n                                    <span id=\"accordion-icons-1718888747365\" class=\"accordion-icons\">\r\n                        <span class=\"accordion-icon-active accordion-plus\"><i class=\"fas fa-chevron-up\"><\/i><\/span>\r\n                        <span class=\"accordion-icon-inactive accordion-minus\"><i class=\"fas fa-chevron-right\"><\/i><\/span>\r\n                    <\/span>\r\n                    <span id=\"header-text-1718888747365\" class=\"accordions-head-title\">23.09. -27.09.2024 \u2013 Gestern Mauer, heute schlauer?<\/span>\r\n                            <\/div>\r\n            <div class=\"accordion-content content1718888747365 \">\r\n                <p align=\"left\"><span style=\"font-family: Verdana, serif;\"><span style=\"font-size: medium;\">Dieses Seminar mit Studienfahrt bietet euch die M\u00f6glichkeit, Deutschland besser zu verstehen! <\/span><\/span><span style=\"font-family: Verdana, serif;\"><span style=\"font-size: medium;\">Nirgendwo sonst in Deutschland k\u00f6nnt ihr das besser als in Berlin. <\/span><\/span><span style=\"font-family: Verdana, serif;\"><span style=\"font-size: medium;\">Erfahrt mehr \u00fcber die deutsche Geschichte, Politik und Gesellschaft. Wir besuchen <\/span><\/span><span style=\"font-family: Verdana, serif;\"><span style=\"font-size: medium;\">den Deutschen Bundestag, die Erinnerungsorte Berliner Mauer und Tr\u00e4nenpalast sowie die Gedenkst\u00e4tte Hohensch\u00f6nhausen. Bevor wir nach Berlin fahren, treffen wir uns zur Vorbereitung im Gesamteurop\u00e4ischen Studienwerk in Vlotho. <\/span><\/span><span style=\"font-family: Verdana, serif;\"><span style=\"font-size: medium;\">In Workshops und \u00dcbungen bekommt ihr Einblicke in <\/span><\/span><span style=\"font-family: Verdana, serif;\"><span style=\"font-size: medium;\">die deutsche und europ\u00e4ische Geschichte des 20. Jahrhunderts<\/span><\/span><span style=\"font-family: Verdana, serif;\"><span style=\"font-size: medium;\">. Wir werden Antworten zu spannenden Fragen suchen, zum Beispiel wie gehen wir mit unserer Vergangenheit um? Aber nicht nur Geschichte soll Thema sein, auch aktuelle gesellschaftliche Herausforderungen werden zusammen diskutiert.<\/span><\/span><\/p>\n<p align=\"justify\"><span style=\"font-family: Verdana, serif;\"><span style=\"font-size: medium;\"><b>Dozent*in<\/b><\/span><\/span><span style=\"font-family: Verdana, serif;\"><span style=\"font-size: medium;\">: Navina Engelage, Jannik Struckmeyer<\/span><\/span><\/p>\n            <\/div>\r\n    \r\n            <div post_id=\"4497\" itemcount=\"6\"  header_id=\"header-1718888777000\" id=\"header-1718888777000\" style=\"\" class=\"accordions-head head1718888777000 border-none\" toggle-text=\"\" main-text=\"25.09. \u2013 27.09.2024 - Europa auf dem Weg zur Einheit!?\">\r\n                                    <span id=\"accordion-icons-1718888777000\" class=\"accordion-icons\">\r\n                        <span class=\"accordion-icon-active accordion-plus\"><i class=\"fas fa-chevron-up\"><\/i><\/span>\r\n                        <span class=\"accordion-icon-inactive accordion-minus\"><i class=\"fas fa-chevron-right\"><\/i><\/span>\r\n                    <\/span>\r\n                    <span id=\"header-text-1718888777000\" class=\"accordions-head-title\">25.09. \u2013 27.09.2024 - Europa auf dem Weg zur Einheit!?<\/span>\r\n                            <\/div>\r\n            <div class=\"accordion-content content1718888777000 \">\r\n                <p align=\"justify\"><span style=\"font-family: Verdana, serif;\"><span style=\"font-size: medium;\">Angesichts <\/span><\/span><span style=\"font-family: Verdana, serif;\"><span style=\"font-size: medium;\">der Klima-Krise, des Ukraine-Kriegs und der Fl\u00fcchtlingsproblematik sieht sich die Europ\u00e4ische Union mit enormen Herausforderungen konfrontiert. Es bedarf wie selten zuvor der Diskussion \u00fcber Verfasstheit, Werte und Zielrichtung der europ\u00e4ischen Einigung. Was hat Europa mit mir zu tun? Wie verhalten sich die Nationalstaaten zur Union? Welche Politiken lassen die B\u00fcrger*innen wieder Vertrauen fassen in das europ\u00e4ische Gro\u00dfprojekt?<\/span><\/span><\/p>\n<p align=\"justify\"><span style=\"font-family: Verdana, serif;\"><span style=\"font-size: medium;\">Das Seminar dient sowohl zum Kennenlernen der europ\u00e4ischen Integrationsgeschichte und der Funktionsweise der EU als auch der Besch\u00e4ftigung mit zentralen politischen, wirtschaftlichen, aber auch kulturellen Herausforderungen der heutigen sowie der k\u00fcnftigen EU und seiner B\u00fcrger*innen. Neben Kurzvortr\u00e4gen und spielerischen Einf\u00fchrungen steht die Simulation eines Europ\u00e4ischen Konvents zur Zukunft der EU im Zentrum.<\/span><\/span><\/p>\n<p align=\"left\"><span style=\"font-family: Verdana, serif;\"><span style=\"font-size: medium;\"><b>Dozent*in<\/b><\/span><\/span><span style=\"font-family: Verdana, serif;\"><span style=\"font-size: medium;\">: Navina Engelage<\/span><\/span><\/p>\n            <\/div>\r\n    \r\n            <div post_id=\"4497\" itemcount=\"7\"  header_id=\"header-1718888811247\" id=\"header-1718888811247\" style=\"\" class=\"accordions-head head1718888811247 border-none\" toggle-text=\"\" main-text=\"29.09. - 04.10.2024 \u2013 Deutschland in Geschichte und Gegenwart\">\r\n                                    <span id=\"accordion-icons-1718888811247\" class=\"accordion-icons\">\r\n                        <span class=\"accordion-icon-active accordion-plus\"><i class=\"fas fa-chevron-up\"><\/i><\/span>\r\n                        <span class=\"accordion-icon-inactive accordion-minus\"><i class=\"fas fa-chevron-right\"><\/i><\/span>\r\n                    <\/span>\r\n                    <span id=\"header-text-1718888811247\" class=\"accordions-head-title\">29.09. - 04.10.2024 \u2013 Deutschland in Geschichte und Gegenwart<\/span>\r\n                            <\/div>\r\n            <div class=\"accordion-content content1718888811247 \">\r\n                <p align=\"left\"><span style=\"font-family: Verdana, serif;\"><span style=\"font-size: medium;\">Das Vorbereitungsseminar mit anschlie\u00dfender Studienfahrt in die Hauptstadt der Bundesrepublik soll den Teilnehmenden vertiefte Einsichten in die Entwicklungen Deutschlands in Vergangenheit und Gegenwart erm\u00f6glichen. Nirgendwo sonst in Deutschland zeigt sich der stetige geschichtliche Wandel anschaulicher als in Berlin. Politische und wirtschaftliche Entwicklungen sowie die deutsch-deutsche Vergangenheit und die Erfahrungen des Totalitarismus stehen dabei im Mittelpunkt. Der Besuch im Deutschen Bundestag erm\u00f6glicht einen Blick von innen in das parlamentarisch-f\u00f6derative System sowie auf aktuelle Heraus-forderungen. Der Besuch des Konzentrationslagers Sachsenhausen sowie des Holocaust-Mahnmals sollen \u00fcber die Verbrechen w\u00e4hrend der Nazi-Diktatur aufkl\u00e4ren. Ein Besuch und ein Gespr\u00e4ch mit einem Zeitzeugen in der Gedenkst\u00e4tte Hohensch\u00f6nhausen (ehemaliges Stasi-Gef\u00e4ngnis) helfen Aspekte der deutsch-deutschen Zeitgeschichte und der Vergangenheit der DDR nach dem Zweiten Weltkrieg nachzuvollziehen.<\/span><\/span><\/p>\n<p align=\"left\"><span style=\"font-family: Verdana, serif;\"><span style=\"font-size: medium;\"><b>Dozent: <\/b><\/span><\/span><span style=\"font-family: Verdana, serif;\"><span style=\"font-size: medium;\">Dr. Gerhard Sch\u00fcsselbauer<\/span><\/span><\/p>\n            <\/div>\r\n    <\/div>\r\n\r\n\r\n\r\n            <\/div><\/p>\n\n\n\n<p>August2024<br><div id=\"accordions-4495\" class=\"accordions-4495 accordions\" data-accordions={&quot;lazyLoad&quot;:true,&quot;id&quot;:&quot;4495&quot;,&quot;event&quot;:&quot;click&quot;,&quot;collapsible&quot;:&quot;true&quot;,&quot;heightStyle&quot;:&quot;content&quot;,&quot;animateStyle&quot;:&quot;swing&quot;,&quot;animateDelay&quot;:1000,&quot;navigation&quot;:true,&quot;active&quot;:999,&quot;expandedOther&quot;:&quot;no&quot;}>\r\n                <div id=\"accordions-lazy-4495\" class=\"accordions-lazy\" accordionsId=\"4495\">\r\n                    <\/div>\r\n\r\n    <div class=\"items\"  style=\"display:none\" >\r\n    \r\n            <div post_id=\"4495\" itemcount=\"0\"  header_id=\"header-1718888330382\" id=\"header-1718888330382\" style=\"\" class=\"accordions-head head1718888330382 border-none\" toggle-text=\"\" main-text=\"12.08. - 14.08.2024 \u2013 Leben und Arbeiten im 21. Jahrhundert\">\r\n                                    <span id=\"accordion-icons-1718888330382\" class=\"accordion-icons\">\r\n                        <span class=\"accordion-icon-active accordion-plus\"><i class=\"fas fa-chevron-up\"><\/i><\/span>\r\n                        <span class=\"accordion-icon-inactive accordion-minus\"><i class=\"fas fa-chevron-right\"><\/i><\/span>\r\n                    <\/span>\r\n                    <span id=\"header-text-1718888330382\" class=\"accordions-head-title\">12.08. - 14.08.2024 \u2013 Leben und Arbeiten im 21. Jahrhundert<\/span>\r\n                            <\/div>\r\n            <div class=\"accordion-content content1718888330382 \">\r\n                <p align=\"left\"><span style=\"font-family: Verdana, serif;\"><span style=\"font-size: medium;\">In diesem Seminar setzen sich die Teilnehmenden abseits vom Schulalltag intensiv mit ihrer Rolle in der Gesellschaft, der Zukunft der Arbeit und der sozialen Systeme in Europa auseinander. Durch unterschiedliche Methoden werden sie bef\u00e4higt, eigene Zukunftsvorstellungen zu entwickeln, sich ihren Interessen und Zielen klarer bewusst zu werden und im wertsch\u00e4tzenden Miteinander ihre St\u00e4rken und Schw\u00e4chen kennen zu lernen. Politische, gesellschaftliche und pers\u00f6nliche Konflikte werden dabei von ihnen erkannt, beurteilt und diskutiert.<\/span><\/span><\/p>\n<p align=\"left\"><span style=\"font-family: Courier New, serif;\"><span style=\"font-size: small;\"><span style=\"font-family: Verdana, serif;\"><span style=\"font-size: medium;\">In gezielten Kommunikations\u00fcbungen und Rollenspielen in Kleingruppen lernen die Jugendlichen, sich zu artikulieren, zu argumentieren, zu diskutieren und einander zuzuh\u00f6ren. Dar\u00fcber hinaus erfahren sie, worauf es in einem guten Bewerbungsgespr\u00e4ch ankommt und k\u00f6nnen in lockerer Atmosph\u00e4re ihre Selbst- und Fremdeinsch\u00e4tzung sowie ihre Selbstpr\u00e4sentation verbessern.<\/span><\/span><\/span><\/span><\/p>\n<p align=\"left\"><span style=\"font-family: Times New Roman, serif;\"><span style=\"font-size: medium;\"><span style=\"font-family: Verdana, serif;\"><b>Dozent<\/b><\/span><span style=\"font-family: Verdana, serif;\">: Dr. Gerhard Sch\u00fcsselbauer<\/span><\/span><\/span><\/p>\n            <\/div>\r\n    \r\n            <div post_id=\"4495\" itemcount=\"1\"  header_id=\"header-1718888352577\" id=\"header-1718888352577\" style=\"\" class=\"accordions-head head1718888352577 border-none\" toggle-text=\"\" main-text=\"19.08. - 21.08.2024 \u2013 Leben und Arbeiten im 21. Jahrhundert\">\r\n                                    <span id=\"accordion-icons-1718888352577\" class=\"accordion-icons\">\r\n                        <span class=\"accordion-icon-active accordion-plus\"><i class=\"fas fa-chevron-up\"><\/i><\/span>\r\n                        <span class=\"accordion-icon-inactive accordion-minus\"><i class=\"fas fa-chevron-right\"><\/i><\/span>\r\n                    <\/span>\r\n                    <span id=\"header-text-1718888352577\" class=\"accordions-head-title\">19.08. - 21.08.2024 \u2013 Leben und Arbeiten im 21. Jahrhundert<\/span>\r\n                            <\/div>\r\n            <div class=\"accordion-content content1718888352577 \">\r\n                <table width=\"906\" cellspacing=\"0\" cellpadding=\"11\">\n<tbody>\n<tr>\n<td valign=\"top\" width=\"882\">\n<p align=\"left\"><span style=\"font-family: Verdana, serif;\"><span style=\"font-size: medium;\">In diesem Seminar setzen sich die Teilnehmenden abseits vom Schulalltag intensiv mit ihrer Rolle in der Gesellschaft, der Zukunft der Arbeit und der sozialen Systeme in Europa auseinander. Durch unterschiedliche Methoden werden sie bef\u00e4higt, eigene Zukunftsvorstellungen zu entwickeln, sich ihren Interessen und Zielen klarer bewusst zu werden und im wertsch\u00e4tzenden Miteinander ihre St\u00e4rken und Schw\u00e4chen kennen zu lernen. Politische, gesellschaftliche und pers\u00f6nliche Konflikte werden dabei von ihnen erkannt, beurteilt und diskutiert.<\/span><\/span><\/p>\n<p align=\"left\"><span style=\"font-family: Courier New, serif;\"><span style=\"font-size: small;\"><span style=\"font-family: Verdana, serif;\"><span style=\"font-size: medium;\">In gezielten Kommunikations\u00fcbungen und Rollenspielen in Kleingruppen lernen die Jugendlichen, sich zu artikulieren, zu argumentieren, zu diskutieren und einander zuzuh\u00f6ren. Dar\u00fcber hinaus erfahren sie, worauf es in einem guten Bewerbungsgespr\u00e4ch ankommt und k\u00f6nnen in lockerer Atmosph\u00e4re ihre Selbst- und Fremdeinsch\u00e4tzung sowie ihre Selbstpr\u00e4sentation verbessern.<\/span><\/span><\/span><\/span><\/p>\n<p align=\"left\"><span style=\"font-family: Times New Roman, serif;\"><span style=\"font-size: medium;\"><span style=\"font-family: Verdana, serif;\"><b>Dozent<\/b><\/span><span style=\"font-family: Verdana, serif;\">: Dr. Gerhard Sch\u00fcsselbauer<\/span><\/span><\/span><\/p>\n<\/td>\n<\/tr>\n<\/tbody>\n<\/table>\n            <\/div>\r\n    \r\n            <div post_id=\"4495\" itemcount=\"2\"  header_id=\"header-1718888380231\" id=\"header-1718888380231\" style=\"\" class=\"accordions-head head1718888380231 border-none\" toggle-text=\"\" main-text=\"21.08. - 23.08.2024 \u2013 Leben und Arbeiten im 21. Jahrhundert\">\r\n                                    <span id=\"accordion-icons-1718888380231\" class=\"accordion-icons\">\r\n                        <span class=\"accordion-icon-active accordion-plus\"><i class=\"fas fa-chevron-up\"><\/i><\/span>\r\n                        <span class=\"accordion-icon-inactive accordion-minus\"><i class=\"fas fa-chevron-right\"><\/i><\/span>\r\n                    <\/span>\r\n                    <span id=\"header-text-1718888380231\" class=\"accordions-head-title\">21.08. - 23.08.2024 \u2013 Leben und Arbeiten im 21. Jahrhundert<\/span>\r\n                            <\/div>\r\n            <div class=\"accordion-content content1718888380231 \">\r\n                <p align=\"left\"><span style=\"font-family: Verdana, serif;\"><span style=\"font-size: medium;\">In diesem Seminar setzen sich die Teilnehmenden abseits vom Schulalltag intensiv mit ihrer Rolle in der Gesellschaft, der Zukunft der Arbeit und der sozialen Systeme in Europa auseinander. Durch unterschiedliche Methoden werden sie bef\u00e4higt, eigene Zukunftsvorstellungen zu entwickeln, sich ihren Interessen und Zielen klarer bewusst zu werden und im wertsch\u00e4tzenden Miteinander ihre St\u00e4rken und Schw\u00e4chen kennen zu lernen. Politische, gesellschaftliche und pers\u00f6nliche Konflikte werden dabei von ihnen erkannt, beurteilt und diskutiert.<\/span><\/span><\/p>\n<p align=\"left\"><span style=\"font-family: Courier New, serif;\"><span style=\"font-size: small;\"><span style=\"font-family: Verdana, serif;\"><span style=\"font-size: medium;\">In gezielten Kommunikations\u00fcbungen und Rollenspielen in Kleingruppen lernen die Jugendlichen, sich zu artikulieren, zu argumentieren, zu diskutieren und einander zuzuh\u00f6ren. Dar\u00fcber hinaus erfahren sie, worauf es in einem guten Bewerbungsgespr\u00e4ch ankommt und k\u00f6nnen in lockerer Atmosph\u00e4re ihre Selbst- und Fremdeinsch\u00e4tzung sowie ihre Selbstpr\u00e4sentation verbessern.<\/span><\/span><\/span><\/span><\/p>\n<p align=\"left\"><span style=\"font-family: Times New Roman, serif;\"><span style=\"font-size: medium;\"><span style=\"font-family: Verdana, serif;\"><b>Dozent<\/b><\/span><span style=\"font-family: Verdana, serif;\">: Dr. Gerhard Sch\u00fcsselbauer<\/span><\/span><\/span><\/p>\n            <\/div>\r\n    \r\n            <div post_id=\"4495\" itemcount=\"3\"  header_id=\"header-1718888412425\" id=\"header-1718888412425\" style=\"\" class=\"accordions-head head1718888412425 border-none\" toggle-text=\"\" main-text=\"24.08. - 30.08.2024 \u2013 Gedenkst\u00e4ttenseminar mit Fahrt nach Auschwitz-Birkenau, deutsch-polnische Geschichte und Gegenwart\">\r\n                                    <span id=\"accordion-icons-1718888412425\" class=\"accordion-icons\">\r\n                        <span class=\"accordion-icon-active accordion-plus\"><i class=\"fas fa-chevron-up\"><\/i><\/span>\r\n                        <span class=\"accordion-icon-inactive accordion-minus\"><i class=\"fas fa-chevron-right\"><\/i><\/span>\r\n                    <\/span>\r\n                    <span id=\"header-text-1718888412425\" class=\"accordions-head-title\">24.08. - 30.08.2024 \u2013 Gedenkst\u00e4ttenseminar mit Fahrt nach Auschwitz-Birkenau, deutsch-polnische Geschichte und Gegenwart<\/span>\r\n                            <\/div>\r\n            <div class=\"accordion-content content1718888412425 \">\r\n                <p align=\"left\"><span style=\"font-family: Verdana, serif;\"><span style=\"font-size: medium;\">Die Gedenkst\u00e4tten- und Studienfahrt nach Polen soll den Teilnehmenden eine Vielzahl von vertieften Informationen und Hintergr\u00fcnden zu den historischen und aktuellen Entwicklungen in Deutschland und Polen bieten. Besonderes Augenmerk soll auf den ausf\u00fchrlichen Besuch der Gedenkst\u00e4tte Auschwitz-Birkenau gelegt werden und als Schwerpunkt das Thema \u201eHolocaust und Drittes Reich\u201c und \u201eGeschichte und Schicksal des Judentums in Europa\u201c vertieft werden. Vor Ort tragen ausgew\u00e4hlte Informations- und Besuchstermine dazu bei, das Thema \u201eVergangenheit, Gegenwart, Zukunft\u201c besser zu verstehen. Dar\u00fcber hinaus stehen insbesondere der historische, politische, wirtschaftliche und soziale Umgestaltungsprozess im \u00f6stlichen Mitteleuropa im Vordergrund. Historische und die j\u00fcngere Zeitgeschichte betreffende Entwicklungen und Fragen der schwierigen historischen deutsch-polnischen Beziehungen werden ebenfalls thematisiert wie wichtige Aspekte der Vergangenheit und Gegenwart unseres Lebens in Europa. Abseits der touristischen Fassaden der Stadt Krakau soll so den Teilnehmenden ein kritisches Bild der gesellschaftlichen Verh\u00e4ltnisse vermittelt werden. <\/span><\/span><\/p>\n<p align=\"justify\"><span style=\"font-family: Verdana, serif;\"><span style=\"font-size: medium;\"><b>Dozent<\/b><\/span><\/span><span style=\"font-family: Verdana, serif;\"><span style=\"font-size: medium;\">: Dr. Gerhard Sch\u00fcsselbauer<\/span><\/span><\/p>\n            <\/div>\r\n    <\/div>\r\n\r\n\r\n\r\n            <\/div><\/p>\n\n\n\n<p>Juli 2024<br><div id=\"accordions-4493\" class=\"accordions-4493 accordions\" data-accordions={&quot;lazyLoad&quot;:true,&quot;id&quot;:&quot;4493&quot;,&quot;event&quot;:&quot;click&quot;,&quot;collapsible&quot;:&quot;true&quot;,&quot;heightStyle&quot;:&quot;content&quot;,&quot;animateStyle&quot;:&quot;swing&quot;,&quot;animateDelay&quot;:1000,&quot;navigation&quot;:true,&quot;active&quot;:999,&quot;expandedOther&quot;:&quot;no&quot;}>\r\n                <div id=\"accordions-lazy-4493\" class=\"accordions-lazy\" accordionsId=\"4493\">\r\n                    <\/div>\r\n\r\n    <div class=\"items\"  style=\"display:none\" >\r\n    \r\n            <div post_id=\"4493\" itemcount=\"0\"  header_id=\"header-1715000037336\" id=\"header-1715000037336\" style=\"\" class=\"accordions-head head1715000037336 border-none\" toggle-text=\"\" main-text=\"30.07. - 08.08.2024 Die Ukraine n\u00e4her an die EU bringen\">\r\n                                    <span id=\"accordion-icons-1715000037336\" class=\"accordion-icons\">\r\n                        <span class=\"accordion-icon-active accordion-plus\"><i class=\"fas fa-chevron-up\"><\/i><\/span>\r\n                        <span class=\"accordion-icon-inactive accordion-minus\"><i class=\"fas fa-chevron-right\"><\/i><\/span>\r\n                    <\/span>\r\n                    <span id=\"header-text-1715000037336\" class=\"accordions-head-title\">30.07. - 08.08.2024 Die Ukraine n\u00e4her an die EU bringen<\/span>\r\n                            <\/div>\r\n            <div class=\"accordion-content content1715000037336 \">\r\n                <p class=\"paragraph\" style=\"margin: 0cm; text-align: justify; text-justify: inter-ideograph; vertical-align: baseline;\"><span class=\"normaltextrun\"><span style=\"font-size: 10.0pt; font-family: 'Verdana',sans-serif;\">Die Auswirkungen des Krieges gegen in der Ukraine sowie die Bek\u00e4mpfung des menschengemachten Klimawandels sind die beiden gr\u00f6\u00dften Krisen in Europa. Wir m\u00f6chten mit den Teilnehmer*innen diese zentralen Themen der politischen Bildung aufgreifen, inhaltliche Inputs geben und sie gemeinsam an Ideen f\u00fcr eine aus ihrer Sicht guten Zukunft arbeiten lassen. Einen inhaltlichen Input liefert die historisch-politische Bildung. Wir m\u00f6chten Gedenkst\u00e4tten und Orte mit \u00dcberresten des Zweiten Weltkriegs und des Wiederaufbaus besichtigen. Diese Besuche werden mit den Teilnehmer*innen inhaltlich vorbereitet und anschlie\u00dfend evaluiert. Wir m\u00f6chten anhand von Pr\u00e4sentationen, thematischen Inputs von externen Referent*innen, Workshops und Simulationsspielen \u00fcber nachhaltige Entwicklung und gemeinsames Handeln ins Gespr\u00e4ch kommen. Wir befassen uns dar\u00fcber hinaus mit mentaler Gesundheit in diesen Krisenzeiten. Zentral bei dem gesamten Seminarprojekt ist der thematische Austausch im Rahmen der politischen Bildung und das Bestreben, ukrainische Teilnehmer*innen mit den anderen zumeist EU-B\u00fcrger*innen in Kontakt zu bringen.\u00a0<\/span><\/span><span class=\"eop\"><span style=\"font-size: 10.0pt; font-family: 'Verdana',sans-serif;\">\u00a0<\/span><\/span><\/p>\n<p><a href=\"https:\/\/www.gesw.de\/uploads\/Programmentwurf-D-PL-RO-UA-2024.pdf\" target=\"_blank\" rel=\"noopener\">Programm als PDF<\/a><\/p>\n            <\/div>\r\n    <\/div>\r\n\r\n\r\n\r\n            <\/div><\/p>\n\n\n\n<p>Juni 2024<br><div id=\"accordions-4491\" class=\"accordions-4491 accordions\" data-accordions={&quot;lazyLoad&quot;:true,&quot;id&quot;:&quot;4491&quot;,&quot;event&quot;:&quot;click&quot;,&quot;collapsible&quot;:&quot;true&quot;,&quot;heightStyle&quot;:&quot;content&quot;,&quot;animateStyle&quot;:&quot;swing&quot;,&quot;animateDelay&quot;:1000,&quot;navigation&quot;:true,&quot;active&quot;:999,&quot;expandedOther&quot;:&quot;no&quot;}>\r\n                <div id=\"accordions-lazy-4491\" class=\"accordions-lazy\" accordionsId=\"4491\">\r\n                    <\/div>\r\n\r\n    <div class=\"items\"  style=\"display:none\" >\r\n    \r\n            <div post_id=\"4491\" itemcount=\"0\"  header_id=\"header-1702307724151\" id=\"header-1702307724151\" style=\"\" class=\"accordions-head head1702307724151 border-none\" toggle-text=\"\" main-text=\"02.06. - 07.06.2024 \u2013 EU-ropa in Zeiten des Krieges gegen die Ukraine, Gegenwart und Zukunft der EU\">\r\n                                    <span id=\"accordion-icons-1702307724151\" class=\"accordion-icons\">\r\n                        <span class=\"accordion-icon-active accordion-plus\"><i class=\"fas fa-chevron-up\"><\/i><\/span>\r\n                        <span class=\"accordion-icon-inactive accordion-minus\"><i class=\"fas fa-chevron-right\"><\/i><\/span>\r\n                    <\/span>\r\n                    <span id=\"header-text-1702307724151\" class=\"accordions-head-title\">02.06. - 07.06.2024 \u2013 EU-ropa in Zeiten des Krieges gegen die Ukraine, Gegenwart und Zukunft der EU<\/span>\r\n                            <\/div>\r\n            <div class=\"accordion-content content1702307724151 \">\r\n                <p align=\"left\"><span style=\"font-family: Verdana, serif;\"><span style=\"font-size: medium;\">EU-ropa steht vor nie dagewesenen Herausforderungen! Mit den j\u00fcngsten dramatischen Ereignissen in der Ukraine, im Nahen Osten sowie den historischen Erweiterungen stellt sich die Frage, wo die Reise in der Geschichte der europ\u00e4ischen Integration hingehen soll. Welche Politiken lassen die B\u00fcrgerinnen und B\u00fcrger in Zeiten des Krieges und der Energiepreiskrise wieder Vertrauen fassen in das erfolgreiche europ\u00e4ische Gro\u00dfprojekt? Wie k\u00f6nnen Konflikte, Klimakrise, Fl\u00fcchtlingsproblematik sowie wirtschaftliche Fragen im Euro-Raum gel\u00f6st werden? Braucht es eine v\u00f6llig neue gemeinsame Sicherheitsarchitektur und auch eine gemeinsame Klimapolitik? Die Studienfahrt in die \u201eHauptstadt\u201c Europas bietet eine Gelegenheit, durch Besuche bei der Europ\u00e4ischen Kommission, im Rat der EU sowie im Europ\u00e4ischen Parlament die Funktionsweise und die Politiken der EU jeweils \u201evon innen\u201c und zugleich aus verschiedenen Perspektiven zu erleben und so aktuelle Fragestellungen und zuk\u00fcnftige Herausforderungen des europ\u00e4ischen Integrations-prozesses durch eine aktive Teilnahme besser zu verstehen.<\/span><\/span><\/p>\n<p align=\"justify\"><span style=\"font-family: Verdana, serif;\"><span style=\"font-size: medium;\"><b>Dozentin<\/b><\/span><\/span><span style=\"font-family: Verdana, serif;\"><span style=\"font-size: medium;\">: Navina Engelage<\/span><\/span><\/p>\n            <\/div>\r\n    \r\n            <div post_id=\"4491\" itemcount=\"1\"  header_id=\"header-1702307760378\" id=\"header-1702307760378\" style=\"\" class=\"accordions-head head1702307760378 border-none\" toggle-text=\"\" main-text=\"03.06. - 07.06.2024 \u2013 D-PL-Begegnungsseminar\">\r\n                                    <span id=\"accordion-icons-1702307760378\" class=\"accordion-icons\">\r\n                        <span class=\"accordion-icon-active accordion-plus\"><i class=\"fas fa-chevron-up\"><\/i><\/span>\r\n                        <span class=\"accordion-icon-inactive accordion-minus\"><i class=\"fas fa-chevron-right\"><\/i><\/span>\r\n                    <\/span>\r\n                    <span id=\"header-text-1702307760378\" class=\"accordions-head-title\">03.06. - 07.06.2024 \u2013 D-PL-Begegnungsseminar<\/span>\r\n                            <\/div>\r\n            <div class=\"accordion-content content1702307760378 \">\r\n                <p align=\"justify\"><span style=\"font-family: Verdana, serif;\"><span style=\"font-size: medium;\">Das deutsch-polnische Seminar soll den teilnehmenden Jugendlichen vertiefte Einblicke in deutsch-polnische Entwicklungen in Vergangenheit, Gegenwart und Zukunft vermitteln. Dabei geht es um ein vertieftes Verst\u00e4ndnis der beiden Kulturen und ihrer historisch gewachsenen Beziehun\u00adgen. Europ\u00e4ische Zusammenh\u00e4nge sind ebenfalls ein zentrales Thema. Verschiedene Workshops zu deutsch-polnischen Themen stehen im Mittelpunkt. Die daraus resultierenden Pr\u00e4sentationen sollen dazu dienen, die polnisch-deutschen Beziehungen und Hintergr\u00fcnde besser kennenzulernen.<\/span><\/span><\/p>\n<p align=\"justify\"><span style=\"font-family: Verdana, serif;\"><span style=\"font-size: medium;\"><b>Dozent<\/b><\/span><\/span><span style=\"font-family: Verdana, serif;\"><span style=\"font-size: medium;\">: <\/span><\/span><span style=\"font-family: Verdana, serif;\"><span style=\"font-size: medium;\">Dr. Gerhard Sch\u00fcsselbauer<\/span><\/span><\/p>\n            <\/div>\r\n    \r\n            <div post_id=\"4491\" itemcount=\"2\"  header_id=\"header-1702307788977\" id=\"header-1702307788977\" style=\"\" class=\"accordions-head head1702307788977 border-none\" toggle-text=\"\" main-text=\"08.06. - 14.06.2024 \u2013 Aus der Vergangenheit lernen, die Gegenwart verstehen, die Zukunft gestalten\">\r\n                                    <span id=\"accordion-icons-1702307788977\" class=\"accordion-icons\">\r\n                        <span class=\"accordion-icon-active accordion-plus\"><i class=\"fas fa-chevron-up\"><\/i><\/span>\r\n                        <span class=\"accordion-icon-inactive accordion-minus\"><i class=\"fas fa-chevron-right\"><\/i><\/span>\r\n                    <\/span>\r\n                    <span id=\"header-text-1702307788977\" class=\"accordions-head-title\">08.06. - 14.06.2024 \u2013 Aus der Vergangenheit lernen, die Gegenwart verstehen, die Zukunft gestalten<\/span>\r\n                            <\/div>\r\n            <div class=\"accordion-content content1702307788977 \">\r\n                <p align=\"left\"><span style=\"font-family: Verdana, serif;\"><span style=\"font-size: medium;\">Die Seminarveranstaltung mit Studienfahrt nach Polen soll den Teilnehmenden eine Vielzahl von vertieften Informationen und Hintergr\u00fcnden zum Holocaust, zum Dritten Reich und den historischen und aktuellen Entwicklungen in Polen bieten. Dabei stehen insbesondere der historische, politische, wirtschaftliche und soziale Umgestaltungsprozess im \u00f6stlichen Mitteleuropa im Vordergrund. Historische und die j\u00fcngere Zeitgeschichte betreffende Entwicklungen und Fragen der schwierigen deutsch-polnischen Beziehungen werden ebenfalls thematisiert wie wichtige Aspekte der Vergangenheit und Gegenwart in Polen. Abseits der touristischen Fassaden der Stadt Krakau soll so den Teilnehmenden ein kritisches Bild der gesellschaftlichen Verh\u00e4ltnisse vermittelt werden. Besonderes Augenmerk soll auf dem Besuch der Gedenkst\u00e4tte Auschwitz-Birkenau gelegt werden. Vor Ort tragen ausgew\u00e4hlte Informations- und Besuchstermine dazu bei, unser Nachbarland und die komplexen Umgestaltungsprozesse dort besser zu verstehen.<\/span><\/span><\/p>\n<p align=\"left\"><span style=\"font-family: Verdana, serif;\"><span style=\"font-size: medium;\">Bei der Studienexkursion handelt es sich um eine nationale Ma\u00dfnahme mit Ausf\u00fchrung im Ausland, um jungen Menschen detaillierte und vertiefte Kenntnisse \u00fcber Zusammen-h\u00e4nge der europ\u00e4ischen Politik besser vermitteln zu k\u00f6nnen.<\/span><\/span><\/p>\n<p align=\"justify\"><span style=\"font-family: Verdana, serif;\"><span style=\"font-size: medium;\"><b>Dozent<\/b><\/span><\/span><span style=\"font-family: Verdana, serif;\"><span style=\"font-size: medium;\">: Dr. Gerhard Sch\u00fcsselbauer<\/span><\/span><\/p>\n            <\/div>\r\n    \r\n            <div post_id=\"4491\" itemcount=\"3\"  header_id=\"header-1702307826010\" id=\"header-1702307826010\" style=\"\" class=\"accordions-head head1702307826010 border-none\" toggle-text=\"\" main-text=\"10.06. - 14.06.2024 \u2013 Deutschland im Wandel\">\r\n                                    <span id=\"accordion-icons-1702307826010\" class=\"accordion-icons\">\r\n                        <span class=\"accordion-icon-active accordion-plus\"><i class=\"fas fa-chevron-up\"><\/i><\/span>\r\n                        <span class=\"accordion-icon-inactive accordion-minus\"><i class=\"fas fa-chevron-right\"><\/i><\/span>\r\n                    <\/span>\r\n                    <span id=\"header-text-1702307826010\" class=\"accordions-head-title\">10.06. - 14.06.2024 \u2013 Deutschland im Wandel<\/span>\r\n                            <\/div>\r\n            <div class=\"accordion-content content1702307826010 \">\r\n                <p align=\"left\"><span style=\"font-family: Verdana, serif;\"><span style=\"font-size: medium;\">Das Seminar mit Studienfahrt in die Hauptstadt der Bundesrepublik soll den Teilnehmenden vertiefte Einsichten in die Entwicklungen Deutschlands in Vergangenheit und Gegenwart erm\u00f6glichen. Nirgendwo sonst in Deutschland zeigt sich der stetige geschichtliche Wandel anschaulicher als in Berlin. Politische und wirtschaftliche Entwicklungen sowie die deutsch-deutsche Vergangenheit und die Erfahrungen des Totalitarismus stehen dabei im Mittelpunkt. Der Besuch im Deutschen Bundestag erm\u00f6glicht einen Blick von innen in das parlamentarisch-f\u00f6derative System sowie auf aktuelle Herausforderungen. Der Besuch in der Gedenkst\u00e4tte des ehemaligen Konzentrationslagers Sachsenhausen vermittelt zudem vertiefte Einsichten in die Geschichte Deutschlands im Dritten Reich. Ein Besuch und ein Gespr\u00e4ch mit einem Zeitzeugen in der Gedenkst\u00e4tte Hohensch\u00f6nhausen (ehemaliges Stasi-Gef\u00e4ngnis) sowie der Besuch der Gedenkst\u00e4tte Berliner Mauer helfen Aspekte der Vergangenheit der DDR nach dem Zweiten Weltkrieg nachzuvollziehen.<\/span><\/span><\/p>\n<p align=\"left\"><span style=\"color: #000000;\"><span style=\"font-family: Calibri, serif;\"><span style=\"font-size: medium;\"><span style=\"font-family: Verdana, serif;\"><b>Dozentin<\/b><\/span><span style=\"font-family: Verdana, serif;\">: Navina Engelage<\/span><\/span><\/span><\/span><\/p>\n            <\/div>\r\n    \r\n            <div post_id=\"4491\" itemcount=\"4\"  header_id=\"header-1714998466121\" id=\"header-1714998466121\" style=\"\" class=\"accordions-head head1714998466121 border-none\" toggle-text=\"\" main-text=\"13.06. - 15.06.2024 Moving People - Migration in Vergangenheit, Gegenwart und Zukunft\">\r\n                                    <span id=\"accordion-icons-1714998466121\" class=\"accordion-icons\">\r\n                        <span class=\"accordion-icon-active accordion-plus\"><i class=\"fas fa-chevron-up\"><\/i><\/span>\r\n                        <span class=\"accordion-icon-inactive accordion-minus\"><i class=\"fas fa-chevron-right\"><\/i><\/span>\r\n                    <\/span>\r\n                    <span id=\"header-text-1714998466121\" class=\"accordions-head-title\">13.06. - 15.06.2024 Moving People - Migration in Vergangenheit, Gegenwart und Zukunft<\/span>\r\n                            <\/div>\r\n            <div class=\"accordion-content content1714998466121 \">\r\n                <p>Migration ist keine Besonderheit der Moderne. Migration pr\u00e4gt seit jeher unsere Gesellschaften. Sie findet schon immer und st\u00e4ndig statt, ist also Normalit\u00e4t. Gleichwohl wird Migration h\u00e4ufig erst bei Problemen sichtbar oder wird angesichts von Konflikten thematisiert und diskutiert. Das Seminar m\u00f6chte ein Bewusstsein f\u00fcr das Thema Wanderungsbewegungen in Vergangenheit, Gegenwart und Zukunft schaffen und zu einer positiveren Betrachtungsweise auf Migration beitragen. Zentrale Fragestellungen im Seminar sollen sein: Warum sind Menschen von einem Land in ein anderes gezogen? Welche Tr\u00e4ume, Hoffnungen und Sorgen hatten sie? Wie wurden sie in der neuen Heimat empfangen? Wie gelingt Integration heute? Zudem m\u00f6chten wir methodische Anregungen f\u00fcr die thematische Bearbeitung mit Jugendlichen vorstellen und in den kollegialen Austausch kommen.<\/p>\n<p><a href=\"https:\/\/www.gesw.de\/uploads\/Programm-Multiplikatorenseminar-MIG.pdf\" target=\"_blank\" rel=\"noopener\">Programm als PDF<\/a><\/p>\n            <\/div>\r\n    \r\n            <div post_id=\"4491\" itemcount=\"5\"  header_id=\"header-1702307853356\" id=\"header-1702307853356\" style=\"\" class=\"accordions-head head1702307853356 border-none\" toggle-text=\"\" main-text=\"16.06. - 21.06.2024 \u2013 Deutschland in Geschichte und Gegenwart\">\r\n                                    <span id=\"accordion-icons-1702307853356\" class=\"accordion-icons\">\r\n                        <span class=\"accordion-icon-active accordion-plus\"><i class=\"fas fa-chevron-up\"><\/i><\/span>\r\n                        <span class=\"accordion-icon-inactive accordion-minus\"><i class=\"fas fa-chevron-right\"><\/i><\/span>\r\n                    <\/span>\r\n                    <span id=\"header-text-1702307853356\" class=\"accordions-head-title\">16.06. - 21.06.2024 \u2013 Deutschland in Geschichte und Gegenwart<\/span>\r\n                            <\/div>\r\n            <div class=\"accordion-content content1702307853356 \">\r\n                <p align=\"justify\"><span style=\"font-family: Verdana, serif;\"><span style=\"font-size: medium;\">Das Vorbereitungsseminar mit anschlie\u00dfender Studienfahrt in die Hauptstadt der Bundesrepublik soll den teilnehmenden Sch\u00fclerInnen vertiefte Einsichten in die Entwicklungen Deutschlands in Vergangenheit und Gegenwart erm\u00f6glichen. Nirgendwo sonst in Deutschland zeigt sich der stetige geschichtliche Wandel anschaulicher als in Berlin. Politische, wirtschaftliche und soziale Entwicklungen sowie die deutsch-deutsche Vergangenheit und die Erfahrungen des Totalitarismus stehen dabei im Mittelpunkt. Der Besuch im Deutschen Bundestag erm\u00f6glicht einen Blick von innen in das parlamentarisch-f\u00f6derative System sowie auf aktuelle Herausforderungen. Die Gedenkst\u00e4tte Sachsenhausen thematisiert die Gewaltherrschaft des NS-Regimes im Dritten Reich. Der Besuch des Futuriums greift m\u00f6gliche Zukunftsthemen \u201eMensch, Umwelt, Technologie\u201c auf. Weitere thematische Besuchstermine geben umfassende Einsicht in die deutsche Geschichte. Ein Besuch und Gespr\u00e4che nach M\u00f6glichkeit mit Zeitzeugen im Mauermuseum Bernauer Stra\u00dfe sowie in der Gedenkst\u00e4tte Hohensch\u00f6nhausen (ehemaliges Stasi-Gef\u00e4ngnis) tragen dazu bei, Aspekte der deutsch-deutschen Vergangenheit nach dem Zweiten Weltkrieg nachzuvollziehen.<\/span><\/span><\/p>\n<p align=\"justify\"><span style=\"font-family: Verdana, serif;\"><span style=\"font-size: medium;\"><b>Dozent<\/b><\/span><\/span><span style=\"font-family: Verdana, serif;\"><span style=\"font-size: medium;\">: Dr. Gerhard Sch\u00fcsselbauer<\/span><\/span><\/p>\n            <\/div>\r\n    \r\n            <div post_id=\"4491\" itemcount=\"6\"  header_id=\"header-1702307884470\" id=\"header-1702307884470\" style=\"\" class=\"accordions-head head1702307884470 border-none\" toggle-text=\"\" main-text=\"22.06. - 28.06.2024 \u2013 Deutschland in Geschichte und Gegenwart\">\r\n                                    <span id=\"accordion-icons-1702307884470\" class=\"accordion-icons\">\r\n                        <span class=\"accordion-icon-active accordion-plus\"><i class=\"fas fa-chevron-up\"><\/i><\/span>\r\n                        <span class=\"accordion-icon-inactive accordion-minus\"><i class=\"fas fa-chevron-right\"><\/i><\/span>\r\n                    <\/span>\r\n                    <span id=\"header-text-1702307884470\" class=\"accordions-head-title\">22.06. - 28.06.2024 \u2013 Deutschland in Geschichte und Gegenwart<\/span>\r\n                            <\/div>\r\n            <div class=\"accordion-content content1702307884470 \">\r\n                <p align=\"justify\"><span style=\"font-family: Verdana, serif;\"><span style=\"font-size: medium;\">Das Vorbereitungsseminar mit anschlie\u00dfender Studienfahrt in die Hauptstadt der Bundesrepublik soll den teilnehmenden Sch\u00fclerInnen vertiefte Einsichten in die Entwicklungen Deutschlands in Vergangenheit und Gegenwart erm\u00f6glichen. Nirgendwo sonst in Deutschland zeigt sich der stetige geschichtliche Wandel anschaulicher als in Berlin. Politische, wirtschaftliche und soziale Entwicklungen sowie die deutsch-deutsche Vergangenheit und die Erfahrungen des Totalitarismus stehen dabei im Mittelpunkt. Der Besuch im Deutschen Bundestag erm\u00f6glicht einen Blick von innen in das parlamentarisch-f\u00f6derative System sowie auf aktuelle Herausforderungen. Die Gedenkst\u00e4tte Sachsenhausen thematisiert die Gewaltherrschaft des NS-Regimes im Dritten Reich. Der Besuch des Futuriums greift m\u00f6gliche Zukunftsthemen \u201eMensch, Umwelt, Technologie\u201c auf. Weitere thematische Besuchstermine geben umfassende Einsicht in die deutsche Geschichte. Ein Besuch und Gespr\u00e4che nach M\u00f6glichkeit mit Zeitzeugen im Mauermuseum Bernauer Stra\u00dfe sowie in der Gedenkst\u00e4tte Hohensch\u00f6nhausen (ehemaliges Stasi-Gef\u00e4ngnis) tragen dazu bei, Aspekte der deutsch-deutschen Vergangenheit nach dem Zweiten Weltkrieg nachzuvollziehen.<\/span><\/span><\/p>\n<p align=\"justify\"><span style=\"font-family: Verdana, serif;\"><span style=\"font-size: medium;\"><b>Dozent<\/b><\/span><\/span><span style=\"font-family: Verdana, serif;\"><span style=\"font-size: medium;\">: Dr. Gerhard Sch\u00fcsselbauer<\/span><\/span><\/p>\n            <\/div>\r\n    \r\n            <div post_id=\"4491\" itemcount=\"7\"  header_id=\"header-1712950445923\" id=\"header-1712950445923\" style=\"\" class=\"accordions-head head1712950445923 border-none\" toggle-text=\"\" main-text=\"25.06. - 03.07.2024 - MIGR-ACTION - Moving people in the past, present and future. Austauschprojekt mit jungen Menschen aus Deutschland, Frankreich, Italien und Tunesien\">\r\n                                    <span id=\"accordion-icons-1712950445923\" class=\"accordion-icons\">\r\n                        <span class=\"accordion-icon-active accordion-plus\"><i class=\"fas fa-chevron-up\"><\/i><\/span>\r\n                        <span class=\"accordion-icon-inactive accordion-minus\"><i class=\"fas fa-chevron-right\"><\/i><\/span>\r\n                    <\/span>\r\n                    <span id=\"header-text-1712950445923\" class=\"accordions-head-title\">25.06. - 03.07.2024 - MIGR-ACTION - Moving people in the past, present and future. Austauschprojekt mit jungen Menschen aus Deutschland, Frankreich, Italien und Tunesien<\/span>\r\n                            <\/div>\r\n            <div class=\"accordion-content content1712950445923 \">\r\n                <p class=\"western\">Die multilaterale Begegnung MIGR-ACTION wird ein Bewusstsein f\u00fcr das Thema Migration in Vergangenheit, Gegenwart und Zukunft schaffen. Im Mittelpunkt stehen dabei die L\u00e4nder Deutschland, Frankreich, Italien und Tunesien. Dieses Projekt m\u00f6chte zu einer positiveren Betrachtungsweise auf Migration beitragen, ohne Herausforderungen und Kritik auszublenden. Die Verbindungen zwischen den am Projekt beteiligten L\u00e4ndern waren stets facettenreich. So vereinbarte Frankreich bereits 1919 ein erstes Anwerbeabkommen mit Italien. Nach dem Zweiten Weltkrieg schlossen Frankreich und Deutschland weitere Vertr\u00e4ge, um Arbeitskr\u00e4fte auch aus Tunesien anzuwerben. Wir m\u00f6chten diese \u00f6konomische Perspektive erweitern und die unterschiedlichen Motivationen von Politik und Menschen erforschen, andere aufzunehmen bzw. selbst das Zuhause zu verlassen. Der Austausch in Deutschland besch\u00e4ftigt sich mit der Geschichte der Migration im 20. und 21. Jahrhundert. Im Mittelpunkt stehen die Fragen: Warum sind Menschen von einem Land in ein anderes gezogen? Welche Tr\u00e4ume, Hoffnungen und Sorgen hatten sie? Wie wurden sie in der neuen Heimat empfangen? Wie gelingt Integration heute?<\/p>\n<p class=\"western\">Dies ist der erste Teil eines multilateralen Projekts, das in Zusammenarbeit mit unseren Kooperationspartnern ATACJL (Tunesien), Diagonal France (Frankreich) und LINK (Italien) entwickelt wurde.<\/p>\n<p class=\"western\">Es wird gef\u00f6rdert durch die Europ\u00e4ische Union (Erasmus+ Programm) und das Deutsch-Franz\u00f6sische Jugendwerk. Geplant sind drei weitere Treffen, und zwar vom 24.08. bis 01.09.2024 in Altamura, im April 2025 in Hammam Sousse und im Juli 2025 in Saint Beno\u00eet du Salt.<\/p>\n<p><a href=\"https:\/\/www.gesw.de\/uploads\/MIGR-ACTION-Info-1.pdf\">Programm und Infopaket auf Englisch<\/a><\/p>\n<p><a href=\"https:\/\/www.gesw.de\/uploads\/Application-form_MIGR-ACTION-1.pdf\">Anmeldeformular<\/a><\/p>\n            <\/div>\r\n    \r\n            <div post_id=\"4491\" itemcount=\"8\"  header_id=\"header-1718888266212\" id=\"header-1718888266212\" style=\"\" class=\"accordions-head head1718888266212 border-none\" toggle-text=\"\" main-text=\"25.06. - 03.07.2024 \u2013 Internationaler Jugendaustausch Erasmus+ mit Partnern aus Frankreich, Italien und Tunesien\">\r\n                                    <span id=\"accordion-icons-1718888266212\" class=\"accordion-icons\">\r\n                        <span class=\"accordion-icon-active accordion-plus\"><i class=\"fas fa-chevron-up\"><\/i><\/span>\r\n                        <span class=\"accordion-icon-inactive accordion-minus\"><i class=\"fas fa-chevron-right\"><\/i><\/span>\r\n                    <\/span>\r\n                    <span id=\"header-text-1718888266212\" class=\"accordions-head-title\">25.06. - 03.07.2024 \u2013 Internationaler Jugendaustausch Erasmus+ mit Partnern aus Frankreich, Italien und Tunesien<\/span>\r\n                            <\/div>\r\n            <div class=\"accordion-content content1718888266212 \">\r\n                <p align=\"left\"><a name=\"_Hlk163223859\"><\/a> <span style=\"font-family: Courier New, serif;\"><span style=\"font-size: small;\"><span style=\"font-family: Verdana, serif;\"><span style=\"font-size: medium;\">Das Gesamteurop\u00e4ische Studienwerk e.V. (GESW) schreibt das multilaterale Austauschprojekt \u201eMIGR-ACTION - Moving people in the past, present and future\u201c f\u00fcr junge Menschen aus Deutschland, Frankreich, Italien und Tunesien aus. Wir sind davon \u00fcberzeugt, dass Migration seit jeher unsere Gesellschaften pr\u00e4gt. Sie findet schon immer und st\u00e4ndig statt, ist also Normalit\u00e4t. Gleichwohl wird Migration h\u00e4ufig erst bei Problemen sichtbar oder wird angesichts von Konflikten thematisiert und diskutiert. Unser Programm m\u00f6chte ein Bewusstsein f\u00fcr das Thema Wanderungsbewegungen in Vergangenheit, Gegenwart und Zukunft schaffen und zu einer positiveren Betrachtungsweise auf Migration beitragen.<\/span><\/span><\/span><\/span><\/p>\n<p align=\"left\"><span style=\"font-family: Times New Roman, serif;\"><span style=\"font-size: medium;\"><span style=\"font-family: Verdana, serif;\"><b>Dozent*in<\/b><\/span><span style=\"font-family: Verdana, serif;\">: Navina Engelage<\/span><\/span><\/span><\/p>\n            <\/div>\r\n    <\/div>\r\n\r\n\r\n\r\n            <\/div><\/p>\n\n\n\n<p>Mai 2024<br><div id=\"accordions-4489\" class=\"accordions-4489 accordions\" data-accordions={&quot;lazyLoad&quot;:true,&quot;id&quot;:&quot;4489&quot;,&quot;event&quot;:&quot;click&quot;,&quot;collapsible&quot;:&quot;true&quot;,&quot;heightStyle&quot;:&quot;content&quot;,&quot;animateStyle&quot;:&quot;swing&quot;,&quot;animateDelay&quot;:1000,&quot;navigation&quot;:true,&quot;active&quot;:999,&quot;expandedOther&quot;:&quot;no&quot;}>\r\n                <div id=\"accordions-lazy-4489\" class=\"accordions-lazy\" accordionsId=\"4489\">\r\n                    <\/div>\r\n\r\n    <div class=\"items\"  style=\"display:none\" >\r\n    \r\n            <div post_id=\"4489\" itemcount=\"0\"  header_id=\"header-1702307526769\" id=\"header-1702307526769\" style=\"\" class=\"accordions-head head1702307526769 border-none\" toggle-text=\"\" main-text=\"05.05. - 07.05.2024 \u2013 EU-ropa auf dem Weg zur Einheit\">\r\n                                    <span id=\"accordion-icons-1702307526769\" class=\"accordion-icons\">\r\n                        <span class=\"accordion-icon-active accordion-plus\"><i class=\"fas fa-chevron-up\"><\/i><\/span>\r\n                        <span class=\"accordion-icon-inactive accordion-minus\"><i class=\"fas fa-chevron-right\"><\/i><\/span>\r\n                    <\/span>\r\n                    <span id=\"header-text-1702307526769\" class=\"accordions-head-title\">05.05. - 07.05.2024 \u2013 EU-ropa auf dem Weg zur Einheit<\/span>\r\n                            <\/div>\r\n            <div class=\"accordion-content content1702307526769 \">\r\n                <p align=\"justify\"><span style=\"font-family: Verdana, serif;\"><span style=\"font-size: medium;\">Europa ver\u00e4ndert sich. Stets sind neue Herausforderungen zu bew\u00e4ltigen \u2013 Krieg gegen die Ukraine, Fl\u00fcchtlingsproblematik, Klima- und Energiekrise sind hier nur einige Stichpunkte. Sowohl die politische als auch die \u00f6konomische Entwicklung Europas und der EU sollen w\u00e4hrend dieses Seminars im Mittelpunkt stehen. Dabei sind insbesondere die Wechselwirkungen zwischen europ\u00e4ischer Politik und sozialem, \u00f6konomischem und politischem Leben in Deutschland von Relevanz.<\/span><\/span><\/p>\n<p align=\"justify\"><span style=\"font-family: Verdana, serif;\"><span style=\"font-size: medium;\">Die Studienfahrt in die \u201eHauptstadt\u201c Europas bietet die Gelegenheit, durch Besuche bei der Europ\u00e4ischen Kommission, dem Europ\u00e4ischen Parlament sowie verschiedener Vertretungen die EU jeweils \u201evon innen\u201c zu erleben. So k\u00f6nnen Teilnehmende aus verschiedenen Perspektiven die historischen Grundlagen, die Funktionsweise und die Politiken kennenlernen. Aktuelle Fragestellungen und zuk\u00fcnftige Herausforderungen des europ\u00e4ischen Integrationsprozesses werden durch eine aktive Diskussion mit Akteuren vor Ort lebendig.<\/span><\/span><\/p>\n<p align=\"justify\"><span style=\"font-family: Verdana, serif;\"><span style=\"font-size: medium;\"><b>Dozent<\/b><\/span><\/span><span style=\"font-family: Verdana, serif;\"><span style=\"font-size: medium;\">: Dr. Gerhard Sch\u00fcsselbauer<\/span><\/span><\/p>\n            <\/div>\r\n    \r\n            <div post_id=\"4489\" itemcount=\"1\"  header_id=\"header-1702307558616\" id=\"header-1702307558616\" style=\"\" class=\"accordions-head head1702307558616 border-none\" toggle-text=\"\" main-text=\"06.05. - 08.05.2024 \u2013 Mitwirkung in der Schule, SV bewegt\">\r\n                                    <span id=\"accordion-icons-1702307558616\" class=\"accordion-icons\">\r\n                        <span class=\"accordion-icon-active accordion-plus\"><i class=\"fas fa-chevron-up\"><\/i><\/span>\r\n                        <span class=\"accordion-icon-inactive accordion-minus\"><i class=\"fas fa-chevron-right\"><\/i><\/span>\r\n                    <\/span>\r\n                    <span id=\"header-text-1702307558616\" class=\"accordions-head-title\">06.05. - 08.05.2024 \u2013 Mitwirkung in der Schule, SV bewegt<\/span>\r\n                            <\/div>\r\n            <div class=\"accordion-content content1702307558616 \">\r\n                <p align=\"left\"><span style=\"font-family: Verdana, serif;\"><span style=\"font-size: medium;\">Einf\u00fchrung der jeweiligen Sch\u00fclersprecher\/-innen in die SV-Arbeit (Multiplikatoren in der Schule)<\/span><\/span><\/p>\n<p align=\"left\"><span style=\"font-family: Verdana, serif;\"><span style=\"font-size: medium;\">Erarbeitung praktischer Hilfen f\u00fcr die SV-Arbeit (z.B. Aktivierung\/ Konfliktumgang\/Seminare)<\/span><\/span><\/p>\n<p align=\"left\"><span style=\"font-family: Verdana, serif;\"><span style=\"font-size: medium;\">Strategien zur SV- Zielumsetzung (Gremienkenntnisse und Antrag an die Schulkonferenz)<\/span><\/span><\/p>\n<p align=\"left\"><span style=\"font-family: Verdana, serif;\"><span style=\"font-size: medium;\">Ideenaustausch\/ Vernetzung der Sch\u00fclersprecher\/-innen (SV- Kooperationen bis zur BSV)<\/span><\/span><\/p>\n<p align=\"left\"><span style=\"font-family: Verdana, serif;\"><span style=\"font-size: medium;\">Kenntnis der Ebenen\/Rechtsgrundlagen der SV-Mitwirkung (z.B. Schulgesetz NRW\/<\/span><\/span><\/p>\n<p align=\"left\"><span style=\"font-family: Verdana, serif;\"><span style=\"font-size: medium;\"><b>Dozentin: <\/b><\/span><\/span><span style=\"font-family: Verdana, serif;\"><span style=\"font-size: medium;\">Anna Hartfiel<\/span><\/span><\/p>\n            <\/div>\r\n    \r\n            <div post_id=\"4489\" itemcount=\"2\"  header_id=\"header-1702307587837\" id=\"header-1702307587837\" style=\"\" class=\"accordions-head head1702307587837 border-none\" toggle-text=\"\" main-text=\"13.05. - 15.05.2024 \u2013 Leben und Arbeiten im 21. Jahrhundert\">\r\n                                    <span id=\"accordion-icons-1702307587837\" class=\"accordion-icons\">\r\n                        <span class=\"accordion-icon-active accordion-plus\"><i class=\"fas fa-chevron-up\"><\/i><\/span>\r\n                        <span class=\"accordion-icon-inactive accordion-minus\"><i class=\"fas fa-chevron-right\"><\/i><\/span>\r\n                    <\/span>\r\n                    <span id=\"header-text-1702307587837\" class=\"accordions-head-title\">13.05. - 15.05.2024 \u2013 Leben und Arbeiten im 21. Jahrhundert<\/span>\r\n                            <\/div>\r\n            <div class=\"accordion-content content1702307587837 \">\r\n                <p align=\"left\"><span style=\"font-family: Verdana, serif;\"><span style=\"font-size: medium;\">In diesem Seminar setzen sich die Teilnehmenden abseits vom Schulalltag intensiv mit ihrer Rolle in der Gesellschaft, der Zukunft der Arbeit und der sozialen Systeme in Europa auseinander. Durch unterschiedliche Methoden werden sie bef\u00e4higt, eigene Zukunftsvorstellungen zu entwickeln, sich ihren Interessen und Zielen klarer bewusst zu werden und im wertsch\u00e4tzenden Miteinander ihre St\u00e4rken und Schw\u00e4chen kennen zu lernen. Politische, gesellschaftliche und pers\u00f6nliche Konflikte werden dabei von ihnen erkannt, beurteilt und diskutiert.<\/span><\/span><\/p>\n<p align=\"left\"><span style=\"font-family: Courier New, serif;\"><span style=\"font-size: small;\"><span style=\"font-family: Verdana, serif;\"><span style=\"font-size: medium;\">In gezielten Kommunikations\u00fcbungen und Rollenspielen in Kleingruppen lernen die Jugendlichen, sich zu artikulieren, zu argumentieren, zu diskutieren und einander zuzuh\u00f6ren. Dar\u00fcber hinaus erfahren sie, worauf es in einem guten Bewerbungsgespr\u00e4ch ankommt und k\u00f6nnen in lockerer Atmosph\u00e4re ihre Selbst- und Fremdeinsch\u00e4tzung sowie ihre Selbstpr\u00e4sentation verbessern.<\/span><\/span><\/span><\/span><\/p>\n<p align=\"left\"><span style=\"font-family: Times New Roman, serif;\"><span style=\"font-size: medium;\"><span style=\"font-family: Verdana, serif;\"><b>Dozent<\/b><\/span><span style=\"font-family: Verdana, serif;\">: Jannik Struckmeyer<\/span><\/span><\/span><\/p>\n            <\/div>\r\n    \r\n            <div post_id=\"4489\" itemcount=\"3\"  header_id=\"header-1702307589100\" id=\"header-1702307589100\" style=\"\" class=\"accordions-head head1702307589100 border-none\" toggle-text=\"\" main-text=\"15.05. - 17.05.2024 \u2013 Leben und Arbeiten im 21. Jahrhundert\">\r\n                                    <span id=\"accordion-icons-1702307589100\" class=\"accordion-icons\">\r\n                        <span class=\"accordion-icon-active accordion-plus\"><i class=\"fas fa-chevron-up\"><\/i><\/span>\r\n                        <span class=\"accordion-icon-inactive accordion-minus\"><i class=\"fas fa-chevron-right\"><\/i><\/span>\r\n                    <\/span>\r\n                    <span id=\"header-text-1702307589100\" class=\"accordions-head-title\">15.05. - 17.05.2024 \u2013 Leben und Arbeiten im 21. Jahrhundert<\/span>\r\n                            <\/div>\r\n            <div class=\"accordion-content content1702307589100 \">\r\n                <p align=\"left\"><span style=\"font-family: Verdana, serif;\"><span style=\"font-size: medium;\">In diesem Seminar setzen sich die Teilnehmenden abseits vom Schulalltag intensiv mit ihrer Rolle in der Gesellschaft, der Zukunft der Arbeit und der sozialen Systeme in Europa auseinander. Durch unterschiedliche Methoden werden sie bef\u00e4higt, eigene Zukunftsvorstellungen zu entwickeln, sich ihren Interessen und Zielen klarer bewusst zu werden und im wertsch\u00e4tzenden Miteinander ihre St\u00e4rken und Schw\u00e4chen kennen zu lernen. Politische, gesellschaftliche und pers\u00f6nliche Konflikte werden dabei von ihnen erkannt, beurteilt und diskutiert.<\/span><\/span><\/p>\n<p align=\"left\"><span style=\"font-family: Courier New, serif;\"><span style=\"font-size: small;\"><span style=\"font-family: Verdana, serif;\"><span style=\"font-size: medium;\">In gezielten Kommunikations\u00fcbungen und Rollenspielen in Kleingruppen lernen die Jugendlichen, sich zu artikulieren, zu argumentieren, zu diskutieren und einander zuzuh\u00f6ren. Dar\u00fcber hinaus erfahren sie, worauf es in einem guten Bewerbungsgespr\u00e4ch ankommt und k\u00f6nnen in lockerer Atmosph\u00e4re ihre Selbst- und Fremdeinsch\u00e4tzung sowie ihre Selbstpr\u00e4sentation verbessern.<\/span><\/span><\/span><\/span><\/p>\n<p align=\"left\"><span style=\"font-family: Times New Roman, serif;\"><span style=\"font-size: medium;\"><span style=\"font-family: Verdana, serif;\"><b>Dozent<\/b><\/span><span style=\"font-family: Verdana, serif;\">: Jannik Struckmeyer<\/span><\/span><\/span><\/p>\n            <\/div>\r\n    \r\n            <div post_id=\"4489\" itemcount=\"4\"  header_id=\"header-1702307646568\" id=\"header-1702307646568\" style=\"\" class=\"accordions-head head1702307646568 border-none\" toggle-text=\"\" main-text=\"20.05. - 24.05.2024 \u2013 Aus der Vergangenheit lernen, die Gegenwart verstehen, die Zukunft gestalten\">\r\n                                    <span id=\"accordion-icons-1702307646568\" class=\"accordion-icons\">\r\n                        <span class=\"accordion-icon-active accordion-plus\"><i class=\"fas fa-chevron-up\"><\/i><\/span>\r\n                        <span class=\"accordion-icon-inactive accordion-minus\"><i class=\"fas fa-chevron-right\"><\/i><\/span>\r\n                    <\/span>\r\n                    <span id=\"header-text-1702307646568\" class=\"accordions-head-title\">20.05. - 24.05.2024 \u2013 Aus der Vergangenheit lernen, die Gegenwart verstehen, die Zukunft gestalten<\/span>\r\n                            <\/div>\r\n            <div class=\"accordion-content content1702307646568 \">\r\n                <p align=\"left\"><span style=\"font-family: Verdana, serif;\"><span style=\"font-size: medium;\">Die Seminarveranstaltung mit Studienfahrt nach Polen soll den Teilnehmenden eine Vielzahl von vertieften Informationen und Hintergr\u00fcnden zum Dritten Reich und dem Holocaust sowie zu den historischen und aktuellen Entwicklungen in Polen bieten. Dabei stehen insbesondere der historische, politische, wirtschaftliche und soziale Umgestaltungsprozess im \u00f6stlichen Mitteleuropa im Vordergrund. Historische und die j\u00fcngere Zeitgeschichte betreffende Entwicklungen und Fragen der schwierigen deutsch-polnischen Beziehungen werden ebenfalls thematisiert wie wichtige Aspekte der Vergangenheit und Gegenwart in Polen. Abseits der touristischen Fassaden der Stadt Krakau soll so den Teilnehmenden ein kritisches Bild der gesellschaftlichen Verh\u00e4ltnisse vermittelt werden. Besonderes Augenmerk soll auf dem Besuch der Gedenkst\u00e4tte Auschwitz-Birkenau gelegt werden. Vor Ort tragen ausgew\u00e4hlte Informations- und Besuchstermine dazu bei, unser Nachbarland und die komplexen Umgestaltungsprozesse dort besser zu verstehen.<\/span><\/span><\/p>\n<p align=\"left\"><span style=\"font-family: Verdana, serif;\"><span style=\"font-size: medium;\">Bei der Studienexkursion handelt es sich um eine nationale Ma\u00dfnahme mit Ausf\u00fchrung im Ausland, um jungen Menschen detaillierte und vertiefte Kenntnisse \u00fcber Zusammen-h\u00e4nge der europ\u00e4ischen Politik besser vermitteln zu k\u00f6nnen.<\/span><\/span><\/p>\n<p align=\"justify\"><span style=\"font-family: Verdana, serif;\"><span style=\"font-size: medium;\"><b>Dozent<\/b><\/span><\/span><span style=\"font-family: Verdana, serif;\"><span style=\"font-size: medium;\">: Dr. Gerhard Sch\u00fcsselbauer<\/span><\/span><\/p>\n            <\/div>\r\n    \r\n            <div post_id=\"4489\" itemcount=\"5\"  header_id=\"header-1702307679030\" id=\"header-1702307679030\" style=\"\" class=\"accordions-head head1702307679030 border-none\" toggle-text=\"\" main-text=\"27.05. - 29.05.2024 \u2013 Zwei deutsche Staaten\">\r\n                                    <span id=\"accordion-icons-1702307679030\" class=\"accordion-icons\">\r\n                        <span class=\"accordion-icon-active accordion-plus\"><i class=\"fas fa-chevron-up\"><\/i><\/span>\r\n                        <span class=\"accordion-icon-inactive accordion-minus\"><i class=\"fas fa-chevron-right\"><\/i><\/span>\r\n                    <\/span>\r\n                    <span id=\"header-text-1702307679030\" class=\"accordions-head-title\">27.05. - 29.05.2024 \u2013 Zwei deutsche Staaten<\/span>\r\n                            <\/div>\r\n            <div class=\"accordion-content content1702307679030 \">\r\n                <p align=\"justify\"><span style=\"font-family: Verdana, serif;\"><span style=\"font-size: medium;\">Im Seminar besch\u00e4ftigen sich die Teilnehmenden intensiv mit der Entwicklung Deutschlands nach 1945. Sie reflektieren die Bedingungen f\u00fcr das Entstehen der beiden deutschen Staaten und lernen Wertesysteme und Lebensbedingungen in Ost und West kennen. Durch die Begegnung mit einer Zeitzeugin aus der DDR-Opposition wird ihnen klar, wie es zur friedlichen Revolution 1989 kommen konnte, die zur \u00dcberwindung der deutschen Teilung f\u00fchrte. Das Gespr\u00e4ch wird von den Teilnehmenden in Eigenregie durchgef\u00fchrt. Der Vereinigungsprozess und seine Folgen f\u00fcr das nationale Selbstverst\u00e4ndnis der Bundesrepublik Deutschland werden schlie\u00dflich in einem Planspiel diskutiert und in der anschlie\u00dfenden Auswertung bewertet.<\/span><\/span><\/p>\n<p align=\"justify\"><span style=\"font-family: Verdana, serif;\"><span style=\"font-size: medium;\"><b>Dozentin<\/b><\/span><\/span><span style=\"font-family: Verdana, serif;\"><span style=\"font-size: medium;\">: Navina Engelage<\/span><\/span><\/p>\n            <\/div>\r\n    <\/div>\r\n\r\n\r\n\r\n            <\/div><\/p>\n\n\n\n<p>April 2024<br><div id=\"accordions-4487\" class=\"accordions-4487 accordions\" data-accordions={&quot;lazyLoad&quot;:true,&quot;id&quot;:&quot;4487&quot;,&quot;event&quot;:&quot;click&quot;,&quot;collapsible&quot;:&quot;true&quot;,&quot;heightStyle&quot;:&quot;content&quot;,&quot;animateStyle&quot;:&quot;swing&quot;,&quot;animateDelay&quot;:1000,&quot;navigation&quot;:true,&quot;active&quot;:999,&quot;expandedOther&quot;:&quot;no&quot;}>\r\n                <div id=\"accordions-lazy-4487\" class=\"accordions-lazy\" accordionsId=\"4487\">\r\n                    <\/div>\r\n\r\n    <div class=\"items\"  style=\"display:none\" >\r\n    \r\n            <div post_id=\"4487\" itemcount=\"0\"  header_id=\"header-1702303890278\" id=\"header-1702303890278\" style=\"\" class=\"accordions-head head1702303890278 border-none\" toggle-text=\"\" main-text=\"07.04. - 12.04.2024 \u2013 EU-ropa in Zeiten des Krieges gegen die Ukraine, Gegenwart und Zukunft der EU\">\r\n                                    <span id=\"accordion-icons-1702303890278\" class=\"accordion-icons\">\r\n                        <span class=\"accordion-icon-active accordion-plus\"><i class=\"fas fa-chevron-up\"><\/i><\/span>\r\n                        <span class=\"accordion-icon-inactive accordion-minus\"><i class=\"fas fa-chevron-right\"><\/i><\/span>\r\n                    <\/span>\r\n                    <span id=\"header-text-1702303890278\" class=\"accordions-head-title\">07.04. - 12.04.2024 \u2013 EU-ropa in Zeiten des Krieges gegen die Ukraine, Gegenwart und Zukunft der EU<\/span>\r\n                            <\/div>\r\n            <div class=\"accordion-content content1702303890278 \">\r\n                <p align=\"left\"><span style=\"font-family: Verdana, serif;\"><span style=\"font-size: medium;\">EU-ropa steht vor nie dagewesenen Herausforderungen! Mit den j\u00fcngsten dramatischen Ereignissen in der Ukraine, im Nahen Osten sowie den historischen Erweiterungen stellt sich die Frage, wo die Reise in der Geschichte der europ\u00e4ischen Integration hingehen soll. Welche Politiken lassen die B\u00fcrgerinnen und B\u00fcrger in Zeiten des Krieges und der Energiepreiskrise wieder Vertrauen fassen in das erfolgreiche europ\u00e4ische Gro\u00dfprojekt? Wie k\u00f6nnen Konflikte, Klimakrise, Fl\u00fcchtlingsproblematik sowie wirtschaftliche Fragen im Euro-Raum gel\u00f6st werden? Braucht es eine v\u00f6llig neue gemeinsame Sicherheitsarchitektur und auch eine gemeinsame Klimapolitik? Die Studienfahrt in die \u201eHauptstadt\u201c Europas bietet eine Gelegenheit, durch Besuche bei der Europ\u00e4ischen Kommission, im Rat der EU sowie im Europ\u00e4ischen Parlament die Funktionsweise und die Politiken der EU jeweils \u201evon innen\u201c und zugleich aus verschiedenen Perspektiven zu erleben und so aktuelle Fragestellungen und zuk\u00fcnftige Herausforderungen des europ\u00e4ischen Integrations-prozesses durch eine aktive Teilnahme besser zu verstehen.<\/span><\/span><\/p>\n<p align=\"justify\"><span style=\"font-family: Verdana, serif;\"><span style=\"font-size: medium;\"><b>Dozent<\/b><\/span><\/span><span style=\"font-family: Verdana, serif;\"><span style=\"font-size: medium;\">: Dr. Gerhard Sch\u00fcsselbauer<\/span><\/span><\/p>\n            <\/div>\r\n    \r\n            <div post_id=\"4487\" itemcount=\"1\"  header_id=\"header-1702303994538\" id=\"header-1702303994538\" style=\"\" class=\"accordions-head head1702303994538 border-none\" toggle-text=\"\" main-text=\"10.04. - 12.04.2024 \u2013 D-PL-Begegnungsseminar\">\r\n                                    <span id=\"accordion-icons-1702303994538\" class=\"accordion-icons\">\r\n                        <span class=\"accordion-icon-active accordion-plus\"><i class=\"fas fa-chevron-up\"><\/i><\/span>\r\n                        <span class=\"accordion-icon-inactive accordion-minus\"><i class=\"fas fa-chevron-right\"><\/i><\/span>\r\n                    <\/span>\r\n                    <span id=\"header-text-1702303994538\" class=\"accordions-head-title\">10.04. - 12.04.2024 \u2013 D-PL-Begegnungsseminar<\/span>\r\n                            <\/div>\r\n            <div class=\"accordion-content content1702303994538 \">\r\n                <p align=\"justify\"><span style=\"font-family: Verdana, serif;\"><span style=\"font-size: medium;\">Das deutsch-polnische Seminar soll den teilnehmenden Jugendlichen vertiefte Einblicke in deutsch-polnische Entwicklungen in Vergangenheit, Gegenwart und Zukunft vermitteln. Dabei geht es um ein vertieftes Verst\u00e4ndnis der beiden Kulturen und ihrer historisch gewachsenen Beziehun\u00adgen. Europ\u00e4ische Zusammenh\u00e4nge sind ebenfalls ein zentrales Thema. Verschiedene Workshops zu deutsch-polnischen Themen stehen im Mittelpunkt. Die daraus resultierenden Pr\u00e4sentationen sollen dazu dienen, die polnisch-deutschen Beziehungen und Hintergr\u00fcnde besser kennenzulernen.<\/span><\/span><\/p>\n<p align=\"justify\"><span style=\"font-family: Verdana, serif;\"><span style=\"font-size: medium;\"><b>Dozent<\/b><\/span><\/span><span style=\"font-family: Verdana, serif;\"><span style=\"font-size: medium;\">: Jannik Struckmeyer<\/span><\/span><\/p>\n            <\/div>\r\n    \r\n            <div post_id=\"4487\" itemcount=\"2\"  header_id=\"header-1702304091817\" id=\"header-1702304091817\" style=\"\" class=\"accordions-head head1702304091817 border-none\" toggle-text=\"\" main-text=\"14.04. - 19.04.2024 \u2013 EU-ropa in Zeiten des Krieges gegen die Ukraine, Gegenwart und Zukunft der EU\">\r\n                                    <span id=\"accordion-icons-1702304091817\" class=\"accordion-icons\">\r\n                        <span class=\"accordion-icon-active accordion-plus\"><i class=\"fas fa-chevron-up\"><\/i><\/span>\r\n                        <span class=\"accordion-icon-inactive accordion-minus\"><i class=\"fas fa-chevron-right\"><\/i><\/span>\r\n                    <\/span>\r\n                    <span id=\"header-text-1702304091817\" class=\"accordions-head-title\">14.04. - 19.04.2024 \u2013 EU-ropa in Zeiten des Krieges gegen die Ukraine, Gegenwart und Zukunft der EU<\/span>\r\n                            <\/div>\r\n            <div class=\"accordion-content content1702304091817 \">\r\n                <p align=\"left\"><span style=\"font-family: Verdana, serif;\"><span style=\"font-size: medium;\">EU-ropa steht vor nie dagewesenen Herausforderungen! Mit den j\u00fcngsten dramatischen Ereignissen in der Ukraine, im Nahen Osten sowie den historischen Erweiterungen stellt sich die Frage, wo die Reise in der Geschichte der europ\u00e4ischen Integration hingehen soll. Welche Politiken lassen die B\u00fcrgerinnen und B\u00fcrger in Zeiten des Krieges und der Energiepreiskrise wieder Vertrauen fassen in das erfolgreiche europ\u00e4ische Gro\u00dfprojekt? Wie k\u00f6nnen Konflikte, Klimakrise, Fl\u00fcchtlingsproblematik sowie wirtschaftliche Fragen im Euro-Raum gel\u00f6st werden? Braucht es eine v\u00f6llig neue gemeinsame Sicherheitsarchitektur und auch eine gemeinsame Klimapolitik? Die Studienfahrt in die \u201eHauptstadt\u201c Europas bietet eine Gelegenheit, durch Besuche bei der Europ\u00e4ischen Kommission, im Rat der EU sowie im Europ\u00e4ischen Parlament die Funktionsweise und die Politiken der EU jeweils \u201evon innen\u201c und zugleich aus verschiedenen Perspektiven zu erleben und so aktuelle Fragestellungen und zuk\u00fcnftige Herausforderungen des europ\u00e4ischen Integrations-prozesses durch eine aktive Teilnahme besser zu verstehen.<\/span><\/span><\/p>\n<p align=\"justify\"><span style=\"font-family: Verdana, serif;\"><span style=\"font-size: medium;\"><b>Dozent<\/b><\/span><\/span><span style=\"font-family: Verdana, serif;\"><span style=\"font-size: medium;\">: Dr. Gerhard Sch\u00fcsselbauer<\/span><\/span><\/p>\n            <\/div>\r\n    \r\n            <div post_id=\"4487\" itemcount=\"3\"  header_id=\"header-1742846567159\" id=\"header-1742846567159\" style=\"\" class=\"accordions-head head1742846567159 border-none\" toggle-text=\"\" main-text=\"17.04.-19.04.2025 - Europa auf dem Weg zur Einheit? \">\r\n                                    <span id=\"accordion-icons-1742846567159\" class=\"accordion-icons\">\r\n                        <span class=\"accordion-icon-active accordion-plus\"><i class=\"fas fa-chevron-up\"><\/i><\/span>\r\n                        <span class=\"accordion-icon-inactive accordion-minus\"><i class=\"fas fa-chevron-right\"><\/i><\/span>\r\n                    <\/span>\r\n                    <span id=\"header-text-1742846567159\" class=\"accordions-head-title\">17.04.-19.04.2025 - Europa auf dem Weg zur Einheit? <\/span>\r\n                            <\/div>\r\n            <div class=\"accordion-content content1742846567159 \">\r\n                <p>Angesichts der Klima-Krise, des Ukraine-Kriegs und der Fl\u00fcchtlingsproblematik sieht sich die Europ\u00e4ische Union mit enormen Herausforderungen konfrontiert. Es bedarf wie selten zuvor der Diskussion \u00fcber Verfasstheit, Werte und Zielrichtung der europ\u00e4ischen Einigung. Was hat Europa mit mir zu tun? Wie verhalten sich die Nationalstaaten zur Union? Welche Politiken lassen die B\u00fcrger*innen wieder Vertrauen fassen in das europ\u00e4ische Gro\u00dfprojekt?<\/p>\n<p>Das Seminar dient sowohl zum Kennenlernen der europ\u00e4ischen Integrationsgeschichte und der Funktionsweise der EU als auch der Besch\u00e4ftigung mit zentralen politischen, wirtschaftlichen, aber auch kulturellen Herausforderungen der heutigen sowie der k\u00fcnftigen EU und seiner B\u00fcrger*innen. Neben Kurzvortr\u00e4gen und spielerischen Einf\u00fchrungen steht die Simulation eines Europ\u00e4ischen Konvents zur Zukunft der EU im Zentrum.<\/p>\n<p><strong>Dozent*in:<\/strong> Navina Engelage und Jannik Struckmeyer<\/p>\n            <\/div>\r\n    \r\n            <div post_id=\"4487\" itemcount=\"4\"  header_id=\"header-1702306213100\" id=\"header-1702306213100\" style=\"\" class=\"accordions-head head1702306213100 border-none\" toggle-text=\"\" main-text=\"21.04. - 26.04.2024 \u2013 EU-ropa in Zeiten des Krieges gegen die Ukraine, Gegenwart und Zukunft der EU\">\r\n                                    <span id=\"accordion-icons-1702306213100\" class=\"accordion-icons\">\r\n                        <span class=\"accordion-icon-active accordion-plus\"><i class=\"fas fa-chevron-up\"><\/i><\/span>\r\n                        <span class=\"accordion-icon-inactive accordion-minus\"><i class=\"fas fa-chevron-right\"><\/i><\/span>\r\n                    <\/span>\r\n                    <span id=\"header-text-1702306213100\" class=\"accordions-head-title\">21.04. - 26.04.2024 \u2013 EU-ropa in Zeiten des Krieges gegen die Ukraine, Gegenwart und Zukunft der EU<\/span>\r\n                            <\/div>\r\n            <div class=\"accordion-content content1702306213100 \">\r\n                <p align=\"left\"><span style=\"font-family: Verdana, serif;\"><span style=\"font-size: medium;\">EU-ropa steht vor nie dagewesenen Herausforderungen! Mit den j\u00fcngsten dramatischen Ereignissen in der Ukraine, im Nahen Osten sowie den historischen Erweiterungen stellt sich die Frage, wo die Reise in der Geschichte der europ\u00e4ischen Integration hingehen soll. Welche Politiken lassen die B\u00fcrgerinnen und B\u00fcrger in Zeiten des Krieges und der Energiepreiskrise wieder Vertrauen fassen in das erfolgreiche europ\u00e4ische Gro\u00dfprojekt? Wie k\u00f6nnen Konflikte, Klimakrise, Fl\u00fcchtlingsproblematik sowie wirtschaftliche Fragen im Euro-Raum gel\u00f6st werden? Braucht es eine v\u00f6llig neue gemeinsame Sicherheitsarchitektur und auch eine gemeinsame Klimapolitik? Die Studienfahrt in die \u201eHauptstadt\u201c Europas bietet eine Gelegenheit, durch Besuche bei der Europ\u00e4ischen Kommission, im Rat der EU sowie im Europ\u00e4ischen Parlament die Funktionsweise und die Politiken der EU jeweils \u201evon innen\u201c und zugleich aus verschiedenen Perspektiven zu erleben und so aktuelle Fragestellungen und zuk\u00fcnftige Herausforderungen des europ\u00e4ischen Integrations-prozesses durch eine aktive Teilnahme besser zu verstehen.<\/span><\/span><\/p>\n<p align=\"justify\"><span style=\"font-family: Verdana, serif;\"><span style=\"font-size: medium;\"><b>Dozent<\/b><\/span><\/span><span style=\"font-family: Verdana, serif;\"><span style=\"font-size: medium;\">: Dr. Gerhard Sch\u00fcsselbauer<\/span><\/span><\/p>\n            <\/div>\r\n    \r\n            <div post_id=\"4487\" itemcount=\"5\"  header_id=\"header-1702306241695\" id=\"header-1702306241695\" style=\"\" class=\"accordions-head head1702306241695 border-none\" toggle-text=\"\" main-text=\"24.04. - 28.04.2024 \u2013 Deutschland im Wandel\">\r\n                                    <span id=\"accordion-icons-1702306241695\" class=\"accordion-icons\">\r\n                        <span class=\"accordion-icon-active accordion-plus\"><i class=\"fas fa-chevron-up\"><\/i><\/span>\r\n                        <span class=\"accordion-icon-inactive accordion-minus\"><i class=\"fas fa-chevron-right\"><\/i><\/span>\r\n                    <\/span>\r\n                    <span id=\"header-text-1702306241695\" class=\"accordions-head-title\">24.04. - 28.04.2024 \u2013 Deutschland im Wandel<\/span>\r\n                            <\/div>\r\n            <div class=\"accordion-content content1702306241695 \">\r\n                <p align=\"left\"><span style=\"font-family: Verdana, serif;\"><span style=\"font-size: medium;\">Das Seminar mit Studienfahrt in die Hauptstadt der Bundesrepublik soll den Teilnehmenden vertiefte Einsichten in die Entwicklungen Deutschlands in Vergangenheit und Gegenwart erm\u00f6glichen. Nirgendwo sonst in Deutschland zeigt sich der stetige geschichtliche Wandel anschaulicher als in Berlin. Politische und wirtschaftliche Entwicklungen sowie die deutsch-deutsche Vergangenheit und die Erfahrungen des Totalitarismus stehen dabei im Mittelpunkt. Der Besuch im Deutschen Bundestag erm\u00f6glicht einen Blick von innen in das parlamentarisch-f\u00f6derative System sowie auf aktuelle Herausforderungen. Der Besuch in der Gedenkst\u00e4tte des ehemaligen Konzentrationslagers Sachsenhausen vermittelt zudem vertiefte Einsichten in die Geschichte Deutschlands im Dritten Reich. Ein Besuch und ein Gespr\u00e4ch mit einem Zeitzeugen in der Gedenkst\u00e4tte Hohensch\u00f6nhausen (ehemaliges Stasi-Gef\u00e4ngnis) sowie der Besuch der Gedenkst\u00e4tte Berliner Mauer helfen Aspekte der Vergangenheit der DDR nach dem Zweiten Weltkrieg nachzuvollziehen.<\/span><\/span><\/p>\n<p align=\"left\"><span style=\"color: #000000;\"><span style=\"font-family: Calibri, serif;\"><span style=\"font-size: medium;\"><span style=\"font-family: Verdana, serif;\"><b>Dozent<\/b><\/span><span style=\"font-family: Verdana, serif;\">: Jannik Struckmeyer<\/span><\/span><\/span><\/span><\/p>\n            <\/div>\r\n    \r\n            <div post_id=\"4487\" itemcount=\"6\"  header_id=\"header-1702306268836\" id=\"header-1702306268836\" style=\"\" class=\"accordions-head head1702306268836 border-none\" toggle-text=\"\" main-text=\"27.04. - 05.05.2024 \u2013 Internationaler Jugendaustausch MIGR-ACTION\">\r\n                                    <span id=\"accordion-icons-1702306268836\" class=\"accordion-icons\">\r\n                        <span class=\"accordion-icon-active accordion-plus\"><i class=\"fas fa-chevron-up\"><\/i><\/span>\r\n                        <span class=\"accordion-icon-inactive accordion-minus\"><i class=\"fas fa-chevron-right\"><\/i><\/span>\r\n                    <\/span>\r\n                    <span id=\"header-text-1702306268836\" class=\"accordions-head-title\">27.04. - 05.05.2024 \u2013 Internationaler Jugendaustausch MIGR-ACTION<\/span>\r\n                            <\/div>\r\n            <div class=\"accordion-content content1702306268836 \">\r\n                <p align=\"left\"><span style=\"font-family: Verdana, serif;\"><span style=\"font-size: medium;\">Die Jugendbegegnung MIGR-ACTION m\u00f6chte ein Bewusstsein f\u00fcr das Thema Wanderungsbewegungen in Vergangenheit, Gegenwart und Zukunft schaffen und zu einer positiveren Betrachtungsweise auf Migration beitragen. Was ist Migration? Wer sind Migrantinnen und Migranten? Wie wurde in der Geschichte und wie wird heute politisch auf Migration reagiert? Wie gehen unsere Gesellschaften mit Migration um?<\/span><\/span><\/p>\n<p align=\"left\"><span style=\"font-family: Verdana, serif;\"><span style=\"font-size: medium;\">Im Mittelpunkt stehen die L\u00e4nder Deutschland, Frankreich, Italien und Tunesien. Die Verbindungen zwischen diesen sind facettenreich. So vereinbarte Frankreich bereits 1919 ein erstes Anwerbeabkommen mit Italien. Nach dem Zweiten Weltkrieg schlossen Frankreich und Deutschland weitere Vertr\u00e4ge, um Arbeitskr\u00e4fte auch aus Tunesien anzuwerben. Erst k\u00fcrzlich verabredeten die EU und Tunesien eine Vereinbarung f\u00fcr eine strategische und umfassende Partnerschaft, die von Menschenrechtsorganisationen stark kritisiert wurde, und das Ziel verfolgt, in Migrationsfragen enger zu kooperieren und die Wirtschafts- und Handelsbeziehungen zu st\u00e4rken.<\/span><\/span><\/p>\n<p align=\"left\"><span style=\"font-family: Verdana, serif;\"><span style=\"font-size: medium;\">32 Jugendliche und vier Teamleiter*innen aus Deutschland, Frankreich, Italien und Tunesien kommen im Rahmen von vier Aktivit\u00e4ten zusammen. Die erste findet in Vlotho (Deutschland) statt, die zweite in Altamura (Italien), die dritte in Hammam Sousse (Tunesien) und die vierte in Ligoure, le Vigen (Frankreich). Das Alter der Teilnehmer*innen liegt zwischen 18 und 26 Jahren.<\/span><\/span><\/p>\n<p align=\"justify\"><span style=\"font-family: Verdana, serif;\"><span style=\"font-size: medium;\"><b>Dozentin<\/b><\/span><\/span><span style=\"font-family: Verdana, serif;\"><span style=\"font-size: medium;\">: Navina Engelage<\/span><\/span><\/p>\n            <\/div>\r\n    <\/div>\r\n\r\n\r\n\r\n            <\/div><\/p>\n\n\n\n<p>M\u00e4rz 2024<br><div id=\"accordions-4485\" class=\"accordions-4485 accordions\" data-accordions={&quot;lazyLoad&quot;:true,&quot;id&quot;:&quot;4485&quot;,&quot;event&quot;:&quot;click&quot;,&quot;collapsible&quot;:&quot;true&quot;,&quot;heightStyle&quot;:&quot;content&quot;,&quot;animateStyle&quot;:&quot;swing&quot;,&quot;animateDelay&quot;:1000,&quot;navigation&quot;:true,&quot;active&quot;:999,&quot;expandedOther&quot;:&quot;no&quot;}>\r\n                <div id=\"accordions-lazy-4485\" class=\"accordions-lazy\" accordionsId=\"4485\">\r\n                    <\/div>\r\n\r\n    <div class=\"items\"  style=\"display:none\" >\r\n    \r\n            <div post_id=\"4485\" itemcount=\"0\"  header_id=\"header-1702302882432\" id=\"header-1702302882432\" style=\"\" class=\"accordions-head head1702302882432 border-none\" toggle-text=\"\" main-text=\"04.03. - 08.03.2024 \u2013 Deutschland im Wandel\">\r\n                                    <span id=\"accordion-icons-1702302882432\" class=\"accordion-icons\">\r\n                        <span class=\"accordion-icon-active accordion-plus\"><i class=\"fas fa-chevron-up\"><\/i><\/span>\r\n                        <span class=\"accordion-icon-inactive accordion-minus\"><i class=\"fas fa-chevron-right\"><\/i><\/span>\r\n                    <\/span>\r\n                    <span id=\"header-text-1702302882432\" class=\"accordions-head-title\">04.03. - 08.03.2024 \u2013 Deutschland im Wandel<\/span>\r\n                            <\/div>\r\n            <div class=\"accordion-content content1702302882432 \">\r\n                <p align=\"left\"><span style=\"font-family: Verdana, serif;\"><span style=\"font-size: medium;\">Das Seminar mit Studienfahrt in die Hauptstadt der Bundesrepublik soll den Teilnehmenden vertiefte Einsichten in die Entwicklungen Deutschlands in Vergangenheit und Gegenwart erm\u00f6glichen. Nirgendwo sonst in Deutschland zeigt sich der stetige geschichtliche Wandel anschaulicher als in Berlin. Politische und wirtschaftliche Entwicklungen sowie die deutsch-deutsche Vergangenheit und die Erfahrungen des Totalitarismus stehen dabei im Mittelpunkt. Der Besuch im Deutschen Bundestag erm\u00f6glicht einen Blick von innen in das parlamentarisch-f\u00f6derative System sowie auf aktuelle Herausforderungen. Der Besuch in der Gedenkst\u00e4tte des ehemaligen Konzentrationslagers Sachsenhausen vermittelt zudem vertiefte Einsichten in die Geschichte Deutschlands im Dritten Reich. Ein Besuch und ein Gespr\u00e4ch mit einem Zeitzeugen in der Gedenkst\u00e4tte Hohensch\u00f6nhausen (ehemaliges Stasi-Gef\u00e4ngnis) sowie der Besuch der Gedenkst\u00e4tte Berliner Mauer helfen Aspekte der Vergangenheit der DDR nach dem Zweiten Weltkrieg nachzuvollziehen.<\/span><\/span><\/p>\n<p align=\"left\"><span style=\"color: #000000;\"><span style=\"font-family: Calibri, serif;\"><span style=\"font-size: medium;\"><span style=\"font-family: Verdana, serif;\"><b>Dozent<\/b><\/span><span style=\"font-family: Verdana, serif;\">: Jannik Struckmeyer<\/span><\/span><\/span><\/span><\/p>\n            <\/div>\r\n    \r\n            <div post_id=\"4485\" itemcount=\"1\"  header_id=\"header-1702302935467\" id=\"header-1702302935467\" style=\"\" class=\"accordions-head head1702302935467 border-none\" toggle-text=\"\" main-text=\"11.03. - 16.03.2024 \u2013 Deutschland in Geschichte und Gegenwart\">\r\n                                    <span id=\"accordion-icons-1702302935467\" class=\"accordion-icons\">\r\n                        <span class=\"accordion-icon-active accordion-plus\"><i class=\"fas fa-chevron-up\"><\/i><\/span>\r\n                        <span class=\"accordion-icon-inactive accordion-minus\"><i class=\"fas fa-chevron-right\"><\/i><\/span>\r\n                    <\/span>\r\n                    <span id=\"header-text-1702302935467\" class=\"accordions-head-title\">11.03. - 16.03.2024 \u2013 Deutschland in Geschichte und Gegenwart<\/span>\r\n                            <\/div>\r\n            <div class=\"accordion-content content1702302935467 \">\r\n                <p align=\"justify\"><span style=\"font-family: Verdana, serif;\"><span style=\"font-size: medium;\">Das Vorbereitungsseminar mit anschlie\u00dfender Studienfahrt in die Hauptstadt der Bundesrepublik soll den teilnehmenden Sch\u00fclerInnen vertiefte Einsichten in die Entwicklungen Deutschlands in Vergangenheit und Gegenwart erm\u00f6glichen. Nirgendwo sonst in Deutschland zeigt sich der stetige geschichtliche Wandel anschaulicher als in Berlin. Politische, wirtschaftliche und soziale Entwicklungen sowie die deutsch-deutsche Vergangenheit und die Erfahrungen des Totalitarismus stehen dabei im Mittelpunkt. Der Besuch im Deutschen Bundestag erm\u00f6glicht einen Blick von innen in das parlamentarisch-f\u00f6derative System sowie auf aktuelle Herausforderungen. Die Gedenkst\u00e4tte Sachsenhausen thematisiert die Gewaltherrschaft des NS-Regimes im Dritten Reich. Der Besuch des Futuriums greift m\u00f6gliche Zukunftsthemen \u201eMensch, Umwelt, Technologie\u201c auf. Weitere thematische Besuchstermine geben umfassende Einsicht in die deutsche Geschichte. Ein Besuch und Gespr\u00e4che nach M\u00f6glichkeit mit Zeitzeugen im Mauermuseum Bernauer Stra\u00dfe sowie in der Gedenkst\u00e4tte Hohensch\u00f6nhausen (ehemaliges Stasi-Gef\u00e4ngnis) tragen dazu bei, Aspekte der deutsch-deutschen Vergangenheit nach dem Zweiten Weltkrieg nachzuvollziehen.<\/span><\/span><\/p>\n<p align=\"justify\"><span style=\"font-family: Verdana, serif;\"><span style=\"font-size: medium;\"><b>Dozent<\/b><\/span><\/span><span style=\"font-family: Verdana, serif;\"><span style=\"font-size: medium;\">: Dr. Gerhard Sch\u00fcsselbauer<\/span><\/span><\/p>\n            <\/div>\r\n    \r\n            <div post_id=\"4485\" itemcount=\"2\"  header_id=\"header-1707404211731\" id=\"header-1707404211731\" style=\"\" class=\"accordions-head head1707404211731 border-none\" toggle-text=\"\" main-text=\"13.03.2024 - Argumentieren gegen Demokratiefeindlichkeit\">\r\n                                    <span id=\"accordion-icons-1707404211731\" class=\"accordion-icons\">\r\n                        <span class=\"accordion-icon-active accordion-plus\"><i class=\"fas fa-chevron-up\"><\/i><\/span>\r\n                        <span class=\"accordion-icon-inactive accordion-minus\"><i class=\"fas fa-chevron-right\"><\/i><\/span>\r\n                    <\/span>\r\n                    <span id=\"header-text-1707404211731\" class=\"accordions-head-title\">13.03.2024 - Argumentieren gegen Demokratiefeindlichkeit<\/span>\r\n                            <\/div>\r\n            <div class=\"accordion-content content1707404211731 \">\r\n                <p>Rassismus und Antisemitismus sind in den letzten Wochen und Monaten sehr deutlich \u00f6ffentlich sichtbar geworden. Wir werden mit neuen Unw\u00f6rtern konfrontiert. Immer mehr Personen trauen sich, ihre Menschenfeindlichkeit \u00f6ffentlich zu \u00e4u\u00dfern. Gleichzeitig sehen wir eine gro\u00dfe Gruppe an Personen, die der Demokratie- und Menschenfeindlichkeit mit Demonstrationen und Petitionen entgegentritt.<\/p>\n<p>Wir m\u00f6chten in diesem Seminar zun\u00e4chst begriffliche Klarheit schaffen und Wissen erweitern. Gemeinsam erarbeiten wir Situationen, in denen wir uns gegen diverse Formen von Abwertung von Gruppen und Demokratiefeindlichkeit in unserem Alltag wehren m\u00fcssen. Im Anschluss \u00fcben wir situativ passende Reaktionen in einer Simulation.<\/p>\n<p><strong>Dozent:<\/strong> Jannik Struckmeyer<\/p>\n<p><a href=\"https:\/\/www.gesw.de\/uploads\/11-24-Argumentieren-gegen-Demokratiefeindlichkeit.pdf\" target=\"_blank\" rel=\"noopener\">Programm als PDF<\/a><\/p>\n            <\/div>\r\n    \r\n            <div post_id=\"4485\" itemcount=\"3\"  header_id=\"header-1707404261311\" id=\"header-1707404261311\" style=\"\" class=\"accordions-head head1707404261311 border-none\" toggle-text=\"\" main-text=\"14.03.2024 - Freiheit und Sicherheit in der digitalen Welt\">\r\n                                    <span id=\"accordion-icons-1707404261311\" class=\"accordion-icons\">\r\n                        <span class=\"accordion-icon-active accordion-plus\"><i class=\"fas fa-chevron-up\"><\/i><\/span>\r\n                        <span class=\"accordion-icon-inactive accordion-minus\"><i class=\"fas fa-chevron-right\"><\/i><\/span>\r\n                    <\/span>\r\n                    <span id=\"header-text-1707404261311\" class=\"accordions-head-title\">14.03.2024 - Freiheit und Sicherheit in der digitalen Welt<\/span>\r\n                            <\/div>\r\n            <div class=\"accordion-content content1707404261311 \">\r\n                <p>Wie k\u00f6nnen die individuelle Freiheit und die pers\u00f6nlichen Daten gesichert werden? Wie viel Sicherheit ben\u00f6tigen wir in unserer digitalen Welt angesichts von Online-Kriminalit\u00e4t, Extremismus und feindlichen Staaten? Diesen Fragestellungen m\u00f6chten wir uns durch theoretische Inputs, Diskussionen und praktische Anwendungen widmen. Welche Messengerdienste sind sicher? Wie sch\u00fctze ich meine pers\u00f6nlichen Daten gegen multinationale Gro\u00dfkonzerne, die schon jetzt mehr \u00fcber uns wissen als wir selbst? Dazu erhalten die Teilnehmer*innen praktische Tipps und Anwendung.<\/p>\n<p><strong>Dozent:<\/strong> Jannik Struckmeyer<\/p>\n<p><a href=\"https:\/\/www.gesw.de\/uploads\/11.1-Freiheit-und-Sicherheit-in-der-digitalen-Welt.pdf\" target=\"_blank\" rel=\"noopener\">Programm als PDF<\/a><\/p>\n            <\/div>\r\n    \r\n            <div post_id=\"4485\" itemcount=\"4\"  header_id=\"header-1702303834806\" id=\"header-1702303834806\" style=\"\" class=\"accordions-head head1702303834806 border-none\" toggle-text=\"\" main-text=\"17.03. - 22.03.2024 \u2013 Deutschland in Geschichte und Gegenwart\">\r\n                                    <span id=\"accordion-icons-1702303834806\" class=\"accordion-icons\">\r\n                        <span class=\"accordion-icon-active accordion-plus\"><i class=\"fas fa-chevron-up\"><\/i><\/span>\r\n                        <span class=\"accordion-icon-inactive accordion-minus\"><i class=\"fas fa-chevron-right\"><\/i><\/span>\r\n                    <\/span>\r\n                    <span id=\"header-text-1702303834806\" class=\"accordions-head-title\">17.03. - 22.03.2024 \u2013 Deutschland in Geschichte und Gegenwart<\/span>\r\n                            <\/div>\r\n            <div class=\"accordion-content content1702303834806 \">\r\n                <p align=\"justify\"><span style=\"font-family: Verdana, serif;\"><span style=\"font-size: medium;\">Das Vorbereitungsseminar mit anschlie\u00dfender Studienfahrt in die Hauptstadt der Bundesrepublik soll den teilnehmenden Sch\u00fclerInnen vertiefte Einsichten in die Entwicklungen Deutschlands in Vergangenheit und Gegenwart erm\u00f6glichen. Nirgendwo sonst in Deutschland zeigt sich der stetige geschichtliche Wandel anschaulicher als in Berlin. Politische, wirtschaftliche und soziale Entwicklungen sowie die deutsch-deutsche Vergangenheit und die Erfahrungen des Totalitarismus stehen dabei im Mittelpunkt. Der Besuch im Deutschen Bundestag erm\u00f6glicht einen Blick von innen in das parlamentarisch-f\u00f6derative System sowie auf aktuelle Herausforderungen. Die Gedenkst\u00e4tte Sachsenhausen thematisiert die Gewaltherrschaft des NS-Regimes im Dritten Reich. Der Besuch des Futuriums greift m\u00f6gliche Zukunftsthemen \u201eMensch, Umwelt, Technologie\u201c auf. Weitere thematische Besuchstermine geben umfassende Einsicht in die deutsche Geschichte. Ein Besuch und Gespr\u00e4che nach M\u00f6glichkeit mit Zeitzeugen im Mauermuseum Bernauer Stra\u00dfe sowie in der Gedenkst\u00e4tte Hohensch\u00f6nhausen (ehemaliges Stasi-Gef\u00e4ngnis) tragen dazu bei, Aspekte der deutsch-deutschen Vergangenheit nach dem Zweiten Weltkrieg nachzuvollziehen.<\/span><\/span><\/p>\n<p align=\"justify\"><span style=\"font-family: Verdana, serif;\"><span style=\"font-size: medium;\"><b>Dozenten<\/b><\/span><\/span><span style=\"font-family: Verdana, serif;\"><span style=\"font-size: medium;\">: Dr. Gerhard Sch\u00fcsselbauer, Jannik Struckmeyer<\/span><\/span><\/p>\n            <\/div>\r\n    <\/div>\r\n\r\n\r\n\r\n            <\/div><\/p>\n\n\n\n<p>Februar 2024<br><div id=\"accordions-4483\" class=\"accordions-4483 accordions\" data-accordions={&quot;lazyLoad&quot;:true,&quot;id&quot;:&quot;4483&quot;,&quot;event&quot;:&quot;click&quot;,&quot;collapsible&quot;:&quot;true&quot;,&quot;heightStyle&quot;:&quot;content&quot;,&quot;animateStyle&quot;:&quot;swing&quot;,&quot;animateDelay&quot;:1000,&quot;navigation&quot;:true,&quot;active&quot;:999,&quot;expandedOther&quot;:&quot;no&quot;}>\r\n                <div id=\"accordions-lazy-4483\" class=\"accordions-lazy\" accordionsId=\"4483\">\r\n                    <\/div>\r\n\r\n    <div class=\"items\"  style=\"display:none\" >\r\n    \r\n            <div post_id=\"4483\" itemcount=\"0\"  header_id=\"header-1702302448999\" id=\"header-1702302448999\" style=\"\" class=\"accordions-head head1702302448999 border-none\" toggle-text=\"\" main-text=\"03.02. - 09.02.2024 \u2013 Aus der Vergangenheit lernen, die Gegenwart verstehen, die Zukunft gestalten\">\r\n                                    <span id=\"accordion-icons-1702302448999\" class=\"accordion-icons\">\r\n                        <span class=\"accordion-icon-active accordion-plus\"><i class=\"fas fa-chevron-up\"><\/i><\/span>\r\n                        <span class=\"accordion-icon-inactive accordion-minus\"><i class=\"fas fa-chevron-right\"><\/i><\/span>\r\n                    <\/span>\r\n                    <span id=\"header-text-1702302448999\" class=\"accordions-head-title\">03.02. - 09.02.2024 \u2013 Aus der Vergangenheit lernen, die Gegenwart verstehen, die Zukunft gestalten<\/span>\r\n                            <\/div>\r\n            <div class=\"accordion-content content1702302448999 \">\r\n                <p align=\"left\"><span style=\"font-family: Verdana, serif;\"><span style=\"font-size: medium;\">Die Seminarveranstaltung mit Studienfahrt nach Polen soll den Teilnehmenden eine Vielzahl von vertieften Informationen und Hintergr\u00fcnden zum Holocaust, zum Dritten Reich und den historischen und aktuellen Entwicklungen in Polen bieten. Dabei stehen insbesondere der historische, politische, wirtschaftliche und soziale Umgestaltungsprozess im \u00f6stlichen Mitteleuropa im Vordergrund. Historische und die j\u00fcngere Zeitgeschichte betreffende Entwicklungen und Fragen der schwierigen deutsch-polnischen Beziehungen werden ebenfalls thematisiert wie wichtige Aspekte der Vergangenheit und Gegenwart in Polen. Abseits der touristischen Fassaden der Stadt Krakau soll so den Teilnehmenden ein kritisches Bild der gesellschaftlichen Verh\u00e4ltnisse vermittelt werden. Besonderes Augenmerk soll auf dem Besuch der Gedenkst\u00e4tte Auschwitz-Birkenau gelegt werden. Vor Ort tragen ausgew\u00e4hlte Informations- und Besuchstermine dazu bei, unser Nachbarland und die komplexen Umgestaltungsprozesse dort besser zu verstehen.<\/span><\/span><\/p>\n<p align=\"left\"><span style=\"font-family: Verdana, serif;\"><span style=\"font-size: medium;\">Bei der Studienexkursion handelt es sich um eine nationale Ma\u00dfnahme mit Ausf\u00fchrung im Ausland, um jungen Menschen detaillierte und vertiefte Kenntnisse \u00fcber Zusammen-h\u00e4nge der europ\u00e4ischen Politik besser vermitteln zu k\u00f6nnen.<\/span><\/span><\/p>\n<p align=\"justify\"><span style=\"font-family: Verdana, serif;\"><span style=\"font-size: medium;\"><b>Dozent<\/b><\/span><\/span><span style=\"font-family: Verdana, serif;\"><span style=\"font-size: medium;\">: Dr. Gerhard Sch\u00fcsselbauer<\/span><\/span><\/p>\n            <\/div>\r\n    \r\n            <div post_id=\"4483\" itemcount=\"1\"  header_id=\"header-1702302512741\" id=\"header-1702302512741\" style=\"\" class=\"accordions-head head1702302512741 border-none\" toggle-text=\"\" main-text=\"14.02. - 16.02.2024 \u2013 Deutschland im Wandel\">\r\n                                    <span id=\"accordion-icons-1702302512741\" class=\"accordion-icons\">\r\n                        <span class=\"accordion-icon-active accordion-plus\"><i class=\"fas fa-chevron-up\"><\/i><\/span>\r\n                        <span class=\"accordion-icon-inactive accordion-minus\"><i class=\"fas fa-chevron-right\"><\/i><\/span>\r\n                    <\/span>\r\n                    <span id=\"header-text-1702302512741\" class=\"accordions-head-title\">14.02. - 16.02.2024 \u2013 Deutschland im Wandel<\/span>\r\n                            <\/div>\r\n            <div class=\"accordion-content content1702302512741 \">\r\n                <p align=\"left\"><span style=\"font-family: Verdana, serif;\"><span style=\"font-size: medium;\">Die Studienfahrt in die Hauptstadt der Bundesrepublik soll den Teilnehmenden vertiefte Einsichten in die Entwicklungen Deutschlands in Vergangenheit und Gegenwart erm\u00f6glichen. Nirgendwo sonst in Deutschland zeigt sich der stetige geschichtliche Wandel anschaulicher als in Berlin. Politische und wirtschaftliche Entwicklungen sowie die deutsch-deutsche Vergangenheit und die Erfahrungen des Totalitarismus stehen dabei im Mittelpunkt. Der Besuch im Deutschen Bundestag erm\u00f6glicht einen Blick von innen in das parlamentarisch-f\u00f6derative System sowie auf aktuelle Herausforderungen. Der Besuch in der Gedenkst\u00e4tte des ehemaligen Konzentrationslagers Sachsenhausen vermittelt zudem vertiefte Einsichten in die Geschichte Deutschlands im Dritten Reich. Ein Besuch und ein Gespr\u00e4ch mit einem Zeitzeugen in der Gedenkst\u00e4tte Hohensch\u00f6nhausen (ehemaliges Stasi-Gef\u00e4ngnis) sowie der Besuch der Gedenkst\u00e4tte Berliner Mauer helfen Aspekte der Vergangenheit der DDR nach dem Zweiten Weltkrieg nachzuvollziehen.<\/span><\/span><\/p>\n<p align=\"left\"><span style=\"color: #000000;\"><span style=\"font-family: Calibri, serif;\"><span style=\"font-size: medium;\"><span style=\"font-family: Verdana, serif;\"><b>Dozentin<\/b><\/span><span style=\"font-family: Verdana, serif;\">: Navina Engelage<\/span><\/span><\/span><\/span><\/p>\n            <\/div>\r\n    \r\n            <div post_id=\"4483\" itemcount=\"2\"  header_id=\"header-1702302556856\" id=\"header-1702302556856\" style=\"\" class=\"accordions-head head1702302556856 border-none\" toggle-text=\"\" main-text=\"19.02. - 23.02.2024 \u2013 EU-ropa auf dem Weg zur Einheit\">\r\n                                    <span id=\"accordion-icons-1702302556856\" class=\"accordion-icons\">\r\n                        <span class=\"accordion-icon-active accordion-plus\"><i class=\"fas fa-chevron-up\"><\/i><\/span>\r\n                        <span class=\"accordion-icon-inactive accordion-minus\"><i class=\"fas fa-chevron-right\"><\/i><\/span>\r\n                    <\/span>\r\n                    <span id=\"header-text-1702302556856\" class=\"accordions-head-title\">19.02. - 23.02.2024 \u2013 EU-ropa auf dem Weg zur Einheit<\/span>\r\n                            <\/div>\r\n            <div class=\"accordion-content content1702302556856 \">\r\n                <p align=\"justify\"><span style=\"font-family: Verdana, serif;\"><span style=\"font-size: medium;\">Europa ver\u00e4ndert sich. Stets sind neue Herausforderungen zu bew\u00e4ltigen \u2013 Krieg gegen die Ukraine, Fl\u00fcchtlingsproblematik, Klima- und Energiekrise sind hier nur einige Stichpunkte. Sowohl die politische als auch die \u00f6konomische Entwicklung Europas und der EU sollen w\u00e4hrend dieses Seminars im Mittelpunkt stehen. Dabei sind insbesondere die Wechselwirkungen zwischen europ\u00e4ischer Politik und sozialem, \u00f6konomischem und politischem Leben in Deutschland von Relevanz.<\/span><\/span><\/p>\n<p align=\"justify\"><span style=\"font-family: Verdana, serif;\"><span style=\"font-size: medium;\">Das Seminar mit Studienfahrt in die \u201eHauptstadt\u201c Europas bietet die Gelegenheit, durch Besuche bei der Europ\u00e4ischen Kommission, dem Europ\u00e4ischen Parlament sowie verschiedener Vertretungen die EU jeweils \u201evon innen\u201c zu erleben. So k\u00f6nnen Teilnehmende aus verschiedenen Perspektiven die historischen Grundlagen, die Funktionsweise und die Politiken kennenlernen. Aktuelle Fragestellungen und zuk\u00fcnftige Herausforderungen des europ\u00e4ischen Integrationsprozesses werden durch eine aktive Diskussion mit Akteuren vor Ort lebendig.<\/span><\/span><\/p>\n<p align=\"justify\"><span style=\"font-family: Verdana, serif;\"><span style=\"font-size: medium;\"><b>Dozent<\/b><\/span><\/span><span style=\"font-family: Verdana, serif;\"><span style=\"font-size: medium;\">: Dr. Gerhard Sch\u00fcsselbauer<\/span><\/span><\/p>\n            <\/div>\r\n    \r\n            <div post_id=\"4483\" itemcount=\"3\"  header_id=\"header-1702302599471\" id=\"header-1702302599471\" style=\"\" class=\"accordions-head head1702302599471 border-none\" toggle-text=\"\" main-text=\"25.02. - 01.03.2024 \u2013 Deutschland im Wandel\">\r\n                                    <span id=\"accordion-icons-1702302599471\" class=\"accordion-icons\">\r\n                        <span class=\"accordion-icon-active accordion-plus\"><i class=\"fas fa-chevron-up\"><\/i><\/span>\r\n                        <span class=\"accordion-icon-inactive accordion-minus\"><i class=\"fas fa-chevron-right\"><\/i><\/span>\r\n                    <\/span>\r\n                    <span id=\"header-text-1702302599471\" class=\"accordions-head-title\">25.02. - 01.03.2024 \u2013 Deutschland im Wandel<\/span>\r\n                            <\/div>\r\n            <div class=\"accordion-content content1702302599471 \">\r\n                <p align=\"left\"><span style=\"font-family: Verdana, serif;\"><span style=\"font-size: medium;\">Das Seminar mit Studienfahrt in die Hauptstadt der Bundesrepublik soll den Teilnehmenden vertiefte Einsichten in die Entwicklungen Deutschlands in Vergangenheit und Gegenwart erm\u00f6glichen. Nirgendwo sonst in Deutschland zeigt sich der stetige geschichtliche Wandel anschaulicher als in Berlin. Politische und wirtschaftliche Entwicklungen sowie die deutsch-deutsche Vergangenheit und die Erfahrungen des Totalitarismus stehen dabei im Mittelpunkt. Der Besuch im Deutschen Bundestag erm\u00f6glicht einen Blick von innen in das parlamentarisch-f\u00f6derative System sowie auf aktuelle Herausforderungen. Der Besuch in der Gedenkst\u00e4tte des ehemaligen Konzentrationslagers Sachsenhausen vermittelt zudem vertiefte Einsichten in die Geschichte Deutschlands im Dritten Reich. Ein Besuch und ein Gespr\u00e4ch mit einem Zeitzeugen in der Gedenkst\u00e4tte Hohensch\u00f6nhausen (ehemaliges Stasi-Gef\u00e4ngnis) sowie der Besuch der Gedenkst\u00e4tte Berliner Mauer helfen Aspekte der Vergangenheit der DDR nach dem Zweiten Weltkrieg nachzuvollziehen.<\/span><\/span><\/p>\n<p align=\"left\"><span style=\"color: #000000;\"><span style=\"font-family: Calibri, serif;\"><span style=\"font-size: medium;\"><span style=\"font-family: Verdana, serif;\"><b>Dozentin<\/b><\/span><span style=\"font-family: Verdana, serif;\">: Navina Engelage<\/span><\/span><\/span><\/span><\/p>\n            <\/div>\r\n    <\/div>\r\n\r\n\r\n\r\n            <\/div><\/p>\n\n\n\n<p>Januar 2024<br><div id=\"accordions-4481\" class=\"accordions-4481 accordions\" data-accordions={&quot;lazyLoad&quot;:true,&quot;id&quot;:&quot;4481&quot;,&quot;event&quot;:&quot;click&quot;,&quot;collapsible&quot;:&quot;true&quot;,&quot;heightStyle&quot;:&quot;content&quot;,&quot;animateStyle&quot;:&quot;swing&quot;,&quot;animateDelay&quot;:1000,&quot;navigation&quot;:true,&quot;active&quot;:999,&quot;expandedOther&quot;:&quot;no&quot;}>\r\n                <div id=\"accordions-lazy-4481\" class=\"accordions-lazy\" accordionsId=\"4481\">\r\n                    <\/div>\r\n\r\n    <div class=\"items\"  style=\"display:none\" >\r\n    \r\n            <div post_id=\"4481\" itemcount=\"0\"  header_id=\"header-1702298513351\" id=\"header-1702298513351\" style=\"\" class=\"accordions-head head1702298513351 border-none\" toggle-text=\"\" main-text=\"07.01. - 10.01.2024 - EU-ropa auf dem Weg zur Einheit\">\r\n                                    <span id=\"accordion-icons-1702298513351\" class=\"accordion-icons\">\r\n                        <span class=\"accordion-icon-active accordion-plus\"><i class=\"fas fa-chevron-up\"><\/i><\/span>\r\n                        <span class=\"accordion-icon-inactive accordion-minus\"><i class=\"fas fa-chevron-right\"><\/i><\/span>\r\n                    <\/span>\r\n                    <span id=\"header-text-1702298513351\" class=\"accordions-head-title\">07.01. - 10.01.2024 - EU-ropa auf dem Weg zur Einheit<\/span>\r\n                            <\/div>\r\n            <div class=\"accordion-content content1702298513351 \">\r\n                <p align=\"justify\"><span style=\"font-family: Verdana, serif;\"><span style=\"font-size: medium;\">Europa ver\u00e4ndert sich. Stets sind neue Herausforderungen zu bew\u00e4ltigen \u2013 Krieg gegen die Ukraine, Fl\u00fcchtlingsproblematik, Klima- und Energiekrise sind hier nur einige Stichpunkte. Sowohl die politische als auch die \u00f6konomische Entwicklung Europas und der EU sollen w\u00e4hrend dieses Seminars im Mittelpunkt stehen. Dabei sind insbesondere die Wechselwirkungen zwischen europ\u00e4ischer Politik und sozialem, \u00f6konomischem und politischem Leben in Deutschland von Relevanz.<\/span><\/span><\/p>\n<p align=\"justify\"><span style=\"font-family: Verdana, serif;\"><span style=\"font-size: medium;\">Die Studienfahrt in die \u201eHauptstadt\u201c Europas bietet die Gelegenheit, durch Besuche bei der Europ\u00e4ischen Kommission, dem Europ\u00e4ischen Parlament sowie verschiedener Vertretungen die EU jeweils \u201evon innen\u201c zu erleben. So k\u00f6nnen Teilnehmende aus verschiedenen Perspektiven die historischen Grundlagen, die Funktionsweise und die Politiken kennenlernen. Aktuelle Fragestellungen und zuk\u00fcnftige Herausforderungen des europ\u00e4ischen Integrationsprozesses werden durch eine aktive Diskussion mit Akteuren vor Ort lebendig.<\/span><\/span><\/p>\n<p align=\"justify\"><span style=\"font-family: Verdana, serif;\"><span style=\"font-size: medium;\"><b>Dozent<\/b><\/span><\/span><span style=\"font-family: Verdana, serif;\"><span style=\"font-size: medium;\">: Dr. Gerhard Sch\u00fcsselbauer<\/span><\/span><\/p>\n            <\/div>\r\n    \r\n            <div post_id=\"4481\" itemcount=\"1\"  header_id=\"header-1702298556428\" id=\"header-1702298556428\" style=\"\" class=\"accordions-head head1702298556428 border-none\" toggle-text=\"\" main-text=\"15.01. - 17.01.2024  \u2013 Meine, Deine, Unsere EU\">\r\n                                    <span id=\"accordion-icons-1702298556428\" class=\"accordion-icons\">\r\n                        <span class=\"accordion-icon-active accordion-plus\"><i class=\"fas fa-chevron-up\"><\/i><\/span>\r\n                        <span class=\"accordion-icon-inactive accordion-minus\"><i class=\"fas fa-chevron-right\"><\/i><\/span>\r\n                    <\/span>\r\n                    <span id=\"header-text-1702298556428\" class=\"accordions-head-title\">15.01. - 17.01.2024  \u2013 Meine, Deine, Unsere EU<\/span>\r\n                            <\/div>\r\n            <div class=\"accordion-content content1702298556428 \">\r\n                <p align=\"justify\"><span style=\"font-family: Verdana, serif;\"><span style=\"font-size: medium;\">Angesichts des Ukraine-Kriegs und der Fl\u00fcchtlingsproblematik sieht sich die Europ\u00e4ische Union mit enormen Herausforderungen konfrontiert.<\/span><\/span><span style=\"font-family: Verdana, serif;\"><span style=\"font-size: medium;\"> Es bedarf der Diskussion \u00fcber Verfasstheit, Werte und Zielrichtung der europ\u00e4ischen Einigung mehr als je zuvor. <\/span><\/span><span style=\"font-family: Verdana, serif;\"><span style=\"font-size: medium;\">Welche Politiken lassen die B\u00fcrger*innen wieder Vertrauen fassen in das europ\u00e4ische Gro\u00dfprojekt?<\/span><\/span><\/p>\n<p align=\"justify\"><span style=\"font-family: Verdana, serif;\"><span style=\"font-size: medium;\">Das Seminar dient zum Kennenlernen der Funktionsweise der EU. Teilnehmende diskutieren die politischen, wirtschaftlichen und kulturellen Herausforderungen f\u00fcr Europa und seine B\u00fcrger*innen. Dabei steht die Simulation eines Europ\u00e4ischen Konvents im Zentrum, bei der die Teilnehmenden selbst die Position einer europ\u00e4ischen Institution oder eines Mitgliedstaats der EU einnehmen und aus dieser Warte argumentieren. Sie k\u00f6nnen so die Zusammenarbeit verschiedener Akteure in der EU selbst nachvollziehen und lernen, Kompromisse zu sch\u00e4tzen. In der Zukunftswerkstatt entwickeln sie anschlie\u00dfend in kreativen Workshops entsprechende Szenarien f\u00fcr das Europa der Zukunft.<\/span><\/span><\/p>\n<p align=\"left\"><span style=\"color: #000000;\"><span style=\"font-family: Calibri, serif;\"><span style=\"font-size: medium;\"><span style=\"font-family: Verdana, serif;\"><b>Dozentin<\/b><\/span><span style=\"font-family: Verdana, serif;\">: Navina Engelage<\/span><\/span><\/span><\/span><\/p>\n            <\/div>\r\n    \r\n            <div post_id=\"4481\" itemcount=\"2\"  header_id=\"header-1702302013342\" id=\"header-1702302013342\" style=\"\" class=\"accordions-head head1702302013342 border-none\" toggle-text=\"\" main-text=\"24.01. - 26.01.2024 \u2013 Zwei deutsche Staaten\">\r\n                                    <span id=\"accordion-icons-1702302013342\" class=\"accordion-icons\">\r\n                        <span class=\"accordion-icon-active accordion-plus\"><i class=\"fas fa-chevron-up\"><\/i><\/span>\r\n                        <span class=\"accordion-icon-inactive accordion-minus\"><i class=\"fas fa-chevron-right\"><\/i><\/span>\r\n                    <\/span>\r\n                    <span id=\"header-text-1702302013342\" class=\"accordions-head-title\">24.01. - 26.01.2024 \u2013 Zwei deutsche Staaten<\/span>\r\n                            <\/div>\r\n            <div class=\"accordion-content content1702302013342 \">\r\n                            <\/div>\r\n    \r\n            <div post_id=\"4481\" itemcount=\"3\"  header_id=\"header-1702302056524\" id=\"header-1702302056524\" style=\"\" class=\"accordions-head head1702302056524 border-none\" toggle-text=\"\" main-text=\"25.01. \u2013 27.01.2024 \u2013 Zivilcourage - erfahren und erleben\">\r\n                                    <span id=\"accordion-icons-1702302056524\" class=\"accordion-icons\">\r\n                        <span class=\"accordion-icon-active accordion-plus\"><i class=\"fas fa-chevron-up\"><\/i><\/span>\r\n                        <span class=\"accordion-icon-inactive accordion-minus\"><i class=\"fas fa-chevron-right\"><\/i><\/span>\r\n                    <\/span>\r\n                    <span id=\"header-text-1702302056524\" class=\"accordions-head-title\">25.01. \u2013 27.01.2024 \u2013 Zivilcourage - erfahren und erleben<\/span>\r\n                            <\/div>\r\n            <div class=\"accordion-content content1702302056524 \">\r\n                <p align=\"left\"><span style=\"font-family: Verdana, serif;\"><span style=\"font-size: medium;\">Anhand der Reflexion gesellschaftlicher Prozesse und der St\u00e4rkung der Pers\u00f6nlichkeit ist es Ziel dieser Veranstaltung, demokratische Handlungsm\u00f6glichkeiten aufzuzeigen. Die jungen Teilnehmenden werden ermutigt sich in Entscheidungsprozesse einzumischen und sich zu beteiligen. Denn wie Seneca schon sagte: \u201eWir wagen es nicht, weil es schwer ist, sondern es ist schwer, weil wir es nicht wagen.\u201c<\/span><\/span><\/p>\n<p align=\"left\"><span style=\"font-family: Verdana, serif;\"><span style=\"font-size: medium;\"><b>Dozentin: <\/b><\/span><\/span><span style=\"font-family: Verdana, serif;\"><span style=\"font-size: medium;\">Stephanie Horstkotte<\/span><\/span><\/p>\n            <\/div>\r\n    \r\n            <div post_id=\"4481\" itemcount=\"4\"  header_id=\"header-1702302088178\" id=\"header-1702302088178\" style=\"\" class=\"accordions-head head1702302088178 border-none\" toggle-text=\"\" main-text=\"29.01. - 02.02.2024 \u2013 EU-ropa auf dem Weg zur Einheit\">\r\n                                    <span id=\"accordion-icons-1702302088178\" class=\"accordion-icons\">\r\n                        <span class=\"accordion-icon-active accordion-plus\"><i class=\"fas fa-chevron-up\"><\/i><\/span>\r\n                        <span class=\"accordion-icon-inactive accordion-minus\"><i class=\"fas fa-chevron-right\"><\/i><\/span>\r\n                    <\/span>\r\n                    <span id=\"header-text-1702302088178\" class=\"accordions-head-title\">29.01. - 02.02.2024 \u2013 EU-ropa auf dem Weg zur Einheit<\/span>\r\n                            <\/div>\r\n            <div class=\"accordion-content content1702302088178 \">\r\n                <p align=\"justify\"><span style=\"font-family: Verdana, serif;\"><span style=\"font-size: medium;\">Europa ver\u00e4ndert sich. Stets sind neue Herausforderungen zu bew\u00e4ltigen \u2013 Krieg gegen die Ukraine, Fl\u00fcchtlingsproblematik, Klima- und Energiekrise sind hier nur einige Stichpunkte. Sowohl die politische als auch die \u00f6konomische Entwicklung Europas und der EU sollen w\u00e4hrend dieses Seminars im Mittelpunkt stehen. Dabei sind insbesondere die Wechselwirkungen zwischen europ\u00e4ischer Politik und sozialem, \u00f6konomischem und politischem Leben in Deutschland von Relevanz.<\/span><\/span><\/p>\n<p align=\"justify\"><span style=\"font-family: Verdana, serif;\"><span style=\"font-size: medium;\">Das Seminar mit Studienfahrt in die \u201eHauptstadt\u201c Europas bietet die Gelegenheit, durch Besuche bei der Europ\u00e4ischen Kommission, dem Europ\u00e4ischen Parlament sowie verschiedener Vertretungen die EU jeweils \u201evon innen\u201c zu erleben. So k\u00f6nnen Teilnehmende aus verschiedenen Perspektiven die historischen Grundlagen, die Funktionsweise und die Politiken kennenlernen. Aktuelle Fragestellungen und zuk\u00fcnftige Herausforderungen des europ\u00e4ischen Integrationsprozesses werden durch eine aktive Diskussion mit Akteuren vor Ort lebendig.<\/span><\/span><\/p>\n<p align=\"justify\"><span style=\"font-family: Verdana, serif;\"><span style=\"font-size: medium;\"><b>Dozent<\/b><\/span><\/span><span style=\"font-family: Verdana, serif;\"><span style=\"font-size: medium;\">: Dr. Gerhard Sch\u00fcsselbauer<\/span><\/span><\/p>\n            <\/div>\r\n    \r\n            <div post_id=\"4481\" itemcount=\"5\"  header_id=\"header-1702302126801\" id=\"header-1702302126801\" style=\"\" class=\"accordions-head head1702302126801 border-none\" toggle-text=\"\" main-text=\"30.01. - 02.02.2024 \u2013 EU-ropa auf dem Weg zur Einheit\">\r\n                                    <span id=\"accordion-icons-1702302126801\" class=\"accordion-icons\">\r\n                        <span class=\"accordion-icon-active accordion-plus\"><i class=\"fas fa-chevron-up\"><\/i><\/span>\r\n                        <span class=\"accordion-icon-inactive accordion-minus\"><i class=\"fas fa-chevron-right\"><\/i><\/span>\r\n                    <\/span>\r\n                    <span id=\"header-text-1702302126801\" class=\"accordions-head-title\">30.01. - 02.02.2024 \u2013 EU-ropa auf dem Weg zur Einheit<\/span>\r\n                            <\/div>\r\n            <div class=\"accordion-content content1702302126801 \">\r\n                <p align=\"justify\"><span style=\"font-family: Verdana, serif;\"><span style=\"font-size: medium;\">Europa ver\u00e4ndert sich. Stets sind neue Herausforderungen zu bew\u00e4ltigen \u2013 Krieg gegen die Ukraine, Fl\u00fcchtlingsproblematik, Klima- und Energiekrise sind hier nur einige Stichpunkte. Sowohl die politische als auch die \u00f6konomische Entwicklung Europas und der EU sollen w\u00e4hrend dieses Seminars im Mittelpunkt stehen. Dabei sind insbesondere die Wechselwirkungen zwischen europ\u00e4ischer Politik und sozialem, \u00f6konomischem und politischem Leben in Deutschland von Relevanz.<\/span><\/span><\/p>\n<p align=\"justify\"><span style=\"font-family: Verdana, serif;\"><span style=\"font-size: medium;\">Die Studienfahrt in die \u201eHauptstadt\u201c Europas bietet die Gelegenheit, durch Besuche bei der Europ\u00e4ischen Kommission, dem Europ\u00e4ischen Parlament sowie verschiedener Vertretungen die EU jeweils \u201evon innen\u201c zu erleben. So k\u00f6nnen Teilnehmende aus verschiedenen Perspektiven die historischen Grundlagen, die Funktionsweise und die Politiken kennenlernen. Aktuelle Fragestellungen und zuk\u00fcnftige Herausforderungen des europ\u00e4ischen Integrationsprozesses werden durch eine aktive Diskussion mit Akteuren vor Ort lebendig.<\/span><\/span><\/p>\n<p align=\"justify\"><span style=\"font-family: Verdana, serif;\"><span style=\"font-size: medium;\"><b>Dozentin<\/b><\/span><\/span><span style=\"font-family: Verdana, serif;\"><span style=\"font-size: medium;\">: Navina Engelage<\/span><\/span><\/p>\n            <\/div>\r\n    \r\n            <div post_id=\"4481\" itemcount=\"6\"  header_id=\"header-1702302179749\" id=\"header-1702302179749\" style=\"\" class=\"accordions-head head1702302179749 border-none\" toggle-text=\"\" main-text=\"31.01. - 02.02.2024 \u2013 EU-ropa auf dem Weg zur Einheit\">\r\n                                    <span id=\"accordion-icons-1702302179749\" class=\"accordion-icons\">\r\n                        <span class=\"accordion-icon-active accordion-plus\"><i class=\"fas fa-chevron-up\"><\/i><\/span>\r\n                        <span class=\"accordion-icon-inactive accordion-minus\"><i class=\"fas fa-chevron-right\"><\/i><\/span>\r\n                    <\/span>\r\n                    <span id=\"header-text-1702302179749\" class=\"accordions-head-title\">31.01. - 02.02.2024 \u2013 EU-ropa auf dem Weg zur Einheit<\/span>\r\n                            <\/div>\r\n            <div class=\"accordion-content content1702302179749 \">\r\n                <p align=\"justify\"><span style=\"font-family: Verdana, serif;\"><span style=\"font-size: medium;\">Europa ver\u00e4ndert sich. Stets sind neue Herausforderungen zu bew\u00e4ltigen \u2013 Krieg gegen die Ukraine, Fl\u00fcchtlingsproblematik, Klima- und Energiekrise sind hier nur einige Stichpunkte. Sowohl die politische als auch die \u00f6konomische Entwicklung Europas und der EU sollen w\u00e4hrend dieses Seminars im Mittelpunkt stehen. Dabei sind insbesondere die Wechselwirkungen zwischen europ\u00e4ischer Politik und sozialem, \u00f6konomischem und politischem Leben in Deutschland von Relevanz.<\/span><\/span><\/p>\n<p align=\"justify\"><span style=\"font-family: Verdana, serif;\"><span style=\"font-size: medium;\">Die Studienfahrt in die \u201eHauptstadt\u201c Europas bietet die Gelegenheit, durch Besuche bei der Europ\u00e4ischen Kommission, dem Europ\u00e4ischen Parlament sowie verschiedener Vertretungen die EU jeweils \u201evon innen\u201c zu erleben. So k\u00f6nnen Teilnehmende aus verschiedenen Perspektiven die historischen Grundlagen, die Funktionsweise und die Politiken kennenlernen. Aktuelle Fragestellungen und zuk\u00fcnftige Herausforderungen des europ\u00e4ischen Integrationsprozesses werden durch eine aktive Diskussion mit Akteuren vor Ort lebendig.<\/span><\/span><\/p>\n<p align=\"justify\"><span style=\"font-family: Verdana, serif;\"><span style=\"font-size: medium;\"><b>Dozent<\/b><\/span><\/span><span style=\"font-family: Verdana, serif;\"><span style=\"font-size: medium;\">: Jannik Struckmeyer<\/span><\/span><\/p>\n            <\/div>\r\n    <\/div>\r\n\r\n\r\n\r\n            <\/div><\/p>\n","protected":false},"excerpt":{"rendered":"<p>Sie haben Interesse an einer Seminarveranstaltung? Dann melden Sie sich bitte in unserem B\u00fcro unter Tel.: 05733 91380 oder info@gesw.de . Dezember 2024 November 2024 Oktober 2024 September 2024 August2024 Juli 2024 Juni 2024 Mai 2024 April 2024 M\u00e4rz 2024 Februar 2024 Januar 2024<\/p>\n","protected":false},"author":5,"featured_media":0,"parent":1733,"menu_order":0,"comment_status":"closed","ping_status":"closed","template":"","meta":{"ngg_post_thumbnail":0,"generate_page_header":"","footnotes":""},"class_list":["post-4505","page","type-page","status-publish"],"_links":{"self":[{"href":"https:\/\/www.gesw.de\/index.php\/wp-json\/wp\/v2\/pages\/4505","targetHints":{"allow":["GET"]}}],"collection":[{"href":"https:\/\/www.gesw.de\/index.php\/wp-json\/wp\/v2\/pages"}],"about":[{"href":"https:\/\/www.gesw.de\/index.php\/wp-json\/wp\/v2\/types\/page"}],"author":[{"embeddable":true,"href":"https:\/\/www.gesw.de\/index.php\/wp-json\/wp\/v2\/users\/5"}],"replies":[{"embeddable":true,"href":"https:\/\/www.gesw.de\/index.php\/wp-json\/wp\/v2\/comments?post=4505"}],"version-history":[{"count":10,"href":"https:\/\/www.gesw.de\/index.php\/wp-json\/wp\/v2\/pages\/4505\/revisions"}],"predecessor-version":[{"id":4707,"href":"https:\/\/www.gesw.de\/index.php\/wp-json\/wp\/v2\/pages\/4505\/revisions\/4707"}],"up":[{"embeddable":true,"href":"https:\/\/www.gesw.de\/index.php\/wp-json\/wp\/v2\/pages\/1733"}],"wp:attachment":[{"href":"https:\/\/www.gesw.de\/index.php\/wp-json\/wp\/v2\/media?parent=4505"}],"curies":[{"name":"wp","href":"https:\/\/api.w.org\/{rel}","templated":true}]}}